{"id":5331,"date":"2025-02-05T14:24:59","date_gmt":"2025-02-05T13:24:59","guid":{"rendered":"https:\/\/www.camping-air-marin.fr\/surroundings\/"},"modified":"2025-03-28T14:23:07","modified_gmt":"2025-03-28T13:23:07","slug":"surroundings","status":"publish","type":"page","link":"https:\/\/www.camping-air-marin.fr\/en\/surroundings\/","title":{"rendered":"Surroundings"},"content":{"rendered":"\n<section class=\"wp-block-group page-one finca-region has-link-color wp-elements-19c55dcc51b0be1f9fc5827010a768ba is-layout-flow wp-block-group-is-layout-flow\" style=\"margin-top:var(--wp--preset--spacing--50);margin-bottom:var(--wp--preset--spacing--50);padding-right:var(--wp--preset--spacing--60);padding-left:var(--wp--preset--spacing--60)\">\n<h1 class=\"wp-block-heading has-text-align-center\">Visit<br\/><span><mark style=\"background-color:rgba(0, 0, 0, 0)\" class=\"has-inline-color has-custom-color-4-color\">Languedoc-Roussillon<\/mark><\/span><\/h1>\n\n\n\n<p class=\"has-text-align-center\" style=\"padding-top:var(--wp--preset--spacing--40);padding-right:0rem;padding-left:0rem\">Our <strong>Languedoc-Roussillon campsite<\/strong> is surrounded by<strong>tourist attractions<\/strong> that really shouldn&#8217;t be missed if you&#8217;re on vacation with us. Here&#8217;s an overview of the sites to visit in <strong>Languedoc-Roussillon<\/strong> during your stay at our <a href=\"https:\/\/www.camping-air-marin.fr\/en\/\" data-type=\"page\" data-id=\"27\">campsite in Vias<\/a>. <strong>Languedoc-Roussillon<\/strong> or<strong> Occitanie <\/strong>is a beautiful<strong> region in the south of France<\/strong>, bordering Spain. It&#8217;s one of France&#8217;s most popular tourist destinations, and for good reason; it offers many different attractions, from medieval castles and vineyards to wine cellars, seaside resorts and sandy beaches. Among its top destinations, explore <a href=\"https:\/\/www.camping-air-marin.fr\/en\/surroundings\/tourism-montpellier\/\" data-type=\"page\" data-id=\"103\">Montpellier<\/a>, its capital, or the dynamic city of<a href=\"https:\/\/www.camping-air-marin.fr\/en\/surroundings\/tourism-agde\/\" data-type=\"page\" data-id=\"99\">Agde<\/a>.      <\/p>\n\n\n    <div id=\"gt-fse-lire-plus-69f2ca9100f1d\" class=\"gt-fse-lire-plus\" data-min-height=\"130\" style=\"background-color: #ffffff;\">\n        <input id=\"gt-fse-lire-plus-69f2ca9100f1d-toggle\" type=\"checkbox\" class=\"gt-fse-lire-plus__toggle\" \/>\n        <label for=\"gt-fse-lire-plus-69f2ca9100f1d-toggle\" class=\"gt-fse-lire-plus__toggle-label\">\n            <span>Read more<\/span>\n            <span>Read less<\/span>\n        <\/label>\n        <div class=\"gt-fse-lire-plus__content\" style=\"height: 130px;\">\n            \n\n<p class=\"has-text-align-center\" style=\"padding-top:var(--wp--preset--spacing--40);padding-right:0rem;padding-left:0rem\">Our campsite in the charming commune of <a href=\"https:\/\/www.camping-air-marin.fr\/en\/surroundings\/vias-beach-market\/\" data-type=\"page\" data-id=\"79\">Vias<\/a> has direct access to the banks of the <a href=\"https:\/\/www.camping-air-marin.fr\/en\/surroundings\/tourism-canal-du-midi\/\" data-type=\"page\" data-id=\"95\">Canal du Midi<\/a>, giving you the opportunity to visit the surrounding area by sea. For strolls on dry land, there&#8217;s no shortage of cycle paths and hiking trails in <strong>the Languedoc hinterland<\/strong>. Caves, towns of character, culinary discoveries and lakes populate the landscapes of this Mediterranean region. From our <a href=\"https:\/\/www.camping-air-marin.fr\/en\/cheap-camping-vias\/\" data-type=\"page\" data-id=\"67\">low-cost campsite in Vias<\/a>, you&#8217;ll be in close proximity to the towns and panoramas of the<strong>H\u00e9rault<\/strong> and<strong>Aude<\/strong> departments. The Languedoc coastline will take you further afield to the <strong>Catalan lands of the Pyrenees<\/strong> or to the <strong>Camargue in the Gard,<\/strong> just 1 h from the campsite. Discover the must-sees in Languedoc, by department or resort.     <\/p>\n\n            <div class=\"gt-fse-lire-plus__gradient\" style=\"background: linear-gradient(to bottom,rgba(255,255,255,0) 0%,rgba(255,255,255,1) 100%);\"><\/div>\n        <\/div>\n    <\/div>\n    <\/section>\n\n<section class=\"wp-block-group page-one has-global-padding is-layout-constrained wp-block-group-is-layout-constrained\">\n<div class=\"wp-block-group maillage-tourisme is-layout-flow wp-block-group-is-layout-flow\" style=\"padding-top:4rem\">\n<div class=\"wp-block-query has-global-padding is-layout-constrained wp-block-query-is-layout-constrained\"><ul class=\"columns-4 campsite-item wp-block-post-template is-layout-grid wp-container-core-post-template-is-layout-e7fd85f5 wp-block-post-template-is-layout-grid\"><li class=\"wp-block-post post-5261 page type-page status-publish has-post-thumbnail hentry\">\n<figure style=\"aspect-ratio:3\/4;\" class=\"wp-block-post-featured-image\"><a href=\"https:\/\/www.camping-air-marin.fr\/en\/surroundings\/vias-beach-market\/\" target=\"_self\"  ><img decoding=\"async\" width=\"2000\" height=\"1450\" src=\"https:\/\/www.camping-air-marin.fr\/wp-content\/uploads\/sites\/3\/2025\/02\/plage-de-vias-en-herault.jpg\" class=\"attachment-post-thumbnail size-post-thumbnail wp-post-image\" alt=\"Vias\" style=\"border-bottom-left-radius:0px;border-top-left-radius:200px;border-top-right-radius:200px;border-bottom-right-radius:200px;width:100%;height:100%;object-fit:cover;\" srcset=\"https:\/\/www.camping-air-marin.fr\/wp-content\/uploads\/sites\/3\/2025\/02\/plage-de-vias-en-herault.jpg 2000w, https:\/\/www.camping-air-marin.fr\/wp-content\/uploads\/sites\/3\/2025\/02\/plage-de-vias-en-herault-300x218.jpg 300w, https:\/\/www.camping-air-marin.fr\/wp-content\/uploads\/sites\/3\/2025\/02\/plage-de-vias-en-herault-1024x742.jpg 1024w, https:\/\/www.camping-air-marin.fr\/wp-content\/uploads\/sites\/3\/2025\/02\/plage-de-vias-en-herault-768x557.jpg 768w, https:\/\/www.camping-air-marin.fr\/wp-content\/uploads\/sites\/3\/2025\/02\/plage-de-vias-en-herault-1536x1114.jpg 1536w\" sizes=\"(max-width: 2000px) 100vw, 2000px\" \/><span class=\"wp-block-post-featured-image__overlay has-background-dim has-background-dim-20 has-custom-color-4-background-color\" style=\"border-bottom-left-radius:0px;border-top-left-radius:200px;border-top-right-radius:200px;border-bottom-right-radius:200px\" aria-hidden=\"true\"><\/span><\/a><\/figure>\n\n<p class=\"has-text-align-center has-base-2-color has-text-color has-link-color has-josefin-sans-font-family wp-elements-99b060f440e77f054d300614587a717e\" style=\"margin-top:0px;font-size:clamp(1.092rem, 1.092rem + ((1vw - 0.2rem) * 0.824), 1.7rem);font-style:normal;font-weight:400;line-height:1\">Vias<\/p>\n\n<a style=\"font-size:0rem;font-style:normal;font-weight:400;line-height:1; padding-right:var(--wp--preset--spacing--30);padding-left:var(--wp--preset--spacing--30);padding-top:var(--wp--preset--spacing--50);margin-top:0px;\" class=\"is-style-lien-cover wp-elements-44177c36591ec1f6183ef0a3a4a1ac10 wp-block-read-more has-text-color has-base-2-color has-josefin-sans-font-family\" href=\"https:\/\/www.camping-air-marin.fr\/en\/surroundings\/vias-beach-market\/\" target=\"_self\">Read more<span class=\"screen-reader-text\">: Vias<\/span><\/a>\n<\/li><li class=\"wp-block-post post-5270 page type-page status-publish has-post-thumbnail hentry\">\n<figure style=\"aspect-ratio:3\/4;\" class=\"wp-block-post-featured-image\"><a href=\"https:\/\/www.camping-air-marin.fr\/en\/surroundings\/vias-beach\/\" target=\"_self\"  ><img decoding=\"async\" width=\"2000\" height=\"1450\" src=\"https:\/\/www.camping-air-marin.fr\/wp-content\/uploads\/sites\/3\/2025\/02\/camping-proche-de-vias-plage.jpg\" class=\"attachment-post-thumbnail size-post-thumbnail wp-post-image\" alt=\"Vias beach\" style=\"border-bottom-left-radius:0px;border-top-left-radius:200px;border-top-right-radius:200px;border-bottom-right-radius:200px;width:100%;height:100%;object-fit:cover;\" srcset=\"https:\/\/www.camping-air-marin.fr\/wp-content\/uploads\/sites\/3\/2025\/02\/camping-proche-de-vias-plage.jpg 2000w, https:\/\/www.camping-air-marin.fr\/wp-content\/uploads\/sites\/3\/2025\/02\/camping-proche-de-vias-plage-300x218.jpg 300w, https:\/\/www.camping-air-marin.fr\/wp-content\/uploads\/sites\/3\/2025\/02\/camping-proche-de-vias-plage-1024x742.jpg 1024w, https:\/\/www.camping-air-marin.fr\/wp-content\/uploads\/sites\/3\/2025\/02\/camping-proche-de-vias-plage-768x557.jpg 768w, https:\/\/www.camping-air-marin.fr\/wp-content\/uploads\/sites\/3\/2025\/02\/camping-proche-de-vias-plage-1536x1114.jpg 1536w\" sizes=\"(max-width: 2000px) 100vw, 2000px\" \/><span class=\"wp-block-post-featured-image__overlay has-background-dim has-background-dim-20 has-custom-color-4-background-color\" style=\"border-bottom-left-radius:0px;border-top-left-radius:200px;border-top-right-radius:200px;border-bottom-right-radius:200px\" aria-hidden=\"true\"><\/span><\/a><\/figure>\n\n<p class=\"has-text-align-center has-base-2-color has-text-color has-link-color has-josefin-sans-font-family wp-elements-99b060f440e77f054d300614587a717e\" style=\"margin-top:0px;font-size:clamp(1.092rem, 1.092rem + ((1vw - 0.2rem) * 0.824), 1.7rem);font-style:normal;font-weight:400;line-height:1\">Vias-plage<\/p>\n\n<a style=\"font-size:0rem;font-style:normal;font-weight:400;line-height:1; padding-right:var(--wp--preset--spacing--30);padding-left:var(--wp--preset--spacing--30);padding-top:var(--wp--preset--spacing--50);margin-top:0px;\" class=\"is-style-lien-cover wp-elements-44177c36591ec1f6183ef0a3a4a1ac10 wp-block-read-more has-text-color has-base-2-color has-josefin-sans-font-family\" href=\"https:\/\/www.camping-air-marin.fr\/en\/surroundings\/vias-beach\/\" target=\"_self\">Read more<span class=\"screen-reader-text\">: Vias beach<\/span><\/a>\n<\/li><li class=\"wp-block-post post-5278 page type-page status-publish has-post-thumbnail hentry\">\n<figure style=\"aspect-ratio:3\/4;\" class=\"wp-block-post-featured-image\"><a href=\"https:\/\/www.camping-air-marin.fr\/en\/surroundings\/campsite-beziers\/\" target=\"_self\"  ><img decoding=\"async\" width=\"2000\" height=\"1450\" src=\"https:\/\/www.camping-air-marin.fr\/wp-content\/uploads\/sites\/3\/2025\/02\/camping-famille-proche-de-beziers.jpg\" class=\"attachment-post-thumbnail size-post-thumbnail wp-post-image\" alt=\"B\u00e9ziers\" style=\"border-bottom-left-radius:0px;border-top-left-radius:200px;border-top-right-radius:200px;border-bottom-right-radius:200px;width:100%;height:100%;object-fit:cover;\" srcset=\"https:\/\/www.camping-air-marin.fr\/wp-content\/uploads\/sites\/3\/2025\/02\/camping-famille-proche-de-beziers.jpg 2000w, https:\/\/www.camping-air-marin.fr\/wp-content\/uploads\/sites\/3\/2025\/02\/camping-famille-proche-de-beziers-300x218.jpg 300w, https:\/\/www.camping-air-marin.fr\/wp-content\/uploads\/sites\/3\/2025\/02\/camping-famille-proche-de-beziers-1024x742.jpg 1024w, https:\/\/www.camping-air-marin.fr\/wp-content\/uploads\/sites\/3\/2025\/02\/camping-famille-proche-de-beziers-768x557.jpg 768w, https:\/\/www.camping-air-marin.fr\/wp-content\/uploads\/sites\/3\/2025\/02\/camping-famille-proche-de-beziers-1536x1114.jpg 1536w\" sizes=\"(max-width: 2000px) 100vw, 2000px\" \/><span class=\"wp-block-post-featured-image__overlay has-background-dim has-background-dim-20 has-custom-color-4-background-color\" style=\"border-bottom-left-radius:0px;border-top-left-radius:200px;border-top-right-radius:200px;border-bottom-right-radius:200px\" aria-hidden=\"true\"><\/span><\/a><\/figure>\n\n<p class=\"has-text-align-center has-base-2-color has-text-color has-link-color has-josefin-sans-font-family wp-elements-99b060f440e77f054d300614587a717e\" style=\"margin-top:0px;font-size:clamp(1.092rem, 1.092rem + ((1vw - 0.2rem) * 0.824), 1.7rem);font-style:normal;font-weight:400;line-height:1\">B\u00e9ziers<\/p>\n\n<a style=\"font-size:0rem;font-style:normal;font-weight:400;line-height:1; padding-right:var(--wp--preset--spacing--30);padding-left:var(--wp--preset--spacing--30);padding-top:var(--wp--preset--spacing--50);margin-top:0px;\" class=\"is-style-lien-cover wp-elements-44177c36591ec1f6183ef0a3a4a1ac10 wp-block-read-more has-text-color has-base-2-color has-josefin-sans-font-family\" href=\"https:\/\/www.camping-air-marin.fr\/en\/surroundings\/campsite-beziers\/\" target=\"_self\">Read more<span class=\"screen-reader-text\">: B\u00e9ziers<\/span><\/a>\n<\/li><li class=\"wp-block-post post-5287 page type-page status-publish has-post-thumbnail hentry\">\n<figure style=\"aspect-ratio:3\/4;\" class=\"wp-block-post-featured-image\"><a href=\"https:\/\/www.camping-air-marin.fr\/en\/surroundings\/campsite-near-sete\/\" target=\"_self\"  ><img decoding=\"async\" width=\"2000\" height=\"1450\" src=\"https:\/\/www.camping-air-marin.fr\/wp-content\/uploads\/sites\/3\/2025\/02\/tourisme-famille-a-sete.jpg\" class=\"attachment-post-thumbnail size-post-thumbnail wp-post-image\" alt=\"S\u00e8te\" style=\"border-bottom-left-radius:0px;border-top-left-radius:200px;border-top-right-radius:200px;border-bottom-right-radius:200px;width:100%;height:100%;object-fit:cover;\" srcset=\"https:\/\/www.camping-air-marin.fr\/wp-content\/uploads\/sites\/3\/2025\/02\/tourisme-famille-a-sete.jpg 2000w, https:\/\/www.camping-air-marin.fr\/wp-content\/uploads\/sites\/3\/2025\/02\/tourisme-famille-a-sete-300x218.jpg 300w, https:\/\/www.camping-air-marin.fr\/wp-content\/uploads\/sites\/3\/2025\/02\/tourisme-famille-a-sete-1024x742.jpg 1024w, https:\/\/www.camping-air-marin.fr\/wp-content\/uploads\/sites\/3\/2025\/02\/tourisme-famille-a-sete-768x557.jpg 768w, https:\/\/www.camping-air-marin.fr\/wp-content\/uploads\/sites\/3\/2025\/02\/tourisme-famille-a-sete-1536x1114.jpg 1536w\" sizes=\"(max-width: 2000px) 100vw, 2000px\" \/><span class=\"wp-block-post-featured-image__overlay has-background-dim has-background-dim-20 has-custom-color-4-background-color\" style=\"border-bottom-left-radius:0px;border-top-left-radius:200px;border-top-right-radius:200px;border-bottom-right-radius:200px\" aria-hidden=\"true\"><\/span><\/a><\/figure>\n\n<p class=\"has-text-align-center has-base-2-color has-text-color has-link-color has-josefin-sans-font-family wp-elements-99b060f440e77f054d300614587a717e\" style=\"margin-top:0px;font-size:clamp(1.092rem, 1.092rem + ((1vw - 0.2rem) * 0.824), 1.7rem);font-style:normal;font-weight:400;line-height:1\">S\u00e8te<\/p>\n\n<a style=\"font-size:0rem;font-style:normal;font-weight:400;line-height:1; padding-right:var(--wp--preset--spacing--30);padding-left:var(--wp--preset--spacing--30);padding-top:var(--wp--preset--spacing--50);margin-top:0px;\" class=\"is-style-lien-cover wp-elements-44177c36591ec1f6183ef0a3a4a1ac10 wp-block-read-more has-text-color has-base-2-color has-josefin-sans-font-family\" href=\"https:\/\/www.camping-air-marin.fr\/en\/surroundings\/campsite-near-sete\/\" target=\"_self\">Read more<span class=\"screen-reader-text\">: S\u00e8te<\/span><\/a>\n<\/li><li class=\"wp-block-post post-5294 page type-page status-publish has-post-thumbnail hentry\">\n<figure style=\"aspect-ratio:3\/4;\" class=\"wp-block-post-featured-image\"><a href=\"https:\/\/www.camping-air-marin.fr\/en\/surroundings\/tourism-canal-du-midi\/\" target=\"_self\"  ><img decoding=\"async\" width=\"2000\" height=\"1450\" src=\"https:\/\/www.camping-air-marin.fr\/wp-content\/uploads\/sites\/3\/2025\/02\/vacances-en-camping-proche-du-canal-du-midi.jpg\" class=\"attachment-post-thumbnail size-post-thumbnail wp-post-image\" alt=\"Canal du midi\" style=\"border-bottom-left-radius:0px;border-top-left-radius:200px;border-top-right-radius:200px;border-bottom-right-radius:200px;width:100%;height:100%;object-fit:cover;\" srcset=\"https:\/\/www.camping-air-marin.fr\/wp-content\/uploads\/sites\/3\/2025\/02\/vacances-en-camping-proche-du-canal-du-midi.jpg 2000w, https:\/\/www.camping-air-marin.fr\/wp-content\/uploads\/sites\/3\/2025\/02\/vacances-en-camping-proche-du-canal-du-midi-300x218.jpg 300w, https:\/\/www.camping-air-marin.fr\/wp-content\/uploads\/sites\/3\/2025\/02\/vacances-en-camping-proche-du-canal-du-midi-1024x742.jpg 1024w, https:\/\/www.camping-air-marin.fr\/wp-content\/uploads\/sites\/3\/2025\/02\/vacances-en-camping-proche-du-canal-du-midi-768x557.jpg 768w, https:\/\/www.camping-air-marin.fr\/wp-content\/uploads\/sites\/3\/2025\/02\/vacances-en-camping-proche-du-canal-du-midi-1536x1114.jpg 1536w\" sizes=\"(max-width: 2000px) 100vw, 2000px\" \/><span class=\"wp-block-post-featured-image__overlay has-background-dim has-background-dim-20 has-custom-color-4-background-color\" style=\"border-bottom-left-radius:0px;border-top-left-radius:200px;border-top-right-radius:200px;border-bottom-right-radius:200px\" aria-hidden=\"true\"><\/span><\/a><\/figure>\n\n<p class=\"has-text-align-center has-base-2-color has-text-color has-link-color has-josefin-sans-font-family wp-elements-99b060f440e77f054d300614587a717e\" style=\"margin-top:0px;font-size:clamp(1.092rem, 1.092rem + ((1vw - 0.2rem) * 0.824), 1.7rem);font-style:normal;font-weight:400;line-height:1\">Canal du midi<\/p>\n\n<a style=\"font-size:0rem;font-style:normal;font-weight:400;line-height:1; padding-right:var(--wp--preset--spacing--30);padding-left:var(--wp--preset--spacing--30);padding-top:var(--wp--preset--spacing--50);margin-top:0px;\" class=\"is-style-lien-cover wp-elements-44177c36591ec1f6183ef0a3a4a1ac10 wp-block-read-more has-text-color has-base-2-color has-josefin-sans-font-family\" href=\"https:\/\/www.camping-air-marin.fr\/en\/surroundings\/tourism-canal-du-midi\/\" target=\"_self\">Read more<span class=\"screen-reader-text\">: Canal du midi<\/span><\/a>\n<\/li><li class=\"wp-block-post post-5281 page type-page status-publish has-post-thumbnail hentry\">\n<figure style=\"aspect-ratio:3\/4;\" class=\"wp-block-post-featured-image\"><a href=\"https:\/\/www.camping-air-marin.fr\/en\/surroundings\/tourism-agde\/\" target=\"_self\"  ><img decoding=\"async\" width=\"2000\" height=\"1450\" src=\"https:\/\/www.camping-air-marin.fr\/wp-content\/uploads\/sites\/3\/2025\/02\/activites-a-agde.jpg\" class=\"attachment-post-thumbnail size-post-thumbnail wp-post-image\" alt=\"Things to do in Cap d&#8217;Agde\" style=\"border-bottom-left-radius:0px;border-top-left-radius:200px;border-top-right-radius:200px;border-bottom-right-radius:200px;width:100%;height:100%;object-fit:cover;\" srcset=\"https:\/\/www.camping-air-marin.fr\/wp-content\/uploads\/sites\/3\/2025\/02\/activites-a-agde.jpg 2000w, https:\/\/www.camping-air-marin.fr\/wp-content\/uploads\/sites\/3\/2025\/02\/activites-a-agde-300x218.jpg 300w, https:\/\/www.camping-air-marin.fr\/wp-content\/uploads\/sites\/3\/2025\/02\/activites-a-agde-1024x742.jpg 1024w, https:\/\/www.camping-air-marin.fr\/wp-content\/uploads\/sites\/3\/2025\/02\/activites-a-agde-768x557.jpg 768w, https:\/\/www.camping-air-marin.fr\/wp-content\/uploads\/sites\/3\/2025\/02\/activites-a-agde-1536x1114.jpg 1536w\" sizes=\"(max-width: 2000px) 100vw, 2000px\" \/><span class=\"wp-block-post-featured-image__overlay has-background-dim has-background-dim-20 has-custom-color-4-background-color\" style=\"border-bottom-left-radius:0px;border-top-left-radius:200px;border-top-right-radius:200px;border-bottom-right-radius:200px\" aria-hidden=\"true\"><\/span><\/a><\/figure>\n\n<p class=\"has-text-align-center has-base-2-color has-text-color has-link-color has-josefin-sans-font-family wp-elements-99b060f440e77f054d300614587a717e\" style=\"margin-top:0px;font-size:clamp(1.092rem, 1.092rem + ((1vw - 0.2rem) * 0.824), 1.7rem);font-style:normal;font-weight:400;line-height:1\">Agde<\/p>\n\n<a style=\"font-size:0rem;font-style:normal;font-weight:400;line-height:1; padding-right:var(--wp--preset--spacing--30);padding-left:var(--wp--preset--spacing--30);padding-top:var(--wp--preset--spacing--50);margin-top:0px;\" class=\"is-style-lien-cover wp-elements-44177c36591ec1f6183ef0a3a4a1ac10 wp-block-read-more has-text-color has-base-2-color has-josefin-sans-font-family\" href=\"https:\/\/www.camping-air-marin.fr\/en\/surroundings\/tourism-agde\/\" target=\"_self\">Read more<span class=\"screen-reader-text\">: Things to do in Cap d&#8217;Agde<\/span><\/a>\n<\/li><li class=\"wp-block-post post-5288 page type-page status-publish has-post-thumbnail hentry\">\n<figure style=\"aspect-ratio:3\/4;\" class=\"wp-block-post-featured-image\"><a href=\"https:\/\/www.camping-air-marin.fr\/en\/surroundings\/tourism-montpellier\/\" target=\"_self\"  ><img decoding=\"async\" width=\"2000\" height=\"1450\" src=\"https:\/\/www.camping-air-marin.fr\/wp-content\/uploads\/sites\/3\/2025\/02\/location-camping-proche-de-montpellier.jpg\" class=\"attachment-post-thumbnail size-post-thumbnail wp-post-image\" alt=\"What to do in Montpellier\" style=\"border-bottom-left-radius:0px;border-top-left-radius:200px;border-top-right-radius:200px;border-bottom-right-radius:200px;width:100%;height:100%;object-fit:cover;\" srcset=\"https:\/\/www.camping-air-marin.fr\/wp-content\/uploads\/sites\/3\/2025\/02\/location-camping-proche-de-montpellier.jpg 2000w, https:\/\/www.camping-air-marin.fr\/wp-content\/uploads\/sites\/3\/2025\/02\/location-camping-proche-de-montpellier-300x218.jpg 300w, https:\/\/www.camping-air-marin.fr\/wp-content\/uploads\/sites\/3\/2025\/02\/location-camping-proche-de-montpellier-1024x742.jpg 1024w, https:\/\/www.camping-air-marin.fr\/wp-content\/uploads\/sites\/3\/2025\/02\/location-camping-proche-de-montpellier-768x557.jpg 768w, https:\/\/www.camping-air-marin.fr\/wp-content\/uploads\/sites\/3\/2025\/02\/location-camping-proche-de-montpellier-1536x1114.jpg 1536w\" sizes=\"(max-width: 2000px) 100vw, 2000px\" \/><span class=\"wp-block-post-featured-image__overlay has-background-dim has-background-dim-20 has-custom-color-4-background-color\" style=\"border-bottom-left-radius:0px;border-top-left-radius:200px;border-top-right-radius:200px;border-bottom-right-radius:200px\" aria-hidden=\"true\"><\/span><\/a><\/figure>\n\n<p class=\"has-text-align-center has-base-2-color has-text-color has-link-color has-josefin-sans-font-family wp-elements-99b060f440e77f054d300614587a717e\" style=\"margin-top:0px;font-size:clamp(1.092rem, 1.092rem + ((1vw - 0.2rem) * 0.824), 1.7rem);font-style:normal;font-weight:400;line-height:1\">Montpellier <\/p>\n\n<a style=\"font-size:0rem;font-style:normal;font-weight:400;line-height:1; padding-right:var(--wp--preset--spacing--30);padding-left:var(--wp--preset--spacing--30);padding-top:var(--wp--preset--spacing--50);margin-top:0px;\" class=\"is-style-lien-cover wp-elements-44177c36591ec1f6183ef0a3a4a1ac10 wp-block-read-more has-text-color has-base-2-color has-josefin-sans-font-family\" href=\"https:\/\/www.camping-air-marin.fr\/en\/surroundings\/tourism-montpellier\/\" target=\"_self\">Read more<span class=\"screen-reader-text\">: What to do in Montpellier<\/span><\/a>\n<\/li><li class=\"wp-block-post post-5297 page type-page status-publish has-post-thumbnail hentry\">\n<figure style=\"aspect-ratio:3\/4;\" class=\"wp-block-post-featured-image\"><a href=\"https:\/\/www.camping-air-marin.fr\/en\/surroundings\/tourism-carcassonne\/\" target=\"_self\"  ><img decoding=\"async\" width=\"2000\" height=\"1450\" src=\"https:\/\/www.camping-air-marin.fr\/wp-content\/uploads\/sites\/3\/2025\/02\/tourisme-famille-carcassonne.jpg\" class=\"attachment-post-thumbnail size-post-thumbnail wp-post-image\" alt=\"Carcassonne\" style=\"border-bottom-left-radius:0px;border-top-left-radius:200px;border-top-right-radius:200px;border-bottom-right-radius:200px;width:100%;height:100%;object-fit:cover;\" srcset=\"https:\/\/www.camping-air-marin.fr\/wp-content\/uploads\/sites\/3\/2025\/02\/tourisme-famille-carcassonne.jpg 2000w, https:\/\/www.camping-air-marin.fr\/wp-content\/uploads\/sites\/3\/2025\/02\/tourisme-famille-carcassonne-300x218.jpg 300w, https:\/\/www.camping-air-marin.fr\/wp-content\/uploads\/sites\/3\/2025\/02\/tourisme-famille-carcassonne-1024x742.jpg 1024w, https:\/\/www.camping-air-marin.fr\/wp-content\/uploads\/sites\/3\/2025\/02\/tourisme-famille-carcassonne-768x557.jpg 768w, https:\/\/www.camping-air-marin.fr\/wp-content\/uploads\/sites\/3\/2025\/02\/tourisme-famille-carcassonne-1536x1114.jpg 1536w\" sizes=\"(max-width: 2000px) 100vw, 2000px\" \/><span class=\"wp-block-post-featured-image__overlay has-background-dim has-background-dim-20 has-custom-color-4-background-color\" style=\"border-bottom-left-radius:0px;border-top-left-radius:200px;border-top-right-radius:200px;border-bottom-right-radius:200px\" aria-hidden=\"true\"><\/span><\/a><\/figure>\n\n<p class=\"has-text-align-center has-base-2-color has-text-color has-link-color has-josefin-sans-font-family wp-elements-99b060f440e77f054d300614587a717e\" style=\"margin-top:0px;font-size:clamp(1.092rem, 1.092rem + ((1vw - 0.2rem) * 0.824), 1.7rem);font-style:normal;font-weight:400;line-height:1\">Carcassonne<\/p>\n\n<a style=\"font-size:0rem;font-style:normal;font-weight:400;line-height:1; padding-right:var(--wp--preset--spacing--30);padding-left:var(--wp--preset--spacing--30);padding-top:var(--wp--preset--spacing--50);margin-top:0px;\" class=\"is-style-lien-cover wp-elements-44177c36591ec1f6183ef0a3a4a1ac10 wp-block-read-more has-text-color has-base-2-color has-josefin-sans-font-family\" href=\"https:\/\/www.camping-air-marin.fr\/en\/surroundings\/tourism-carcassonne\/\" target=\"_self\">Read more<span class=\"screen-reader-text\">: Carcassonne<\/span><\/a>\n<\/li><li class=\"wp-block-post post-5305 page type-page status-publish has-post-thumbnail hentry\">\n<figure style=\"aspect-ratio:3\/4;\" class=\"wp-block-post-featured-image\"><a href=\"https:\/\/www.camping-air-marin.fr\/en\/surroundings\/tourism-narbonne\/\" target=\"_self\"  ><img decoding=\"async\" width=\"2000\" height=\"1450\" src=\"https:\/\/www.camping-air-marin.fr\/wp-content\/uploads\/sites\/3\/2025\/02\/canal-de-la-robine-narbonne.jpg\" class=\"attachment-post-thumbnail size-post-thumbnail wp-post-image\" alt=\"Narbonne\" style=\"border-bottom-left-radius:0px;border-top-left-radius:200px;border-top-right-radius:200px;border-bottom-right-radius:200px;width:100%;height:100%;object-fit:cover;\" srcset=\"https:\/\/www.camping-air-marin.fr\/wp-content\/uploads\/sites\/3\/2025\/02\/canal-de-la-robine-narbonne.jpg 2000w, https:\/\/www.camping-air-marin.fr\/wp-content\/uploads\/sites\/3\/2025\/02\/canal-de-la-robine-narbonne-300x218.jpg 300w, https:\/\/www.camping-air-marin.fr\/wp-content\/uploads\/sites\/3\/2025\/02\/canal-de-la-robine-narbonne-1024x742.jpg 1024w, https:\/\/www.camping-air-marin.fr\/wp-content\/uploads\/sites\/3\/2025\/02\/canal-de-la-robine-narbonne-768x557.jpg 768w, https:\/\/www.camping-air-marin.fr\/wp-content\/uploads\/sites\/3\/2025\/02\/canal-de-la-robine-narbonne-1536x1114.jpg 1536w\" sizes=\"(max-width: 2000px) 100vw, 2000px\" \/><span class=\"wp-block-post-featured-image__overlay has-background-dim has-background-dim-20 has-custom-color-4-background-color\" style=\"border-bottom-left-radius:0px;border-top-left-radius:200px;border-top-right-radius:200px;border-bottom-right-radius:200px\" aria-hidden=\"true\"><\/span><\/a><\/figure>\n\n<p class=\"has-text-align-center has-base-2-color has-text-color has-link-color has-josefin-sans-font-family wp-elements-99b060f440e77f054d300614587a717e\" style=\"margin-top:0px;font-size:clamp(1.092rem, 1.092rem + ((1vw - 0.2rem) * 0.824), 1.7rem);font-style:normal;font-weight:400;line-height:1\">Narbonne<\/p>\n\n<a style=\"font-size:0rem;font-style:normal;font-weight:400;line-height:1; padding-right:var(--wp--preset--spacing--30);padding-left:var(--wp--preset--spacing--30);padding-top:var(--wp--preset--spacing--50);margin-top:0px;\" class=\"is-style-lien-cover wp-elements-44177c36591ec1f6183ef0a3a4a1ac10 wp-block-read-more has-text-color has-base-2-color has-josefin-sans-font-family\" href=\"https:\/\/www.camping-air-marin.fr\/en\/surroundings\/tourism-narbonne\/\" target=\"_self\">Read more<span class=\"screen-reader-text\">: Narbonne<\/span><\/a>\n<\/li><li class=\"wp-block-post post-5312 page type-page status-publish has-post-thumbnail hentry\">\n<figure style=\"aspect-ratio:3\/4;\" class=\"wp-block-post-featured-image\"><a href=\"https:\/\/www.camping-air-marin.fr\/en\/surroundings\/tourism-perpignan-languedoc\/\" target=\"_self\"  ><img decoding=\"async\" width=\"2000\" height=\"1450\" src=\"https:\/\/www.camping-air-marin.fr\/wp-content\/uploads\/sites\/3\/2025\/02\/ville-de-perpignan.jpg\" class=\"attachment-post-thumbnail size-post-thumbnail wp-post-image\" alt=\"Perpignan\" style=\"border-bottom-left-radius:0px;border-top-left-radius:200px;border-top-right-radius:200px;border-bottom-right-radius:200px;width:100%;height:100%;object-fit:cover;\" srcset=\"https:\/\/www.camping-air-marin.fr\/wp-content\/uploads\/sites\/3\/2025\/02\/ville-de-perpignan.jpg 2000w, https:\/\/www.camping-air-marin.fr\/wp-content\/uploads\/sites\/3\/2025\/02\/ville-de-perpignan-300x218.jpg 300w, https:\/\/www.camping-air-marin.fr\/wp-content\/uploads\/sites\/3\/2025\/02\/ville-de-perpignan-1024x742.jpg 1024w, https:\/\/www.camping-air-marin.fr\/wp-content\/uploads\/sites\/3\/2025\/02\/ville-de-perpignan-768x557.jpg 768w, https:\/\/www.camping-air-marin.fr\/wp-content\/uploads\/sites\/3\/2025\/02\/ville-de-perpignan-1536x1114.jpg 1536w\" sizes=\"(max-width: 2000px) 100vw, 2000px\" \/><span class=\"wp-block-post-featured-image__overlay has-background-dim has-background-dim-20 has-custom-color-4-background-color\" style=\"border-bottom-left-radius:0px;border-top-left-radius:200px;border-top-right-radius:200px;border-bottom-right-radius:200px\" aria-hidden=\"true\"><\/span><\/a><\/figure>\n\n<p class=\"has-text-align-center has-base-2-color has-text-color has-link-color has-josefin-sans-font-family wp-elements-99b060f440e77f054d300614587a717e\" style=\"margin-top:0px;font-size:clamp(1.092rem, 1.092rem + ((1vw - 0.2rem) * 0.824), 1.7rem);font-style:normal;font-weight:400;line-height:1\">Perpignan<\/p>\n\n<a style=\"font-size:0rem;font-style:normal;font-weight:400;line-height:1; padding-right:var(--wp--preset--spacing--30);padding-left:var(--wp--preset--spacing--30);padding-top:var(--wp--preset--spacing--50);margin-top:0px;\" class=\"is-style-lien-cover wp-elements-44177c36591ec1f6183ef0a3a4a1ac10 wp-block-read-more has-text-color has-base-2-color has-josefin-sans-font-family\" href=\"https:\/\/www.camping-air-marin.fr\/en\/surroundings\/tourism-perpignan-languedoc\/\" target=\"_self\">Read more<span class=\"screen-reader-text\">: Perpignan<\/span><\/a>\n<\/li><li class=\"wp-block-post post-5302 page type-page status-publish has-post-thumbnail hentry\">\n<figure style=\"aspect-ratio:3\/4;\" class=\"wp-block-post-featured-image\"><a href=\"https:\/\/www.camping-air-marin.fr\/en\/surroundings\/tourism-grau-du-roi\/\" target=\"_self\"  ><img decoding=\"async\" width=\"2000\" height=\"1450\" src=\"https:\/\/www.camping-air-marin.fr\/wp-content\/uploads\/sites\/3\/2025\/02\/camping-proche-de-grau-du-roi.jpg\" class=\"attachment-post-thumbnail size-post-thumbnail wp-post-image\" alt=\"Grau du roi\" style=\"border-bottom-left-radius:0px;border-top-left-radius:200px;border-top-right-radius:200px;border-bottom-right-radius:200px;width:100%;height:100%;object-fit:cover;\" srcset=\"https:\/\/www.camping-air-marin.fr\/wp-content\/uploads\/sites\/3\/2025\/02\/camping-proche-de-grau-du-roi.jpg 2000w, https:\/\/www.camping-air-marin.fr\/wp-content\/uploads\/sites\/3\/2025\/02\/camping-proche-de-grau-du-roi-300x218.jpg 300w, https:\/\/www.camping-air-marin.fr\/wp-content\/uploads\/sites\/3\/2025\/02\/camping-proche-de-grau-du-roi-1024x742.jpg 1024w, https:\/\/www.camping-air-marin.fr\/wp-content\/uploads\/sites\/3\/2025\/02\/camping-proche-de-grau-du-roi-768x557.jpg 768w, https:\/\/www.camping-air-marin.fr\/wp-content\/uploads\/sites\/3\/2025\/02\/camping-proche-de-grau-du-roi-1536x1114.jpg 1536w\" sizes=\"(max-width: 2000px) 100vw, 2000px\" \/><span class=\"wp-block-post-featured-image__overlay has-background-dim has-background-dim-20 has-custom-color-4-background-color\" style=\"border-bottom-left-radius:0px;border-top-left-radius:200px;border-top-right-radius:200px;border-bottom-right-radius:200px\" aria-hidden=\"true\"><\/span><\/a><\/figure>\n\n<p class=\"has-text-align-center has-base-2-color has-text-color has-link-color has-josefin-sans-font-family wp-elements-99b060f440e77f054d300614587a717e\" style=\"margin-top:0px;font-size:clamp(1.092rem, 1.092rem + ((1vw - 0.2rem) * 0.824), 1.7rem);font-style:normal;font-weight:400;line-height:1\">Grau-du-Roi<\/p>\n\n<a style=\"font-size:0rem;font-style:normal;font-weight:400;line-height:1; padding-right:var(--wp--preset--spacing--30);padding-left:var(--wp--preset--spacing--30);padding-top:var(--wp--preset--spacing--50);margin-top:0px;\" class=\"is-style-lien-cover wp-elements-44177c36591ec1f6183ef0a3a4a1ac10 wp-block-read-more has-text-color has-base-2-color has-josefin-sans-font-family\" href=\"https:\/\/www.camping-air-marin.fr\/en\/surroundings\/tourism-grau-du-roi\/\" target=\"_self\">Read more<span class=\"screen-reader-text\">: Grau du roi<\/span><\/a>\n<\/li><li class=\"wp-block-post post-5311 page type-page status-publish has-post-thumbnail hentry\">\n<figure style=\"aspect-ratio:3\/4;\" class=\"wp-block-post-featured-image\"><a href=\"https:\/\/www.camping-air-marin.fr\/en\/surroundings\/campsite-marseillan\/\" target=\"_self\"  ><img decoding=\"async\" width=\"2000\" height=\"1450\" src=\"https:\/\/www.camping-air-marin.fr\/wp-content\/uploads\/sites\/3\/2025\/02\/camping-proche-de-marseillan.jpg\" class=\"attachment-post-thumbnail size-post-thumbnail wp-post-image\" alt=\"Marseillan\" style=\"border-bottom-left-radius:0px;border-top-left-radius:200px;border-top-right-radius:200px;border-bottom-right-radius:200px;width:100%;height:100%;object-fit:cover;\" srcset=\"https:\/\/www.camping-air-marin.fr\/wp-content\/uploads\/sites\/3\/2025\/02\/camping-proche-de-marseillan.jpg 2000w, https:\/\/www.camping-air-marin.fr\/wp-content\/uploads\/sites\/3\/2025\/02\/camping-proche-de-marseillan-300x218.jpg 300w, https:\/\/www.camping-air-marin.fr\/wp-content\/uploads\/sites\/3\/2025\/02\/camping-proche-de-marseillan-1024x742.jpg 1024w, https:\/\/www.camping-air-marin.fr\/wp-content\/uploads\/sites\/3\/2025\/02\/camping-proche-de-marseillan-768x557.jpg 768w, https:\/\/www.camping-air-marin.fr\/wp-content\/uploads\/sites\/3\/2025\/02\/camping-proche-de-marseillan-1536x1114.jpg 1536w\" sizes=\"(max-width: 2000px) 100vw, 2000px\" \/><span class=\"wp-block-post-featured-image__overlay has-background-dim has-background-dim-20 has-custom-color-4-background-color\" style=\"border-bottom-left-radius:0px;border-top-left-radius:200px;border-top-right-radius:200px;border-bottom-right-radius:200px\" aria-hidden=\"true\"><\/span><\/a><\/figure>\n\n<p class=\"has-text-align-center has-base-2-color has-text-color has-link-color has-josefin-sans-font-family wp-elements-99b060f440e77f054d300614587a717e\" style=\"margin-top:0px;font-size:clamp(1.092rem, 1.092rem + ((1vw - 0.2rem) * 0.824), 1.7rem);font-style:normal;font-weight:400;line-height:1\">Marseillan<\/p>\n\n<a style=\"font-size:0rem;font-style:normal;font-weight:400;line-height:1; padding-right:var(--wp--preset--spacing--30);padding-left:var(--wp--preset--spacing--30);padding-top:var(--wp--preset--spacing--50);margin-top:0px;\" class=\"is-style-lien-cover wp-elements-44177c36591ec1f6183ef0a3a4a1ac10 wp-block-read-more has-text-color has-base-2-color has-josefin-sans-font-family\" href=\"https:\/\/www.camping-air-marin.fr\/en\/surroundings\/campsite-marseillan\/\" target=\"_self\">Read more<span class=\"screen-reader-text\">: Marseillan<\/span><\/a>\n<\/li><li class=\"wp-block-post post-5317 page type-page status-publish has-post-thumbnail hentry\">\n<figure style=\"aspect-ratio:3\/4;\" class=\"wp-block-post-featured-image\"><a href=\"https:\/\/www.camping-air-marin.fr\/en\/surroundings\/tourism-pyrenees-orientales\/\" target=\"_self\"  ><img decoding=\"async\" width=\"2000\" height=\"1450\" src=\"https:\/\/www.camping-air-marin.fr\/wp-content\/uploads\/sites\/3\/2025\/02\/visiter-les-pyrenees-orientales.jpg\" class=\"attachment-post-thumbnail size-post-thumbnail wp-post-image\" alt=\"Pyr\u00e9n\u00e9es orientales\" style=\"border-bottom-left-radius:0px;border-top-left-radius:200px;border-top-right-radius:200px;border-bottom-right-radius:200px;width:100%;height:100%;object-fit:cover;\" srcset=\"https:\/\/www.camping-air-marin.fr\/wp-content\/uploads\/sites\/3\/2025\/02\/visiter-les-pyrenees-orientales.jpg 2000w, https:\/\/www.camping-air-marin.fr\/wp-content\/uploads\/sites\/3\/2025\/02\/visiter-les-pyrenees-orientales-300x218.jpg 300w, https:\/\/www.camping-air-marin.fr\/wp-content\/uploads\/sites\/3\/2025\/02\/visiter-les-pyrenees-orientales-1024x742.jpg 1024w, https:\/\/www.camping-air-marin.fr\/wp-content\/uploads\/sites\/3\/2025\/02\/visiter-les-pyrenees-orientales-768x557.jpg 768w, https:\/\/www.camping-air-marin.fr\/wp-content\/uploads\/sites\/3\/2025\/02\/visiter-les-pyrenees-orientales-1536x1114.jpg 1536w\" sizes=\"(max-width: 2000px) 100vw, 2000px\" \/><span class=\"wp-block-post-featured-image__overlay has-background-dim has-background-dim-20 has-custom-color-4-background-color\" style=\"border-bottom-left-radius:0px;border-top-left-radius:200px;border-top-right-radius:200px;border-bottom-right-radius:200px\" aria-hidden=\"true\"><\/span><\/a><\/figure>\n\n<p class=\"has-text-align-center has-base-2-color has-text-color has-link-color has-josefin-sans-font-family wp-elements-99b060f440e77f054d300614587a717e\" style=\"margin-top:0px;font-size:clamp(1.092rem, 1.092rem + ((1vw - 0.2rem) * 0.824), 1.7rem);font-style:normal;font-weight:400;line-height:1\">Pyr\u00e9n\u00e9es-Orientales<\/p>\n\n<a style=\"font-size:0rem;font-style:normal;font-weight:400;line-height:1; padding-right:var(--wp--preset--spacing--30);padding-left:var(--wp--preset--spacing--30);padding-top:var(--wp--preset--spacing--50);margin-top:0px;\" class=\"is-style-lien-cover wp-elements-44177c36591ec1f6183ef0a3a4a1ac10 wp-block-read-more has-text-color has-base-2-color has-josefin-sans-font-family\" href=\"https:\/\/www.camping-air-marin.fr\/en\/surroundings\/tourism-pyrenees-orientales\/\" target=\"_self\">Read more<span class=\"screen-reader-text\">: Pyr\u00e9n\u00e9es orientales<\/span><\/a>\n<\/li><li class=\"wp-block-post post-5326 page type-page status-publish has-post-thumbnail hentry\">\n<figure style=\"aspect-ratio:3\/4;\" class=\"wp-block-post-featured-image\"><a href=\"https:\/\/www.camping-air-marin.fr\/en\/surroundings\/campsite-meze\/\" target=\"_self\"  ><img decoding=\"async\" width=\"2000\" height=\"1450\" src=\"https:\/\/www.camping-air-marin.fr\/wp-content\/uploads\/sites\/3\/2025\/02\/plage-de-meze-en-herault.jpg\" class=\"attachment-post-thumbnail size-post-thumbnail wp-post-image\" alt=\"M\u00e8ze\" style=\"border-bottom-left-radius:0px;border-top-left-radius:200px;border-top-right-radius:200px;border-bottom-right-radius:200px;width:100%;height:100%;object-fit:cover;\" srcset=\"https:\/\/www.camping-air-marin.fr\/wp-content\/uploads\/sites\/3\/2025\/02\/plage-de-meze-en-herault.jpg 2000w, https:\/\/www.camping-air-marin.fr\/wp-content\/uploads\/sites\/3\/2025\/02\/plage-de-meze-en-herault-300x218.jpg 300w, https:\/\/www.camping-air-marin.fr\/wp-content\/uploads\/sites\/3\/2025\/02\/plage-de-meze-en-herault-1024x742.jpg 1024w, https:\/\/www.camping-air-marin.fr\/wp-content\/uploads\/sites\/3\/2025\/02\/plage-de-meze-en-herault-768x557.jpg 768w, https:\/\/www.camping-air-marin.fr\/wp-content\/uploads\/sites\/3\/2025\/02\/plage-de-meze-en-herault-1536x1114.jpg 1536w\" sizes=\"(max-width: 2000px) 100vw, 2000px\" \/><span class=\"wp-block-post-featured-image__overlay has-background-dim has-background-dim-20 has-custom-color-4-background-color\" style=\"border-bottom-left-radius:0px;border-top-left-radius:200px;border-top-right-radius:200px;border-bottom-right-radius:200px\" aria-hidden=\"true\"><\/span><\/a><\/figure>\n\n<p class=\"has-text-align-center has-base-2-color has-text-color has-link-color has-josefin-sans-font-family wp-elements-99b060f440e77f054d300614587a717e\" style=\"margin-top:0px;font-size:clamp(1.092rem, 1.092rem + ((1vw - 0.2rem) * 0.824), 1.7rem);font-style:normal;font-weight:400;line-height:1\">M\u00e8ze<\/p>\n\n<a style=\"font-size:0rem;font-style:normal;font-weight:400;line-height:1; padding-right:var(--wp--preset--spacing--30);padding-left:var(--wp--preset--spacing--30);padding-top:var(--wp--preset--spacing--50);margin-top:0px;\" class=\"is-style-lien-cover wp-elements-44177c36591ec1f6183ef0a3a4a1ac10 wp-block-read-more has-text-color has-base-2-color has-josefin-sans-font-family\" href=\"https:\/\/www.camping-air-marin.fr\/en\/surroundings\/campsite-meze\/\" target=\"_self\">Read more<span class=\"screen-reader-text\">: M\u00e8ze<\/span><\/a>\n<\/li><\/ul>\n\n<\/div>\n<\/div>\n<\/section>\n\n<section class=\"wp-block-group home-third page-two is-layout-flow wp-block-group-is-layout-flow\" style=\"margin-top:var(--wp--preset--spacing--50);margin-bottom:var(--wp--preset--spacing--50)\">\n<div class=\"wp-block-columns has-custom-color-2-background-color has-background is-layout-flex wp-container-core-columns-is-layout-28f84493 wp-block-columns-is-layout-flex\">\n<div class=\"wp-block-column is-layout-flow wp-block-column-is-layout-flow\" style=\"flex-basis:50%\">\n<div data-swiper=\"{&quot;speed&quot;:400,&quot;spaceBetween&quot;:15,&quot;slidesPerView&quot;:1,&quot;createElements&quot;:true,&quot;loop&quot;:true,&quot;freemode&quot;:true,&quot;navigation&quot;:{&quot;nextEl&quot;:&quot;buttonNext&quot;,&quot;prevEl&quot;:&quot;buttonPrev&quot;},&quot;breakpoints&quot;:[{&quot;slidesPerView&quot;:1}],&quot;pagination&quot;:false,&quot;parallax&quot;:true,&quot;autoplay&quot;:{&quot;delay&quot;:3500}}\" class=\"wp-block-group left gt-is-slider gt-is-slider-desktop has-global-padding is-content-justification-left is-layout-constrained wp-container-core-group-is-layout-16a8afda wp-block-group-is-layout-constrained\" style=\"padding-top:0;padding-bottom:0\">\n<figure class=\"wp-block-image size-full has-custom-border\"><img decoding=\"async\" width=\"1000\" height=\"700\" src=\"https:\/\/www.camping-air-marin.fr\/wp-content\/uploads\/sites\/3\/2025\/02\/tourisme-langudeoc-roussillon.jpg\" alt=\"langudeoc roussillon tourism\" class=\"wp-image-314\" style=\"border-bottom-left-radius:0px;aspect-ratio:4\/3;object-fit:cover\" srcset=\"https:\/\/www.camping-air-marin.fr\/wp-content\/uploads\/sites\/3\/2025\/02\/tourisme-langudeoc-roussillon.jpg 1000w, https:\/\/www.camping-air-marin.fr\/wp-content\/uploads\/sites\/3\/2025\/02\/tourisme-langudeoc-roussillon-300x210.jpg 300w, https:\/\/www.camping-air-marin.fr\/wp-content\/uploads\/sites\/3\/2025\/02\/tourisme-langudeoc-roussillon-768x538.jpg 768w\" sizes=\"(max-width: 1000px) 100vw, 1000px\" \/><\/figure>\n\n\n\n<figure class=\"wp-block-image size-full has-custom-border\"><img decoding=\"async\" width=\"1000\" height=\"700\" src=\"https:\/\/www.camping-air-marin.fr\/wp-content\/uploads\/sites\/3\/2025\/02\/gastronomie-languedoc-roussillon.jpg\" alt=\"gastronomy languedoc roussillon\" class=\"wp-image-316\" style=\"border-bottom-left-radius:0px;aspect-ratio:4\/3;object-fit:cover\" srcset=\"https:\/\/www.camping-air-marin.fr\/wp-content\/uploads\/sites\/3\/2025\/02\/gastronomie-languedoc-roussillon.jpg 1000w, https:\/\/www.camping-air-marin.fr\/wp-content\/uploads\/sites\/3\/2025\/02\/gastronomie-languedoc-roussillon-300x210.jpg 300w, https:\/\/www.camping-air-marin.fr\/wp-content\/uploads\/sites\/3\/2025\/02\/gastronomie-languedoc-roussillon-768x538.jpg 768w\" sizes=\"(max-width: 1000px) 100vw, 1000px\" \/><\/figure>\n<\/div>\n<\/div>\n\n\n\n<div class=\"wp-block-column is-layout-flow wp-block-column-is-layout-flow\" style=\"flex-basis:50%\">\n<div class=\"wp-block-group right has-global-padding is-content-justification-left is-layout-constrained wp-container-core-group-is-layout-12dd3699 wp-block-group-is-layout-constrained\">\n<div class=\"wp-block-group h2-container has-global-padding is-layout-constrained wp-block-group-is-layout-constrained\">\n<h2 class=\"wp-block-heading has-base-2-background-color has-background\" style=\"padding-top:var(--wp--preset--spacing--50);padding-bottom:var(--wp--preset--spacing--30);padding-left:var(--wp--preset--spacing--50)\"> <mark style=\"background-color:rgba(0, 0, 0, 0)\" class=\"has-inline-color has-custom-color-4-color\"> <span>Languedoc-Roussillon,<\/span><\/mark> between beaches and gastronomy<\/h2>\n<\/div>\n\n\n\n<div class=\"wp-block-group bottom has-link-color wp-elements-e519ea2185bf72466860d32f114fd91d has-global-padding is-layout-constrained wp-container-core-group-is-layout-36453ffe wp-block-group-is-layout-constrained\" style=\"padding-top:var(--wp--preset--spacing--20);padding-right:15rem;padding-bottom:0;padding-left:var(--wp--preset--spacing--50)\">\n<details style=\"font-style:normal;font-weight:700;\" class=\"gt-fse-faq wp-block-gt-gt-fse-faq\" data-wp-interactive=\"gt-fse-faq\" data-wp-context='{ \"isOpen\": false }'>\n\t<summary aria-expanded=\"false\" class=\"gt-fse-faq-summary\" data-wp-on--click=\"actions.toggle\" data-wp-bind--aria-expanded=\"context.isOpen\">\n\t\t<div class=\"gt-fse-faq-summary-text\">Geography<\/div>\n\t\t<span class=\"gt-fse-faq-opener\"><\/span>\n\t<\/summary>\n\t<div class=\"gt-fse-faq-content\">\n\t\t\n\n<p>The former Languedoc-Roussillon region, now <strong>Occitanie<\/strong>, comprises <strong>5 departments:<\/strong> <a href=\"https:\/\/www.camping-air-marin.fr\/en\/surroundings\/tourism-pyrenees-orientales\/\" data-type=\"page\" data-id=\"127\">Pyr\u00e9n\u00e9es-Orientales<\/a>,<strong> Gard<\/strong>, <strong>H\u00e9rault<\/strong>, <strong>Aude<\/strong> and <strong>Loz\u00e8re<\/strong>. Four of these departments <strong>border the Mediterranean Sea<\/strong>, stretching from Provence to the Spanish border. <\/p>\n\n\t<\/div>\n<\/details>\n\n\n<details style=\"font-style:normal;font-weight:700;\" class=\"gt-fse-faq wp-block-gt-gt-fse-faq\" data-wp-interactive=\"gt-fse-faq\" data-wp-context='{ \"isOpen\": false }'>\n\t<summary aria-expanded=\"false\" class=\"gt-fse-faq-summary\" data-wp-on--click=\"actions.toggle\" data-wp-bind--aria-expanded=\"context.isOpen\">\n\t\t<div class=\"gt-fse-faq-summary-text\">Climate<\/div>\n\t\t<span class=\"gt-fse-faq-opener\"><\/span>\n\t<\/summary>\n\t<div class=\"gt-fse-faq-content\">\n\t\t\n\n<p><strong>Languedoc-Roussillon<\/strong> is renowned as a great place to live, with a pleasant <strong>Mediterranean climate<\/strong>, hot in summer and mild in winter.<\/p>\n\n\t<\/div>\n<\/details>\n\n\n<details style=\"font-style:normal;font-weight:700;\" class=\"gt-fse-faq wp-block-gt-gt-fse-faq\" data-wp-interactive=\"gt-fse-faq\" data-wp-context='{ \"isOpen\": false }'>\n\t<summary aria-expanded=\"false\" class=\"gt-fse-faq-summary\" data-wp-on--click=\"actions.toggle\" data-wp-bind--aria-expanded=\"context.isOpen\">\n\t\t<div class=\"gt-fse-faq-summary-text\">Gastronomy<\/div>\n\t\t<span class=\"gt-fse-faq-opener\"><\/span>\n\t<\/summary>\n\t<div class=\"gt-fse-faq-content\">\n\t\t\n\n<p>The region is also known for its culinary specialties, which can be discovered at the many local markets in season. Languedoc wines (Banyuls, Rivesaltes, etc.) are also very famous, as are oysters from Bouzigues, just a stone&#8217;s throw from <a href=\"https:\/\/www.camping-air-marin.fr\/en\/surroundings\/campsite-meze\/\" data-type=\"page\" data-id=\"131\">M\u00e8ze<\/a> and the Etang de Thau, the famous tielles and Catalan cream. All in all, a succulent menu made up entirely of local dishes.  <\/p>\n\n\n\n<p>At <strong>local markets and festivals<\/strong>, let yourself be tempted by <strong>typical<\/strong> regional <strong>specialties<\/strong> such as <strong>tielles <\/strong>and<strong> z\u00e9zettes from S\u00e8te<\/strong>,<strong> oysters from Bouzigues<\/strong>,<strong> petits p\u00e2t\u00e9s from P\u00e9zenas<\/strong>, <strong>brasucades<\/strong>, <strong>gardianne de taureau, olives <\/strong>and<strong> olive oil<\/strong>. For an aperitif, &#8220;toast to Finca L&#8217;Air Marin&#8221; with a small glass of <strong>Muscat from Frontignan<\/strong>, or<strong> Noilly Prat from Marseillan <\/strong>, and olives of course.<\/p>\n\n\n\n<p>The vines of our hinterland have soaked up the sun to produce the finest crus, and you won&#8217;t want to leave without tasting them! Take your curiosity to the cellars of <strong>St Chinian, Minervois, Corbi\u00e8res, Faug\u00e8res, Pic St-Loup and Picpoul de Pinet&#8230;<\/strong> <\/p>\n\n\t<\/div>\n<\/details>\n\n\n<p style=\"margin-top:0px\"><br\/>Its climate, coastline, magnificent scenery and renowned seaside resorts (Vias, <strong>Valras-Plage<\/strong>, <strong>Collioure<\/strong>, <strong>Port-Barcar\u00e8s<\/strong>, <a href=\"https:\/\/www.camping-air-marin.fr\/en\/surroundings\/tourism-narbonne\/\" data-type=\"page\" data-id=\"111\">Narbonne<\/a>&#8230;) make Languedoc-Roussillon a popular destination for holidaymakers in all seasons.<\/p>\n<\/div>\n<\/div>\n<\/div>\n<\/div>\n\n\n\n<p class=\"h1-like\"><span>Mediterranean<\/span> climate  <\/p>\n<\/section>\n\n<section class=\"wp-block-group home-third page-two reverse is-layout-flow wp-block-group-is-layout-flow\" style=\"padding-right:0;padding-left:0\">\n<div class=\"wp-block-columns has-custom-color-2-background-color has-background is-layout-flex wp-container-core-columns-is-layout-ae94ce92 wp-block-columns-is-layout-flex\" style=\"padding-bottom:var(--wp--preset--spacing--60)\">\n<div class=\"wp-block-column is-layout-flow wp-block-column-is-layout-flow\" style=\"flex-basis:50%\">\n<div class=\"wp-block-group right has-global-padding is-content-justification-center is-layout-constrained wp-block-group-is-layout-constrained\">\n<div class=\"wp-block-group h2-container has-global-padding is-layout-constrained wp-block-group-is-layout-constrained\">\n<h2 class=\"wp-block-heading has-base-2-background-color has-background\" style=\"padding-top:var(--wp--preset--spacing--50);padding-right:var(--wp--preset--spacing--10);padding-bottom:var(--wp--preset--spacing--40);padding-left:var(--wp--preset--spacing--50)\"><span><mark style=\"background-color:rgba(0, 0, 0, 0)\" class=\"has-inline-color has-custom-color-4-color\">What to see and do<\/mark><\/span> in Languedoc-Roussillon?<\/h2>\n<\/div>\n\n\n\n<div class=\"wp-block-group bottom has-global-padding is-layout-constrained wp-container-core-group-is-layout-0a497845 wp-block-group-is-layout-constrained\" style=\"padding-top:var(--wp--preset--spacing--20);padding-right:10rem;padding-bottom:0;padding-left:var(--wp--preset--spacing--50)\">\n<h3 class=\"wp-block-heading has-large-font-size\" style=\"font-style:normal;font-weight:100\">Discover <mark style=\"background-color:rgba(0, 0, 0, 0)\" class=\"has-inline-color has-custom-color-4-color\">local festivities<\/mark><\/h3>\n\n\n\n<p>The <strong>Languedoc-Roussillon<\/strong> region is home to a wide range of events, ideal for entertaining and discovering Languedoc traditions. Take part in the region&#8217;s many festivities and soak up the flavors of the south.   <\/p>\n\n\n    <div id=\"gt-fse-lire-plus-69f2ca910a9c2\" class=\"gt-fse-lire-plus\" data-min-height=\"130\" style=\"background-color: #f7f4f1;\">\n        <input id=\"gt-fse-lire-plus-69f2ca910a9c2-toggle\" type=\"checkbox\" class=\"gt-fse-lire-plus__toggle\" \/>\n        <label for=\"gt-fse-lire-plus-69f2ca910a9c2-toggle\" class=\"gt-fse-lire-plus__toggle-label\">\n            <span>Read more<\/span>\n            <span>Read less<\/span>\n        <\/label>\n        <div class=\"gt-fse-lire-plus__content\" style=\"height: 130px;\">\n            \n\n<p>Every summer in August, don&#8217;t miss the <strong>B\u00e9ziers f\u00e9ria<\/strong> and the <strong>bullfights<\/strong> in <strong>its arenas<\/strong>. Folklore will be on display at the <strong>jousting tournaments organized in Vias, Agde and S\u00e8te<\/strong>. There&#8217;s also the <strong>N\u00eemes festival<\/strong>, <strong>Camargue races<\/strong>, the Fiest&#8217;\u00e0 S\u00e8te&#8230; the list goes on and on, with so many different festivities in season.  <\/p>\n\n\n\n<p>Traditional festivals are an opportunity to showcase local customs and Languedoc-Roussillon&#8217;s terroir. Good humor and a typical atmosphere guaranteed! <\/p>\n\n            <div class=\"gt-fse-lire-plus__gradient\" style=\"background: linear-gradient(to bottom,rgba(247,244,241,0) 0%,rgba(247,244,241,1) 100%);\"><\/div>\n        <\/div>\n    <\/div>\n    <\/div>\n<\/div>\n<\/div>\n\n\n\n<div class=\"wp-block-column is-layout-flow wp-block-column-is-layout-flow\" style=\"flex-basis:50%\">\n<div data-swiper=\"{&quot;speed&quot;:400,&quot;spaceBetween&quot;:15,&quot;slidesPerView&quot;:1,&quot;createElements&quot;:true,&quot;loop&quot;:true,&quot;freemode&quot;:true,&quot;navigation&quot;:{&quot;nextEl&quot;:&quot;buttonNext&quot;,&quot;prevEl&quot;:&quot;buttonPrev&quot;},&quot;breakpoints&quot;:[{&quot;slidesPerView&quot;:1}],&quot;pagination&quot;:false,&quot;parallax&quot;:true,&quot;autoplay&quot;:{&quot;delay&quot;:3500}}\" class=\"wp-block-group left gt-is-slider gt-is-slider-desktop has-global-padding is-content-justification-left is-layout-constrained wp-container-core-group-is-layout-16a8afda wp-block-group-is-layout-constrained\" style=\"padding-top:0;padding-bottom:0\">\n<figure class=\"wp-block-image size-full has-custom-border\"><img decoding=\"async\" width=\"1000\" height=\"700\" src=\"https:\/\/www.camping-air-marin.fr\/wp-content\/uploads\/sites\/3\/2025\/02\/arene-de-beziers.jpg\" alt=\"arene de beziers\" class=\"wp-image-318\" style=\"border-bottom-left-radius:150px;object-fit:cover\" srcset=\"https:\/\/www.camping-air-marin.fr\/wp-content\/uploads\/sites\/3\/2025\/02\/arene-de-beziers.jpg 1000w, https:\/\/www.camping-air-marin.fr\/wp-content\/uploads\/sites\/3\/2025\/02\/arene-de-beziers-300x210.jpg 300w, https:\/\/www.camping-air-marin.fr\/wp-content\/uploads\/sites\/3\/2025\/02\/arene-de-beziers-768x538.jpg 768w\" sizes=\"(max-width: 1000px) 100vw, 1000px\" \/><figcaption class=\"wp-element-caption\">B\u00e9ziers bullring<\/figcaption><\/figure>\n\n\n\n<figure class=\"wp-block-image size-full has-custom-border\"><img decoding=\"async\" width=\"1000\" height=\"700\" src=\"https:\/\/www.camping-air-marin.fr\/wp-content\/uploads\/sites\/3\/2025\/02\/evenement-folklore-provencal.jpg\" alt=\"provencal folklore event\" class=\"wp-image-319\" style=\"border-bottom-left-radius:150px;object-fit:cover\" srcset=\"https:\/\/www.camping-air-marin.fr\/wp-content\/uploads\/sites\/3\/2025\/02\/evenement-folklore-provencal.jpg 1000w, https:\/\/www.camping-air-marin.fr\/wp-content\/uploads\/sites\/3\/2025\/02\/evenement-folklore-provencal-300x210.jpg 300w, https:\/\/www.camping-air-marin.fr\/wp-content\/uploads\/sites\/3\/2025\/02\/evenement-folklore-provencal-768x538.jpg 768w\" sizes=\"(max-width: 1000px) 100vw, 1000px\" \/><figcaption class=\"wp-element-caption\">Provencal folklore<\/figcaption><\/figure>\n<\/div>\n<\/div>\n<\/div>\n\n\n\n<div class=\"wp-block-columns has-custom-color-2-background-color has-background is-layout-flex wp-container-core-columns-is-layout-616294e8 wp-block-columns-is-layout-flex\" style=\"margin-top:0px;padding-top:0\">\n<div class=\"wp-block-column is-layout-flow wp-block-column-is-layout-flow\" style=\"flex-basis:50%\">\n<div class=\"wp-block-group left is-layout-flow wp-block-group-is-layout-flow\" style=\"padding-top:0;padding-bottom:0\">\n<figure class=\"wp-block-image size-full has-custom-border\"><img decoding=\"async\" width=\"1000\" height=\"700\" src=\"https:\/\/www.camping-air-marin.fr\/wp-content\/uploads\/sites\/3\/2025\/02\/plage-de-la-farinette-languedo-roussillon.jpg\" alt=\"la farinette beach languedo roussillon\" class=\"wp-image-323\" style=\"border-top-right-radius:150px\" srcset=\"https:\/\/www.camping-air-marin.fr\/wp-content\/uploads\/sites\/3\/2025\/02\/plage-de-la-farinette-languedo-roussillon.jpg 1000w, https:\/\/www.camping-air-marin.fr\/wp-content\/uploads\/sites\/3\/2025\/02\/plage-de-la-farinette-languedo-roussillon-300x210.jpg 300w, https:\/\/www.camping-air-marin.fr\/wp-content\/uploads\/sites\/3\/2025\/02\/plage-de-la-farinette-languedo-roussillon-768x538.jpg 768w\" sizes=\"(max-width: 1000px) 100vw, 1000px\" \/><figcaption class=\"wp-element-caption\">La Farinette Beach<\/figcaption><\/figure>\n<\/div>\n<\/div>\n\n\n\n<div class=\"wp-block-column is-vertically-aligned-center is-layout-flow wp-block-column-is-layout-flow\" style=\"flex-basis:50%\">\n<div class=\"wp-block-group right has-global-padding is-layout-constrained wp-container-core-group-is-layout-11c1ca01 wp-block-group-is-layout-constrained\" style=\"padding-right:var(--wp--preset--spacing--50);padding-left:var(--wp--preset--spacing--50)\">\n<h3 class=\"wp-block-heading\"><mark style=\"background-color:rgba(0, 0, 0, 0)\" class=\"has-inline-color has-custom-color-4-color\">Enjoy a coastline<\/mark> lined with beaches<\/h3>\n\n\n\n<p>If you&#8217;d rather spend your vacation relaxing on the beach, you&#8217;ll be spoilt for choice on <strong>the Languedoc coast<\/strong>.<\/p>\n\n\n\n<p>The coast abounds with beaches where the gentle waves are perfect for children&#8217;s swimming. The <strong>beaches of Libron<\/strong> and <strong>Farinette<\/strong>, near Vias, are very popular with families for idleness and water games. And for a superb view and a splendid sunset, head for <strong>the Cl\u00f4t beach<\/strong>, also near Vias.  <\/p>\n\n\n\n<p>Whether you&#8217;re looking for water sports, relaxation or an iodine-filled stroll, you&#8217;re sure to find what you&#8217;re looking for on one of the many beaches along the coast.<\/p>\n<\/div>\n<\/div>\n<\/div>\n<\/section>\n\n<section class=\"wp-block-group page-one is-layout-flow wp-block-group-is-layout-flow\" style=\"margin-top:var(--wp--preset--spacing--60);margin-bottom:var(--wp--preset--spacing--60)\">\n<div class=\"wp-block-group h2-container has-global-padding is-layout-constrained wp-block-group-is-layout-constrained\">\n<h2 class=\"wp-block-heading has-text-align-center\"><span>Visit Languedoc-Roussillon:<\/span><br\/>leisure activities<\/h2>\n<\/div>\n\n\n\n<div data-swiper=\"{&quot;speed&quot;:400,&quot;spaceBetween&quot;:30,&quot;slidesPerView&quot;:2,&quot;loop&quot;:true,&quot;breakpoints&quot;:{&quot;0&quot;:{&quot;slidesPerView&quot;:1,&quot;centeredSlides&quot;:true},&quot;781&quot;:{&quot;slidesPerView&quot;:2,&quot;centeredSlides&quot;:true}},&quot;navigation&quot;:{&quot;nextEl&quot;:&quot;buttonNext&quot;,&quot;prevEl&quot;:&quot;buttonPrev&quot;},&quot;pagination&quot;:false,&quot;centeredSlides&quot;:true,&quot;parallax&quot;:true,&quot;autoplay&quot;:{&quot;delay&quot;:3500}}\" class=\"wp-block-group slider-container gt-is-slider gt-is-slider-desktop is-layout-flow wp-block-group-is-layout-flow\">\n<div data-swiper=\"{&quot;speed&quot;:1000,&quot;autoplay&quot;:{&quot;delay&quot;:5000,&quot;disableOnInteraction&quot;:false},&quot;spaceBetween&quot;:0,&quot;slidesPerView&quot;:1,&quot;pagination&quot;:{&quot;el&quot;:&quot;.swiper-pagination&quot;,&quot;dynamicBullets&quot;:true,&quot;clickable&quot;:true,&quot;type&quot;:&quot;bullets&quot;},&quot;navigation&quot;:{&quot;nextEl&quot;:&quot;.swiper-button-next&quot;,&quot;prevEl&quot;:&quot;.swiper-button-prev&quot;},&quot;breakpoints&quot;:[{&quot;slidesPerView&quot;:1}]}\" class=\"wp-block-cover is-light has-custom-content-position is-position-bottom-center\" style=\"border-top-right-radius:150px;min-height:700px;aspect-ratio:unset;\"><span aria-hidden=\"true\" class=\"wp-block-cover__background has-background-dim-0 has-background-dim\" style=\"background-color:#93b9bf\"><\/span><img decoding=\"async\" width=\"2000\" height=\"1450\" class=\"wp-block-cover__image-background wp-image-338\" alt=\"tourisme famille languedoc roussillon\" src=\"https:\/\/www.camping-air-marin.fr\/wp-content\/uploads\/sites\/3\/2025\/02\/tourisme-famille-languedoc-roussillon.jpg\" data-object-fit=\"cover\" srcset=\"https:\/\/www.camping-air-marin.fr\/wp-content\/uploads\/sites\/3\/2025\/02\/tourisme-famille-languedoc-roussillon.jpg 2000w, https:\/\/www.camping-air-marin.fr\/wp-content\/uploads\/sites\/3\/2025\/02\/tourisme-famille-languedoc-roussillon-300x218.jpg 300w, https:\/\/www.camping-air-marin.fr\/wp-content\/uploads\/sites\/3\/2025\/02\/tourisme-famille-languedoc-roussillon-1024x742.jpg 1024w, https:\/\/www.camping-air-marin.fr\/wp-content\/uploads\/sites\/3\/2025\/02\/tourisme-famille-languedoc-roussillon-768x557.jpg 768w, https:\/\/www.camping-air-marin.fr\/wp-content\/uploads\/sites\/3\/2025\/02\/tourisme-famille-languedoc-roussillon-1536x1114.jpg 1536w\" sizes=\"(max-width: 2000px) 100vw, 2000px\" \/><div class=\"wp-block-cover__inner-container has-global-padding is-layout-constrained wp-block-cover-is-layout-constrained\">\n<p class=\"has-text-align-center has-base-2-color has-text-color has-link-color has-josefin-sans-font-family wp-elements-03d182cf2944c33835a42dbc7e65026b\" style=\"font-size:clamp(0.875rem, 0.875rem + ((1vw - 0.2rem) * 0.576), 1.3rem);letter-spacing:1px\">Narbonne<\/p>\n<\/div><\/div>\n\n\n\n<div data-swiper=\"{&quot;speed&quot;:1000,&quot;autoplay&quot;:{&quot;delay&quot;:5000,&quot;disableOnInteraction&quot;:false},&quot;spaceBetween&quot;:0,&quot;slidesPerView&quot;:1,&quot;pagination&quot;:{&quot;el&quot;:&quot;.swiper-pagination&quot;,&quot;dynamicBullets&quot;:true,&quot;clickable&quot;:true,&quot;type&quot;:&quot;bullets&quot;},&quot;navigation&quot;:{&quot;nextEl&quot;:&quot;.swiper-button-next&quot;,&quot;prevEl&quot;:&quot;.swiper-button-prev&quot;},&quot;breakpoints&quot;:[{&quot;slidesPerView&quot;:1}]}\" class=\"wp-block-cover has-custom-content-position is-position-bottom-center\" style=\"border-top-right-radius:150px;min-height:700px;aspect-ratio:unset;\"><span aria-hidden=\"true\" class=\"wp-block-cover__background has-background-dim-0 has-background-dim\" style=\"background-color:#8d7b6b\"><\/span><img decoding=\"async\" width=\"2000\" height=\"1450\" class=\"wp-block-cover__image-background wp-image-340\" alt=\"tradition languedoc roussillon\" src=\"https:\/\/www.camping-air-marin.fr\/wp-content\/uploads\/sites\/3\/2025\/02\/tradition-languedoc-roussillon.jpg\" data-object-fit=\"cover\" srcset=\"https:\/\/www.camping-air-marin.fr\/wp-content\/uploads\/sites\/3\/2025\/02\/tradition-languedoc-roussillon.jpg 2000w, https:\/\/www.camping-air-marin.fr\/wp-content\/uploads\/sites\/3\/2025\/02\/tradition-languedoc-roussillon-300x218.jpg 300w, https:\/\/www.camping-air-marin.fr\/wp-content\/uploads\/sites\/3\/2025\/02\/tradition-languedoc-roussillon-1024x742.jpg 1024w, https:\/\/www.camping-air-marin.fr\/wp-content\/uploads\/sites\/3\/2025\/02\/tradition-languedoc-roussillon-768x557.jpg 768w, https:\/\/www.camping-air-marin.fr\/wp-content\/uploads\/sites\/3\/2025\/02\/tradition-languedoc-roussillon-1536x1114.jpg 1536w\" sizes=\"(max-width: 2000px) 100vw, 2000px\" \/><div class=\"wp-block-cover__inner-container has-global-padding is-layout-constrained wp-block-cover-is-layout-constrained\">\n<p class=\"has-text-align-center has-base-2-color has-text-color has-link-color has-josefin-sans-font-family wp-elements-e96d51d5dacbe01c471de3713e9fd508\" style=\"font-size:clamp(0.875rem, 0.875rem + ((1vw - 0.2rem) * 0.576), 1.3rem);letter-spacing:1px\">Folklore provchasssencal<\/p>\n<\/div><\/div>\n\n\n\n<div data-swiper=\"{&quot;speed&quot;:1000,&quot;autoplay&quot;:{&quot;delay&quot;:5000,&quot;disableOnInteraction&quot;:false},&quot;spaceBetween&quot;:0,&quot;slidesPerView&quot;:1,&quot;pagination&quot;:{&quot;el&quot;:&quot;.swiper-pagination&quot;,&quot;dynamicBullets&quot;:true,&quot;clickable&quot;:true,&quot;type&quot;:&quot;bullets&quot;},&quot;navigation&quot;:{&quot;nextEl&quot;:&quot;.swiper-button-next&quot;,&quot;prevEl&quot;:&quot;.swiper-button-prev&quot;},&quot;breakpoints&quot;:[{&quot;slidesPerView&quot;:1}]}\" class=\"wp-block-cover has-custom-content-position is-position-bottom-center\" style=\"border-top-right-radius:150px;min-height:700px;aspect-ratio:unset;\"><span aria-hidden=\"true\" class=\"wp-block-cover__background has-background-dim-0 has-background-dim\" style=\"background-color:#748089\"><\/span><img decoding=\"async\" width=\"2000\" height=\"1450\" class=\"wp-block-cover__image-background wp-image-342\" alt=\"tourisme pyrenees orientales\" src=\"https:\/\/www.camping-air-marin.fr\/wp-content\/uploads\/sites\/3\/2025\/02\/tourisme-pyrenees-orientales.jpg\" data-object-fit=\"cover\" srcset=\"https:\/\/www.camping-air-marin.fr\/wp-content\/uploads\/sites\/3\/2025\/02\/tourisme-pyrenees-orientales.jpg 2000w, https:\/\/www.camping-air-marin.fr\/wp-content\/uploads\/sites\/3\/2025\/02\/tourisme-pyrenees-orientales-300x218.jpg 300w, https:\/\/www.camping-air-marin.fr\/wp-content\/uploads\/sites\/3\/2025\/02\/tourisme-pyrenees-orientales-1024x742.jpg 1024w, https:\/\/www.camping-air-marin.fr\/wp-content\/uploads\/sites\/3\/2025\/02\/tourisme-pyrenees-orientales-768x557.jpg 768w, https:\/\/www.camping-air-marin.fr\/wp-content\/uploads\/sites\/3\/2025\/02\/tourisme-pyrenees-orientales-1536x1114.jpg 1536w\" sizes=\"(max-width: 2000px) 100vw, 2000px\" \/><div class=\"wp-block-cover__inner-container has-global-padding is-layout-constrained wp-block-cover-is-layout-constrained\">\n<p class=\"has-text-align-center has-base-2-color has-text-color has-link-color has-josefin-sans-font-family wp-elements-ac4a28adc5e865d762304504e29f38a1\" style=\"font-size:clamp(0.875rem, 0.875rem + ((1vw - 0.2rem) * 0.576), 1.3rem);letter-spacing:1px\">Collioure<\/p>\n<\/div><\/div>\n\n\n\n<div data-swiper=\"{&quot;speed&quot;:1000,&quot;autoplay&quot;:{&quot;delay&quot;:5000,&quot;disableOnInteraction&quot;:false},&quot;spaceBetween&quot;:0,&quot;slidesPerView&quot;:1,&quot;pagination&quot;:{&quot;el&quot;:&quot;.swiper-pagination&quot;,&quot;dynamicBullets&quot;:true,&quot;clickable&quot;:true,&quot;type&quot;:&quot;bullets&quot;},&quot;navigation&quot;:{&quot;nextEl&quot;:&quot;.swiper-button-next&quot;,&quot;prevEl&quot;:&quot;.swiper-button-prev&quot;},&quot;breakpoints&quot;:[{&quot;slidesPerView&quot;:1}]}\" class=\"wp-block-cover has-custom-content-position is-position-bottom-center\" style=\"border-top-right-radius:150px;min-height:700px;aspect-ratio:unset;\"><span aria-hidden=\"true\" class=\"wp-block-cover__background has-background-dim-0 has-background-dim\" style=\"background-color:#73797b\"><\/span><img decoding=\"async\" width=\"2000\" height=\"1450\" class=\"wp-block-cover__image-background wp-image-344\" alt=\"plage de la grande conque languedoc roussillon\" src=\"https:\/\/www.camping-air-marin.fr\/wp-content\/uploads\/sites\/3\/2025\/02\/plage-de-la-grande-conque-languedoc-roussillon.jpg\" data-object-fit=\"cover\" srcset=\"https:\/\/www.camping-air-marin.fr\/wp-content\/uploads\/sites\/3\/2025\/02\/plage-de-la-grande-conque-languedoc-roussillon.jpg 2000w, https:\/\/www.camping-air-marin.fr\/wp-content\/uploads\/sites\/3\/2025\/02\/plage-de-la-grande-conque-languedoc-roussillon-300x218.jpg 300w, https:\/\/www.camping-air-marin.fr\/wp-content\/uploads\/sites\/3\/2025\/02\/plage-de-la-grande-conque-languedoc-roussillon-1024x742.jpg 1024w, https:\/\/www.camping-air-marin.fr\/wp-content\/uploads\/sites\/3\/2025\/02\/plage-de-la-grande-conque-languedoc-roussillon-768x557.jpg 768w, https:\/\/www.camping-air-marin.fr\/wp-content\/uploads\/sites\/3\/2025\/02\/plage-de-la-grande-conque-languedoc-roussillon-1536x1114.jpg 1536w\" sizes=\"(max-width: 2000px) 100vw, 2000px\" \/><div class=\"wp-block-cover__inner-container has-global-padding is-layout-constrained wp-block-cover-is-layout-constrained\">\n<p class=\"has-text-align-center has-base-2-color has-text-color has-link-color has-josefin-sans-font-family wp-elements-caaa0f74ca38d58284d54576cd381fd5\" style=\"font-size:clamp(0.875rem, 0.875rem + ((1vw - 0.2rem) * 0.576), 1.3rem);letter-spacing:1px\">Grande Conque Beach<\/p>\n<\/div><\/div>\n<\/div>\n\n\n\n<p class=\"has-text-align-center\" style=\"padding-top:var(--wp--preset--spacing--40);padding-right:30rem;padding-left:30rem\">From our <strong>campsite in the Languedoc-Roussillon<\/strong> and <strong>H\u00e9rault<\/strong> regions, a wide range of seasonal activities and entertainment immerse visitors in a festive and jovial atmosphere. The diversity of landscapes between <strong>the hinterland and the Mediterranean Sea<\/strong> makes it possible to enjoy aquatic or sensational leisure activities to the delight of all children and grown-up children who have remained so! At the <strong>Languedoc-Roussillon<\/strong> Finca L&#8217;Air Marin <strong>campsite<\/strong> in Vias-Plage, you&#8217;ll find plenty to keep you entertained, with our entertainers brimming with ideas and even more activities just a stone&#8217;s throw from the campsite. The coast and the Canal du Midi offer you a vast playground of limitless pleasures!   <\/p>\n<\/section>\n\n<section class=\"wp-block-group home-third page-two reverse is-layout-flow wp-block-group-is-layout-flow\">\n<div class=\"wp-block-columns has-custom-color-2-background-color has-background is-layout-flex wp-container-core-columns-is-layout-aa016f2c wp-block-columns-is-layout-flex\" style=\"padding-bottom:var(--wp--preset--spacing--50)\">\n<div class=\"wp-block-column is-layout-flow wp-block-column-is-layout-flow\" style=\"flex-basis:50%\">\n<div class=\"wp-block-group right has-global-padding is-content-justification-center is-layout-constrained wp-block-group-is-layout-constrained\">\n<div class=\"wp-block-group h2-container has-global-padding is-layout-constrained wp-block-group-is-layout-constrained\">\n<h2 class=\"wp-block-heading has-base-2-background-color has-background\" style=\"padding-top:var(--wp--preset--spacing--50);padding-right:var(--wp--preset--spacing--10);padding-bottom:var(--wp--preset--spacing--40);padding-left:var(--wp--preset--spacing--50)\"><mark style=\"background-color:rgba(0, 0, 0, 0)\" class=\"has-inline-color has-custom-color-4-color\">A wide range of<\/mark> fun and exciting <mark style=\"background-color:rgba(0, 0, 0, 0)\" class=\"has-inline-color has-custom-color-4-color\">activities<\/mark><br\/> <\/h2>\n<\/div>\n\n\n\n<div class=\"wp-block-group bottom has-global-padding is-layout-constrained wp-container-core-group-is-layout-0a497845 wp-block-group-is-layout-constrained\" style=\"padding-top:var(--wp--preset--spacing--20);padding-right:10rem;padding-bottom:0;padding-left:var(--wp--preset--spacing--50)\">\n<p><strong>Vias Plage<\/strong><\/p>\n\n\n\n<ul style=\"padding-left:var(--wp--preset--spacing--40)\" class=\"wp-block-list\">\n<li>Horseback riding (Vias-plage)<\/li>\n\n\n\n<li>Karting (Vias-plage)<\/li>\n\n\n\n<li>Mini-golf (Vias-plage)<\/li>\n\n\n\n<li>Jet Ski, Banana, Paddle (Vias beach)<\/li>\n\n\n\n<li>Parasailing, water skiing (Vias beach)<\/li>\n\n\n\n<li>Angling (Canal du Midi and sea, Vias)<\/li>\n<\/ul>\n\n\n\n<p><strong>Cap d&#8217;Agde and surroundings<\/strong><\/p>\n\n\n\n<ul style=\"padding-left:var(--wp--preset--spacing--40)\" class=\"wp-block-list\">\n<li>Scuba diving (Cap d&#8217;Agde)<\/li>\n\n\n\n<li>18-hole golf course (Cap d&#8217;Agde)<\/li>\n\n\n\n<li>Accrobranche (Cap d&#8217;Agde, Portiragnes, B\u00e9ziers)<\/li>\n\n\n\n<li>Canoeing (Roquebrun on the Orb and Saint-Guilhem-le-D\u00e9sert on the H\u00e9rault)<\/li>\n\n\n\n<li>Boat trip (Cap d&#8217;Agde marina)<\/li>\n\n\n\n<li>Catamaran trip (Cap d&#8217;Agde)<\/li>\n<\/ul>\n<\/div>\n<\/div>\n<\/div>\n\n\n\n<div class=\"wp-block-column is-layout-flow wp-block-column-is-layout-flow\" style=\"flex-basis:50%\">\n<div data-swiper=\"{&quot;speed&quot;:400,&quot;spaceBetween&quot;:15,&quot;slidesPerView&quot;:1,&quot;createElements&quot;:true,&quot;loop&quot;:true,&quot;freemode&quot;:true,&quot;navigation&quot;:{&quot;nextEl&quot;:&quot;buttonNext&quot;,&quot;prevEl&quot;:&quot;buttonPrev&quot;},&quot;breakpoints&quot;:[{&quot;slidesPerView&quot;:1}],&quot;pagination&quot;:false,&quot;parallax&quot;:true,&quot;autoplay&quot;:{&quot;delay&quot;:3500}}\" class=\"wp-block-group left gt-is-slider gt-is-slider-desktop has-global-padding is-content-justification-left is-layout-constrained wp-container-core-group-is-layout-16a8afda wp-block-group-is-layout-constrained\" style=\"padding-top:0;padding-bottom:0\">\n<figure class=\"wp-block-image size-full has-custom-border\"><img decoding=\"async\" width=\"1000\" height=\"700\" src=\"https:\/\/www.camping-air-marin.fr\/wp-content\/uploads\/sites\/3\/2025\/02\/peceh-a-la-ligne-languedoc-roussillon.jpg\" alt=\"angling languedoc roussillon\" class=\"wp-image-352\" style=\"border-bottom-left-radius:150px;object-fit:cover\" srcset=\"https:\/\/www.camping-air-marin.fr\/wp-content\/uploads\/sites\/3\/2025\/02\/peceh-a-la-ligne-languedoc-roussillon.jpg 1000w, https:\/\/www.camping-air-marin.fr\/wp-content\/uploads\/sites\/3\/2025\/02\/peceh-a-la-ligne-languedoc-roussillon-300x210.jpg 300w, https:\/\/www.camping-air-marin.fr\/wp-content\/uploads\/sites\/3\/2025\/02\/peceh-a-la-ligne-languedoc-roussillon-768x538.jpg 768w\" sizes=\"(max-width: 1000px) 100vw, 1000px\" \/><\/figure>\n\n\n\n<figure class=\"wp-block-image size-full has-custom-border\"><img decoding=\"async\" width=\"1000\" height=\"700\" src=\"https:\/\/www.camping-air-marin.fr\/wp-content\/uploads\/sites\/3\/2025\/02\/faire-de-la-plongee-sous-marine-a-agde.jpg\" alt=\"scuba diving in agde\" class=\"wp-image-350\" style=\"border-bottom-left-radius:150px;object-fit:cover\" srcset=\"https:\/\/www.camping-air-marin.fr\/wp-content\/uploads\/sites\/3\/2025\/02\/faire-de-la-plongee-sous-marine-a-agde.jpg 1000w, https:\/\/www.camping-air-marin.fr\/wp-content\/uploads\/sites\/3\/2025\/02\/faire-de-la-plongee-sous-marine-a-agde-300x210.jpg 300w, https:\/\/www.camping-air-marin.fr\/wp-content\/uploads\/sites\/3\/2025\/02\/faire-de-la-plongee-sous-marine-a-agde-768x538.jpg 768w\" sizes=\"(max-width: 1000px) 100vw, 1000px\" \/><\/figure>\n<\/div>\n<\/div>\n<\/div>\n\n\n\n<div class=\"wp-block-columns has-custom-color-2-background-color has-background is-layout-flex wp-container-core-columns-is-layout-28a601b9 wp-block-columns-is-layout-flex\" style=\"margin-top:0px;padding-top:0;padding-bottom:0\">\n<div class=\"wp-block-column is-layout-flow wp-block-column-is-layout-flow\" style=\"flex-basis:50%\">\n<div data-swiper=\"{&quot;speed&quot;:400,&quot;spaceBetween&quot;:15,&quot;slidesPerView&quot;:1,&quot;createElements&quot;:true,&quot;loop&quot;:true,&quot;freemode&quot;:true,&quot;navigation&quot;:{&quot;nextEl&quot;:&quot;buttonNext&quot;,&quot;prevEl&quot;:&quot;buttonPrev&quot;},&quot;breakpoints&quot;:[{&quot;slidesPerView&quot;:1}],&quot;pagination&quot;:false,&quot;parallax&quot;:true,&quot;autoplay&quot;:{&quot;delay&quot;:3500}}\" class=\"wp-block-group left gt-is-slider gt-is-slider-desktop has-global-padding is-content-justification-center is-layout-constrained wp-block-group-is-layout-constrained\" style=\"padding-top:0;padding-bottom:0\">\n<figure class=\"wp-block-image size-full has-custom-border\"><img decoding=\"async\" width=\"1000\" height=\"700\" src=\"https:\/\/www.camping-air-marin.fr\/wp-content\/uploads\/sites\/3\/2025\/02\/parc-attraction-cap-agde.jpg\" alt=\"cap agde amusement park\" class=\"wp-image-354\" style=\"border-top-right-radius:150px\" srcset=\"https:\/\/www.camping-air-marin.fr\/wp-content\/uploads\/sites\/3\/2025\/02\/parc-attraction-cap-agde.jpg 1000w, https:\/\/www.camping-air-marin.fr\/wp-content\/uploads\/sites\/3\/2025\/02\/parc-attraction-cap-agde-300x210.jpg 300w, https:\/\/www.camping-air-marin.fr\/wp-content\/uploads\/sites\/3\/2025\/02\/parc-attraction-cap-agde-768x538.jpg 768w\" sizes=\"(max-width: 1000px) 100vw, 1000px\" \/><figcaption class=\"wp-element-caption\">Europark<\/figcaption><\/figure>\n\n\n\n<figure class=\"wp-block-image size-full has-custom-border\"><img decoding=\"async\" width=\"1000\" height=\"700\" src=\"https:\/\/www.camping-air-marin.fr\/wp-content\/uploads\/sites\/3\/2025\/02\/zoo-languedoc-rousillon.jpg\" alt=\"zoo languedoc rousillon\" class=\"wp-image-489\" style=\"border-top-right-radius:150px\" srcset=\"https:\/\/www.camping-air-marin.fr\/wp-content\/uploads\/sites\/3\/2025\/02\/zoo-languedoc-rousillon.jpg 1000w, https:\/\/www.camping-air-marin.fr\/wp-content\/uploads\/sites\/3\/2025\/02\/zoo-languedoc-rousillon-300x210.jpg 300w, https:\/\/www.camping-air-marin.fr\/wp-content\/uploads\/sites\/3\/2025\/02\/zoo-languedoc-rousillon-768x538.jpg 768w\" sizes=\"(max-width: 1000px) 100vw, 1000px\" \/><figcaption class=\"wp-element-caption\">Lunaret Zoo<\/figcaption><\/figure>\n<\/div>\n<\/div>\n\n\n\n<div class=\"wp-block-column is-vertically-aligned-center is-layout-flow wp-block-column-is-layout-flow\" style=\"flex-basis:50%\">\n<div class=\"wp-block-group right has-global-padding is-content-justification-left is-layout-constrained wp-container-core-group-is-layout-12dd3699 wp-block-group-is-layout-constrained\">\n<div class=\"wp-block-group h2-container has-global-padding is-layout-constrained wp-block-group-is-layout-constrained\">\n<h2 class=\"wp-block-heading has-large-font-size\" style=\"padding-top:var(--wp--preset--spacing--50);padding-right:var(--wp--preset--spacing--10);padding-bottom:var(--wp--preset--spacing--30);padding-left:var(--wp--preset--spacing--50);font-style:normal;font-weight:100\"><mark style=\"background-color:rgba(0, 0, 0, 0)\" class=\"has-inline-color has-custom-color-4-color\">Visit the Languedoc-Roussillon region: <\/mark><br\/>and have fun!<\/h2>\n<\/div>\n\n\n\n<div class=\"wp-block-group bottom has-link-color wp-elements-97019f2d10224f360d5213099a241a3b has-global-padding is-layout-constrained wp-container-core-group-is-layout-a796f9df wp-block-group-is-layout-constrained\" style=\"padding-top:0;padding-right:10rem;padding-bottom:0;padding-left:var(--wp--preset--spacing--50)\">\n<p>And because weekends and vacations are times for fun and celebration, share wonderful moments with family and friends in the <strong>South of France:<\/strong> <strong>visiting Languedoc-Roussillon<\/strong> offers you its finest assets, activities and events throughout the season:<\/p>\n\n\n\n<ul style=\"padding-left:var(--wp--preset--spacing--40)\" class=\"wp-block-list\">\n<li>Amusement parks: Europark and <a href=\"https:\/\/www.europarkindoor.com\/\" data-type=\"link\" data-id=\"https:\/\/www.europarkindoor.com\/\" target=\"_blank\" rel=\"noreferrer noopener nofollow\">Europark Indoor<\/a> (Vias), Lunapark (Cap d&#8217;Agde and Marseillan-plage)<\/li>\n\n\n\n<li>Water parks: <a href=\"https:\/\/www.aqualand.fr\/cap-d-agde\/\" data-type=\"link\" data-id=\"https:\/\/www.aqualand.fr\/cap-d-agde\/\" target=\"_blank\" rel=\"noreferrer noopener nofollow\">Aqualand<\/a> and Cap Jacko (Cap d&#8217;Agde)<\/li>\n\n\n\n<li>Animal parks: Cactus Park (Vias), R\u00e9serve Africaine (Sigean), Zoo du Lunaret (Montpellier), Mini-Farm (Cessenon sur Orb), Dinol200 m\u00b2u Cap d&#8217;Agde (200 m\u00b2 aquatic playground and outdoor playground).<\/li>\n\n\n\n<li>Aquariums: Cap d&#8217;Agde, Montpellier, Grau du Roi<\/li>\n\n\n\n<li>Party venues: Ile des Loisirs and its discotheques (Cap d&#8217;Agde), the famous naturist camp (Cap d&#8217;Agde)<\/li>\n<\/ul>\n<\/div>\n<\/div>\n<\/div>\n<\/div>\n\n\n\n<p class=\"h1-like\"><span>landscapes<\/span> languedoc <\/p>\n<\/section>\n\n<section class=\"wp-block-group home-third page-two is-layout-flow wp-block-group-is-layout-flow\" style=\"margin-top:var(--wp--preset--spacing--50);margin-bottom:var(--wp--preset--spacing--50)\">\n<div class=\"wp-block-columns has-custom-color-2-background-color has-background is-layout-flex wp-container-core-columns-is-layout-28f84493 wp-block-columns-is-layout-flex\">\n<div class=\"wp-block-column is-layout-flow wp-block-column-is-layout-flow\" style=\"flex-basis:50%\">\n<div data-swiper=\"{&quot;speed&quot;:400,&quot;spaceBetween&quot;:15,&quot;slidesPerView&quot;:1,&quot;createElements&quot;:true,&quot;loop&quot;:true,&quot;freemode&quot;:true,&quot;navigation&quot;:{&quot;nextEl&quot;:&quot;buttonNext&quot;,&quot;prevEl&quot;:&quot;buttonPrev&quot;},&quot;breakpoints&quot;:[{&quot;slidesPerView&quot;:1}],&quot;pagination&quot;:false,&quot;parallax&quot;:true,&quot;autoplay&quot;:{&quot;delay&quot;:3500}}\" class=\"wp-block-group left gt-is-slider gt-is-slider-desktop has-global-padding is-content-justification-left is-layout-constrained wp-container-core-group-is-layout-16a8afda wp-block-group-is-layout-constrained\" style=\"padding-top:0;padding-bottom:0\">\n<figure class=\"wp-block-image size-full\"><img decoding=\"async\" width=\"840\" height=\"700\" src=\"https:\/\/www.camping-air-marin.fr\/wp-content\/uploads\/sites\/3\/2025\/03\/visiter-le-fleuve-orb-a-beziers-1-1.jpg\" alt=\"visit the orb river in beziers 1 (1)\" class=\"wp-image-6400\" srcset=\"https:\/\/www.camping-air-marin.fr\/wp-content\/uploads\/sites\/3\/2025\/03\/visiter-le-fleuve-orb-a-beziers-1-1.jpg 840w, https:\/\/www.camping-air-marin.fr\/wp-content\/uploads\/sites\/3\/2025\/03\/visiter-le-fleuve-orb-a-beziers-1-1-300x250.jpg 300w, https:\/\/www.camping-air-marin.fr\/wp-content\/uploads\/sites\/3\/2025\/03\/visiter-le-fleuve-orb-a-beziers-1-1-768x640.jpg 768w\" sizes=\"(max-width: 840px) 100vw, 840px\" \/><\/figure>\n<\/div>\n<\/div>\n\n\n\n<div class=\"wp-block-column is-layout-flow wp-block-column-is-layout-flow\" style=\"flex-basis:50%\">\n<div class=\"wp-block-group right has-global-padding is-content-justification-left is-layout-constrained wp-container-core-group-is-layout-12dd3699 wp-block-group-is-layout-constrained\">\n<div class=\"wp-block-group h2-container has-global-padding is-layout-constrained wp-block-group-is-layout-constrained\">\n<h2 class=\"wp-block-heading has-base-2-background-color has-background has-large-font-size\" style=\"padding-top:var(--wp--preset--spacing--50);padding-bottom:var(--wp--preset--spacing--30);padding-left:var(--wp--preset--spacing--50);font-style:normal;font-weight:100\"><mark style=\"background-color:rgba(0, 0, 0, 0)\" class=\"has-inline-color has-custom-color-4-color\">Enjoy the Canal du Midi<\/mark> in all its splendour<\/h2>\n<\/div>\n\n\n\n<div class=\"wp-block-group bottom has-link-color wp-elements-778014ac4560c4966f10fa30eb37f8f4 has-global-padding is-layout-constrained wp-container-core-group-is-layout-18c45ae5 wp-block-group-is-layout-constrained\" style=\"padding-top:0;padding-right:15rem;padding-bottom:0;padding-left:var(--wp--preset--spacing--50)\">\n<p>The Grand Canal de Riquet is ideally suited to both land and sea trips, right from the campsite! <strong>Hire a boat or canoe <\/strong>to cross the peaceful, natural landscape, following the stages of the Canal du Midi from north to south in the H\u00e9rault region. For those who want to keep their feet on the ground, stroll along the banks, which are accessible to pedestrians and cyclists.  <\/p>\n\n\n\n<ul class=\"wp-block-list\">\n<li>Boat rental and cruises on the Canal du Midi<\/li>\n\n\n\n<li>Angling<\/li>\n\n\n\n<li>Canoeing<\/li>\n<\/ul>\n<\/div>\n<\/div>\n<\/div>\n<\/div>\n\n\n\n<section class=\"wp-block-group page-one has-link-color wp-elements-dc42e59c54d84064bd5548c3a8e7d429 is-layout-flow wp-block-group-is-layout-flow\" style=\"margin-top:var(--wp--preset--spacing--60);margin-bottom:var(--wp--preset--spacing--60);padding-top:var(--wp--preset--spacing--20);padding-bottom:0\">\n<div class=\"wp-block-group h2-container has-global-padding is-content-justification-center is-layout-constrained wp-block-group-is-layout-constrained\">\n<h2 class=\"wp-block-heading has-text-align-center\"><mark style=\"background-color:rgba(0, 0, 0, 0)\" class=\"has-inline-color has-custom-color-4-color\">No H\u00e9rault<\/mark><br\/> without bikes!<\/h2>\n<\/div>\n\n\n\n<div data-swiper=\"{&quot;speed&quot;:400,&quot;spaceBetween&quot;:30,&quot;slidesPerView&quot;:2,&quot;loop&quot;:true,&quot;breakpoints&quot;:{&quot;0&quot;:{&quot;slidesPerView&quot;:1,&quot;centeredSlides&quot;:true},&quot;781&quot;:{&quot;slidesPerView&quot;:2,&quot;centeredSlides&quot;:true}},&quot;navigation&quot;:{&quot;nextEl&quot;:&quot;buttonNext&quot;,&quot;prevEl&quot;:&quot;buttonPrev&quot;},&quot;pagination&quot;:false,&quot;centeredSlides&quot;:true,&quot;parallax&quot;:true,&quot;autoplay&quot;:{&quot;delay&quot;:3500}}\" class=\"wp-block-group slider-container gt-is-slider gt-is-slider-desktop is-layout-flow wp-block-group-is-layout-flow\">\n<div data-swiper=\"{&quot;speed&quot;:1000,&quot;autoplay&quot;:{&quot;delay&quot;:5000,&quot;disableOnInteraction&quot;:false},&quot;spaceBetween&quot;:0,&quot;slidesPerView&quot;:1,&quot;pagination&quot;:{&quot;el&quot;:&quot;.swiper-pagination&quot;,&quot;dynamicBullets&quot;:true,&quot;clickable&quot;:true,&quot;type&quot;:&quot;bullets&quot;},&quot;navigation&quot;:{&quot;nextEl&quot;:&quot;.swiper-button-next&quot;,&quot;prevEl&quot;:&quot;.swiper-button-prev&quot;},&quot;breakpoints&quot;:[{&quot;slidesPerView&quot;:1}]}\" class=\"wp-block-cover is-light has-custom-content-position is-position-bottom-center\" style=\"border-top-right-radius:150px;min-height:700px;aspect-ratio:unset;\"><span aria-hidden=\"true\" class=\"wp-block-cover__background has-background-dim-0 has-background-dim\" style=\"background-color:#889b4c\"><\/span><img decoding=\"async\" width=\"2000\" height=\"1450\" class=\"wp-block-cover__image-background wp-image-402\" alt=\"balade a velo en famille languedoc\" src=\"https:\/\/www.camping-air-marin.fr\/wp-content\/uploads\/sites\/3\/2025\/02\/balade-a-velo-en-famille-languedoc.jpg\" data-object-fit=\"cover\" srcset=\"https:\/\/www.camping-air-marin.fr\/wp-content\/uploads\/sites\/3\/2025\/02\/balade-a-velo-en-famille-languedoc.jpg 2000w, https:\/\/www.camping-air-marin.fr\/wp-content\/uploads\/sites\/3\/2025\/02\/balade-a-velo-en-famille-languedoc-300x218.jpg 300w, https:\/\/www.camping-air-marin.fr\/wp-content\/uploads\/sites\/3\/2025\/02\/balade-a-velo-en-famille-languedoc-1024x742.jpg 1024w, https:\/\/www.camping-air-marin.fr\/wp-content\/uploads\/sites\/3\/2025\/02\/balade-a-velo-en-famille-languedoc-768x557.jpg 768w, https:\/\/www.camping-air-marin.fr\/wp-content\/uploads\/sites\/3\/2025\/02\/balade-a-velo-en-famille-languedoc-1536x1114.jpg 1536w\" sizes=\"(max-width: 2000px) 100vw, 2000px\" \/><div class=\"wp-block-cover__inner-container has-global-padding is-layout-constrained wp-block-cover-is-layout-constrained\">\n<p class=\"has-text-align-center has-base-2-color has-text-color has-link-color has-josefin-sans-font-family wp-elements-4c651948a3c203fb419b261bd38fcf52\" style=\"font-size:clamp(0.875rem, 0.875rem + ((1vw - 0.2rem) * 0.576), 1.3rem);letter-spacing:1px\"><\/p>\n<\/div><\/div>\n\n\n\n<div data-swiper=\"{&quot;speed&quot;:1000,&quot;autoplay&quot;:{&quot;delay&quot;:5000,&quot;disableOnInteraction&quot;:false},&quot;spaceBetween&quot;:0,&quot;slidesPerView&quot;:1,&quot;pagination&quot;:{&quot;el&quot;:&quot;.swiper-pagination&quot;,&quot;dynamicBullets&quot;:true,&quot;clickable&quot;:true,&quot;type&quot;:&quot;bullets&quot;},&quot;navigation&quot;:{&quot;nextEl&quot;:&quot;.swiper-button-next&quot;,&quot;prevEl&quot;:&quot;.swiper-button-prev&quot;},&quot;breakpoints&quot;:[{&quot;slidesPerView&quot;:1}]}\" class=\"wp-block-cover has-custom-content-position is-position-bottom-center\" style=\"border-top-right-radius:150px;min-height:700px;aspect-ratio:unset;\"><span aria-hidden=\"true\" class=\"wp-block-cover__background has-background-dim-0 has-background-dim\" style=\"background-color:#706b2e\"><\/span><img decoding=\"async\" width=\"2000\" height=\"1450\" class=\"wp-block-cover__image-background wp-image-406\" alt=\"faire du velo au bord du canal du midi\" src=\"https:\/\/www.camping-air-marin.fr\/wp-content\/uploads\/sites\/3\/2025\/02\/faire-du-velo-au-bord-du-canal-du-midi.jpg\" data-object-fit=\"cover\" srcset=\"https:\/\/www.camping-air-marin.fr\/wp-content\/uploads\/sites\/3\/2025\/02\/faire-du-velo-au-bord-du-canal-du-midi.jpg 2000w, https:\/\/www.camping-air-marin.fr\/wp-content\/uploads\/sites\/3\/2025\/02\/faire-du-velo-au-bord-du-canal-du-midi-300x218.jpg 300w, https:\/\/www.camping-air-marin.fr\/wp-content\/uploads\/sites\/3\/2025\/02\/faire-du-velo-au-bord-du-canal-du-midi-1024x742.jpg 1024w, https:\/\/www.camping-air-marin.fr\/wp-content\/uploads\/sites\/3\/2025\/02\/faire-du-velo-au-bord-du-canal-du-midi-768x557.jpg 768w, https:\/\/www.camping-air-marin.fr\/wp-content\/uploads\/sites\/3\/2025\/02\/faire-du-velo-au-bord-du-canal-du-midi-1536x1114.jpg 1536w\" sizes=\"(max-width: 2000px) 100vw, 2000px\" \/><div class=\"wp-block-cover__inner-container has-global-padding is-layout-constrained wp-block-cover-is-layout-constrained\">\n<p class=\"has-text-align-center has-base-2-color has-text-color has-link-color has-josefin-sans-font-family wp-elements-4c651948a3c203fb419b261bd38fcf52\" style=\"font-size:clamp(0.875rem, 0.875rem + ((1vw - 0.2rem) * 0.576), 1.3rem);letter-spacing:1px\"><\/p>\n<\/div><\/div>\n\n\n\n<div data-swiper=\"{&quot;speed&quot;:1000,&quot;autoplay&quot;:{&quot;delay&quot;:5000,&quot;disableOnInteraction&quot;:false},&quot;spaceBetween&quot;:0,&quot;slidesPerView&quot;:1,&quot;pagination&quot;:{&quot;el&quot;:&quot;.swiper-pagination&quot;,&quot;dynamicBullets&quot;:true,&quot;clickable&quot;:true,&quot;type&quot;:&quot;bullets&quot;},&quot;navigation&quot;:{&quot;nextEl&quot;:&quot;.swiper-button-next&quot;,&quot;prevEl&quot;:&quot;.swiper-button-prev&quot;},&quot;breakpoints&quot;:[{&quot;slidesPerView&quot;:1}]}\" class=\"wp-block-cover is-light has-custom-content-position is-position-bottom-center\" style=\"border-top-right-radius:150px;min-height:700px;aspect-ratio:unset;\"><span aria-hidden=\"true\" class=\"wp-block-cover__background has-background-dim-0 has-background-dim\" style=\"background-color:#8791a1\"><\/span><img decoding=\"async\" width=\"2000\" height=\"1450\" class=\"wp-block-cover__image-background wp-image-410\" alt=\"sentiers a velo proche du canal du midi\" src=\"https:\/\/www.camping-air-marin.fr\/wp-content\/uploads\/sites\/3\/2025\/02\/sentiers-a-velo-proche-du-canal-du-midi.jpg\" data-object-fit=\"cover\" srcset=\"https:\/\/www.camping-air-marin.fr\/wp-content\/uploads\/sites\/3\/2025\/02\/sentiers-a-velo-proche-du-canal-du-midi.jpg 2000w, https:\/\/www.camping-air-marin.fr\/wp-content\/uploads\/sites\/3\/2025\/02\/sentiers-a-velo-proche-du-canal-du-midi-300x218.jpg 300w, https:\/\/www.camping-air-marin.fr\/wp-content\/uploads\/sites\/3\/2025\/02\/sentiers-a-velo-proche-du-canal-du-midi-1024x742.jpg 1024w, https:\/\/www.camping-air-marin.fr\/wp-content\/uploads\/sites\/3\/2025\/02\/sentiers-a-velo-proche-du-canal-du-midi-768x557.jpg 768w, https:\/\/www.camping-air-marin.fr\/wp-content\/uploads\/sites\/3\/2025\/02\/sentiers-a-velo-proche-du-canal-du-midi-1536x1114.jpg 1536w\" sizes=\"(max-width: 2000px) 100vw, 2000px\" \/><div class=\"wp-block-cover__inner-container has-global-padding is-layout-constrained wp-block-cover-is-layout-constrained\">\n<p class=\"has-text-align-center has-base-2-color has-text-color has-link-color has-josefin-sans-font-family wp-elements-4c651948a3c203fb419b261bd38fcf52\" style=\"font-size:clamp(0.875rem, 0.875rem + ((1vw - 0.2rem) * 0.576), 1.3rem);letter-spacing:1px\"><\/p>\n<\/div><\/div>\n\n\n\n<div data-swiper=\"{&quot;speed&quot;:1000,&quot;autoplay&quot;:{&quot;delay&quot;:5000,&quot;disableOnInteraction&quot;:false},&quot;spaceBetween&quot;:0,&quot;slidesPerView&quot;:1,&quot;pagination&quot;:{&quot;el&quot;:&quot;.swiper-pagination&quot;,&quot;dynamicBullets&quot;:true,&quot;clickable&quot;:true,&quot;type&quot;:&quot;bullets&quot;},&quot;navigation&quot;:{&quot;nextEl&quot;:&quot;.swiper-button-next&quot;,&quot;prevEl&quot;:&quot;.swiper-button-prev&quot;},&quot;breakpoints&quot;:[{&quot;slidesPerView&quot;:1}]}\" class=\"wp-block-cover has-custom-content-position is-position-bottom-center\" style=\"border-top-right-radius:150px;min-height:700px;aspect-ratio:unset;\"><span aria-hidden=\"true\" class=\"wp-block-cover__background has-background-dim-0 has-background-dim\" style=\"background-color:#5a8080\"><\/span><img decoding=\"async\" width=\"2000\" height=\"1450\" class=\"wp-block-cover__image-background wp-image-414\" alt=\"camping familial proche du canal du midi\" src=\"https:\/\/www.camping-air-marin.fr\/wp-content\/uploads\/sites\/3\/2025\/02\/camping-familial-proche-du-canal-du-midi.jpg\" data-object-fit=\"cover\" srcset=\"https:\/\/www.camping-air-marin.fr\/wp-content\/uploads\/sites\/3\/2025\/02\/camping-familial-proche-du-canal-du-midi.jpg 2000w, https:\/\/www.camping-air-marin.fr\/wp-content\/uploads\/sites\/3\/2025\/02\/camping-familial-proche-du-canal-du-midi-300x218.jpg 300w, https:\/\/www.camping-air-marin.fr\/wp-content\/uploads\/sites\/3\/2025\/02\/camping-familial-proche-du-canal-du-midi-1024x742.jpg 1024w, https:\/\/www.camping-air-marin.fr\/wp-content\/uploads\/sites\/3\/2025\/02\/camping-familial-proche-du-canal-du-midi-768x557.jpg 768w, https:\/\/www.camping-air-marin.fr\/wp-content\/uploads\/sites\/3\/2025\/02\/camping-familial-proche-du-canal-du-midi-1536x1114.jpg 1536w\" sizes=\"(max-width: 2000px) 100vw, 2000px\" \/><div class=\"wp-block-cover__inner-container has-global-padding is-layout-constrained wp-block-cover-is-layout-constrained\">\n<p class=\"has-text-align-center has-base-2-color has-text-color has-link-color has-josefin-sans-font-family wp-elements-4c651948a3c203fb419b261bd38fcf52\" style=\"font-size:clamp(0.875rem, 0.875rem + ((1vw - 0.2rem) * 0.576), 1.3rem);letter-spacing:1px\"><\/p>\n<\/div><\/div>\n<\/div>\n\n\n\n<p class=\"has-text-align-center\" style=\"padding-top:var(--wp--preset--spacing--40);padding-right:30rem;padding-left:30rem\">On the road, <strong>along the Canal du Midi<\/strong>, or on mountain bike trails in the hinterland, discover the region by bike! Alone or in a group, beginner or experienced, touring or extreme, there&#8217;s something for everyone! Click on the map opposite for an itinerary starting from the campsite.n a guarantee of serenity.  <\/p>\n<\/section>\n<\/section>\n\n<section class=\"wp-block-group home-third page-two reverse is-layout-flow wp-block-group-is-layout-flow\">\n<div class=\"wp-block-columns has-custom-color-2-background-color has-background is-layout-flex wp-container-core-columns-is-layout-e477a36d wp-block-columns-is-layout-flex\" style=\"padding-bottom:var(--wp--preset--spacing--60)\">\n<div class=\"wp-block-column is-layout-flow wp-block-column-is-layout-flow\" style=\"flex-basis:50%\">\n<div class=\"wp-block-group right has-global-padding is-content-justification-center is-layout-constrained wp-block-group-is-layout-constrained\">\n<div class=\"wp-block-group h2-container has-global-padding is-layout-constrained wp-container-core-group-is-layout-254f1302 wp-block-group-is-layout-constrained\" style=\"padding-top:0;padding-right:0;padding-bottom:0;padding-left:0\">\n<h2 class=\"wp-block-heading has-base-2-background-color has-background\" style=\"padding-top:var(--wp--preset--spacing--50);padding-right:var(--wp--preset--spacing--10);padding-bottom:var(--wp--preset--spacing--40);padding-left:var(--wp--preset--spacing--50)\"><mark style=\"background-color:rgba(0, 0, 0, 0)\" class=\"has-inline-color has-custom-color-4-color\">The<\/mark> Languedoc <mark style=\"background-color:rgba(0, 0, 0, 0)\" class=\"has-inline-color has-custom-color-4-color\">hinterland<\/mark> <\/h2>\n<\/div>\n\n\n\n<div class=\"wp-block-group bottom has-global-padding is-layout-constrained wp-container-core-group-is-layout-0a497845 wp-block-group-is-layout-constrained\" style=\"padding-top:var(--wp--preset--spacing--20);padding-right:10rem;padding-bottom:0;padding-left:var(--wp--preset--spacing--50)\">\n<p>To discover the special features of the Languedoc hinterland,<strong> Camping Finca l&#8217;Air Marin<\/strong> 4* invites you to take the following itineraries:<\/p>\n\n\n\n<ul style=\"padding-left:var(--wp--preset--spacing--40)\" class=\"wp-block-list has-link-color wp-elements-7e8ec45f4331c68364da6de58594a80b\">\n<li>medieval and Cathar cities: <a href=\"https:\/\/www.camping-air-marin.fr\/en\/surroundings\/tourism-carcassonne\/\" data-type=\"page\" data-id=\"107\">Carcassonne<\/a>, <strong>Minerve<\/strong>.<\/li>\n\n\n\n<li>exceptional cirques<strong>: <\/strong>the cirque de Navacelles and the cirque de Mour\u00e8ze, 60 and 45 minutes respectively from our <strong>Vias campsite<\/strong>.<\/li>\n\n\n\n<li>lakes: Lac du Salagou, Lac de la Ravi\u00e8ge on the H\u00e9rault and Tarn rivers, and Lac d&#8217;Av\u00e8ne (1 h 30 from the campsite). This is the perfect opportunity to plan a picnic in the heart of nature, go hiking or mountain biking, or try your hand at a board sport. <\/li>\n<\/ul>\n<\/div>\n<\/div>\n<\/div>\n\n\n\n<div class=\"wp-block-column is-layout-flow wp-block-column-is-layout-flow\" style=\"flex-basis:50%\">\n<div class=\"wp-block-group left is-layout-flow wp-block-group-is-layout-flow\" style=\"padding-top:0;padding-bottom:0\">\n<figure class=\"wp-block-image size-full has-custom-border\"><img decoding=\"async\" width=\"1000\" height=\"700\" src=\"https:\/\/www.camping-air-marin.fr\/wp-content\/uploads\/sites\/3\/2025\/02\/visiter-le-cirque-de-moureze.jpg\" alt=\"visit the cirque de moureze\" class=\"wp-image-418\" style=\"border-bottom-left-radius:150px;object-fit:cover\" srcset=\"https:\/\/www.camping-air-marin.fr\/wp-content\/uploads\/sites\/3\/2025\/02\/visiter-le-cirque-de-moureze.jpg 1000w, https:\/\/www.camping-air-marin.fr\/wp-content\/uploads\/sites\/3\/2025\/02\/visiter-le-cirque-de-moureze-300x210.jpg 300w, https:\/\/www.camping-air-marin.fr\/wp-content\/uploads\/sites\/3\/2025\/02\/visiter-le-cirque-de-moureze-768x538.jpg 768w\" sizes=\"(max-width: 1000px) 100vw, 1000px\" \/><figcaption class=\"wp-element-caption\">Mour\u00e8ze Circus<\/figcaption><\/figure>\n<\/div>\n<\/div>\n<\/div>\n\n\n\n<div class=\"wp-block-columns has-custom-color-2-background-color has-background is-layout-flex wp-container-core-columns-is-layout-616294e8 wp-block-columns-is-layout-flex\" style=\"margin-top:0px;padding-top:0\">\n<div class=\"wp-block-column is-layout-flow wp-block-column-is-layout-flow\" style=\"flex-basis:50%\">\n<div data-swiper=\"{&quot;speed&quot;:400,&quot;spaceBetween&quot;:15,&quot;slidesPerView&quot;:1,&quot;createElements&quot;:true,&quot;loop&quot;:true,&quot;freemode&quot;:true,&quot;navigation&quot;:{&quot;nextEl&quot;:&quot;buttonNext&quot;,&quot;prevEl&quot;:&quot;buttonPrev&quot;},&quot;breakpoints&quot;:[{&quot;slidesPerView&quot;:1}],&quot;pagination&quot;:false,&quot;parallax&quot;:true,&quot;autoplay&quot;:{&quot;delay&quot;:3500}}\" class=\"wp-block-group left gt-is-slider gt-is-slider-desktop has-global-padding is-content-justification-center is-layout-constrained wp-block-group-is-layout-constrained\" style=\"padding-top:0;padding-bottom:0\">\n<figure class=\"wp-block-image size-full has-custom-border\"><img decoding=\"async\" width=\"1000\" height=\"700\" src=\"https:\/\/www.camping-air-marin.fr\/wp-content\/uploads\/sites\/3\/2025\/02\/visiter-les-gorges-d-heric-en-herault.jpg\" alt=\"visit gorges d'heric en herault\" class=\"wp-image-422\" style=\"border-top-right-radius:150px\" srcset=\"https:\/\/www.camping-air-marin.fr\/wp-content\/uploads\/sites\/3\/2025\/02\/visiter-les-gorges-d-heric-en-herault.jpg 1000w, https:\/\/www.camping-air-marin.fr\/wp-content\/uploads\/sites\/3\/2025\/02\/visiter-les-gorges-d-heric-en-herault-300x210.jpg 300w, https:\/\/www.camping-air-marin.fr\/wp-content\/uploads\/sites\/3\/2025\/02\/visiter-les-gorges-d-heric-en-herault-768x538.jpg 768w\" sizes=\"(max-width: 1000px) 100vw, 1000px\" \/><figcaption class=\"wp-element-caption\">H\u00e9ric gorge<\/figcaption><\/figure>\n\n\n\n<figure class=\"wp-block-image size-full has-custom-border\"><img decoding=\"async\" width=\"1000\" height=\"700\" src=\"https:\/\/www.camping-air-marin.fr\/wp-content\/uploads\/sites\/3\/2025\/02\/visiter-les-grottes-des-demoiselles-en-herault.jpg\" alt=\"visit the grottes des demoiselles in herault\" class=\"wp-image-427\" style=\"border-top-right-radius:150px\" srcset=\"https:\/\/www.camping-air-marin.fr\/wp-content\/uploads\/sites\/3\/2025\/02\/visiter-les-grottes-des-demoiselles-en-herault.jpg 1000w, https:\/\/www.camping-air-marin.fr\/wp-content\/uploads\/sites\/3\/2025\/02\/visiter-les-grottes-des-demoiselles-en-herault-300x210.jpg 300w, https:\/\/www.camping-air-marin.fr\/wp-content\/uploads\/sites\/3\/2025\/02\/visiter-les-grottes-des-demoiselles-en-herault-768x538.jpg 768w\" sizes=\"(max-width: 1000px) 100vw, 1000px\" \/><figcaption class=\"wp-element-caption\">Grottes des Demoiselles<\/figcaption><\/figure>\n<\/div>\n<\/div>\n\n\n\n<div class=\"wp-block-column is-vertically-aligned-center is-layout-flow wp-block-column-is-layout-flow\" style=\"flex-basis:50%\">\n<div class=\"wp-block-group right has-global-padding is-content-justification-left is-layout-constrained wp-container-core-group-is-layout-12dd3699 wp-block-group-is-layout-constrained\">\n<div class=\"wp-block-group bottom has-link-color wp-elements-68f25f1ef408eda732bc6f858827c529 has-global-padding is-layout-constrained wp-container-core-group-is-layout-a796f9df wp-block-group-is-layout-constrained\" style=\"padding-top:0;padding-right:10rem;padding-bottom:0;padding-left:var(--wp--preset--spacing--50)\">\n<ul style=\"padding-left:var(--wp--preset--spacing--40)\" class=\"wp-block-list has-link-color wp-elements-b495a3fbc942973d16b1ff8688dc7176\">\n<li>gorges: the <strong>H\u00e9ric gorges at Mons la Trivalle<\/strong> and the <strong>H\u00e9rault gorges at St-Guilhem-le-D\u00e9sert<\/strong>. Ideal for swimming, canoeing and climbing, the gorges are also popular with holidaymakers for their cool summer temperatures. <\/li>\n\n\n\n<li>caves:<strong> the Clamouse cave in St-Guilhem-le-D\u00e9sert <\/strong>and the <strong>Demoiselles cave<\/strong> between the Cirque de Navacelles and the Pic St-Loup.<\/li>\n\n\n\n<li>exceptional villages with stone houses:<strong> Roquebrun<\/strong> and its neighboring village Vieussan, <strong>St-Guilhem-le-D\u00e9sert classified as the most beautiful village in France. <\/strong>Just 15 minutes north of Camping Finca L&#8217;Air Marin is <strong>P\u00e9zenas<\/strong>, a town steeped in history, with its historic center and artisanal stalls, where you&#8217;ll find your finest vacation souvenirs. In July and August, the artisans offer evening events on Wednesday and Friday evenings. You can also take part in the &#8220;Estivales&#8221;, during which you can<strong> sample regional wines<\/strong> and take part in family events. In short, you&#8217;ll be totally immersed in <strong>Occitan culture<\/strong>.   <\/li>\n<\/ul>\n<\/div>\n<\/div>\n<\/div>\n<\/div>\n\n\n\n<p class=\"h1-like\">nature &amp; <span>discovery<\/span> <\/p>\n<\/section>\n\n<section class=\"wp-block-group home-third page-two has-custom-color-2-background-color has-background is-layout-flow wp-block-group-is-layout-flow\" style=\"margin-top:var(--wp--preset--spacing--60);margin-bottom:0;padding-top:0;padding-right:0;padding-bottom:var(--wp--preset--spacing--60);padding-left:0\">\n<div class=\"wp-block-columns has-custom-color-2-background-color has-background is-layout-flex wp-container-core-columns-is-layout-14cf5ab5 wp-block-columns-is-layout-flex\">\n<div class=\"wp-block-column is-layout-flow wp-block-column-is-layout-flow\" style=\"flex-basis:50%\">\n<div data-swiper=\"{&quot;speed&quot;:400,&quot;spaceBetween&quot;:15,&quot;slidesPerView&quot;:1,&quot;createElements&quot;:true,&quot;loop&quot;:true,&quot;freemode&quot;:true,&quot;navigation&quot;:{&quot;nextEl&quot;:&quot;buttonNext&quot;,&quot;prevEl&quot;:&quot;buttonPrev&quot;},&quot;breakpoints&quot;:[{&quot;slidesPerView&quot;:1}],&quot;pagination&quot;:false,&quot;parallax&quot;:true,&quot;autoplay&quot;:{&quot;delay&quot;:3500}}\" class=\"wp-block-group left gt-is-slider gt-is-slider-desktop has-global-padding is-content-justification-left is-layout-constrained wp-container-core-group-is-layout-16a8afda wp-block-group-is-layout-constrained\" style=\"padding-top:0;padding-bottom:0\">\n<figure class=\"wp-block-image size-full has-custom-border\"><img decoding=\"async\" width=\"1000\" height=\"700\" src=\"https:\/\/www.camping-air-marin.fr\/wp-content\/uploads\/sites\/3\/2025\/02\/camping-famille-a-vias.jpg\" alt=\"family camping in vias\" class=\"wp-image-438\" style=\"border-bottom-left-radius:0px\" srcset=\"https:\/\/www.camping-air-marin.fr\/wp-content\/uploads\/sites\/3\/2025\/02\/camping-famille-a-vias.jpg 1000w, https:\/\/www.camping-air-marin.fr\/wp-content\/uploads\/sites\/3\/2025\/02\/camping-famille-a-vias-300x210.jpg 300w, https:\/\/www.camping-air-marin.fr\/wp-content\/uploads\/sites\/3\/2025\/02\/camping-famille-a-vias-768x538.jpg 768w\" sizes=\"(max-width: 1000px) 100vw, 1000px\" \/><\/figure>\n\n\n\n<figure class=\"wp-block-image size-full has-custom-border\"><img decoding=\"async\" width=\"1000\" height=\"700\" src=\"https:\/\/www.camping-air-marin.fr\/wp-content\/uploads\/sites\/3\/2025\/02\/location-camping-a-vias.jpg\" alt=\"camping rental in vias\" class=\"wp-image-434\" style=\"border-bottom-left-radius:0px;aspect-ratio:4\/3;object-fit:cover\" srcset=\"https:\/\/www.camping-air-marin.fr\/wp-content\/uploads\/sites\/3\/2025\/02\/location-camping-a-vias.jpg 1000w, https:\/\/www.camping-air-marin.fr\/wp-content\/uploads\/sites\/3\/2025\/02\/location-camping-a-vias-300x210.jpg 300w, https:\/\/www.camping-air-marin.fr\/wp-content\/uploads\/sites\/3\/2025\/02\/location-camping-a-vias-768x538.jpg 768w\" sizes=\"(max-width: 1000px) 100vw, 1000px\" \/><\/figure>\n<\/div>\n<\/div>\n\n\n\n<div class=\"wp-block-column is-layout-flow wp-block-column-is-layout-flow\" style=\"flex-basis:50%\">\n<div class=\"wp-block-group right has-global-padding is-content-justification-left is-layout-constrained wp-container-core-group-is-layout-12dd3699 wp-block-group-is-layout-constrained\">\n<div class=\"wp-block-group h2-container has-global-padding is-layout-constrained wp-block-group-is-layout-constrained\">\n<h2 class=\"wp-block-heading has-base-2-background-color has-background\" style=\"padding-top:var(--wp--preset--spacing--50);padding-bottom:0;padding-left:var(--wp--preset--spacing--50)\">Visit Languedoc-Roussillon <mark style=\"background-color:rgba(0, 0, 0, 0)\" class=\"has-inline-color has-custom-color-4-color\">from our campsite in Vias<\/mark><\/h2>\n<\/div>\n\n\n\n<div class=\"wp-block-group bottom has-link-color wp-elements-754e16bca97bb87176c8db4ec1b604e1 has-global-padding is-layout-constrained wp-container-core-group-is-layout-18c45ae5 wp-block-group-is-layout-constrained\" style=\"padding-top:0;padding-right:15rem;padding-bottom:0;padding-left:var(--wp--preset--spacing--50)\">\n<p>Choose accommodation at our <strong>campsite in Languedoc-Roussillon<\/strong>! The privileged geographical location of the 4-star Finca L&#8217;Air Marin in Vias gives you the chance to savor the joys of the Mediterranean seaside while staying not far from the must-see sites of the H\u00e9rault region.<\/p>\n\n\n    <div id=\"gt-fse-lire-plus-69f2ca910e51f\" class=\"gt-fse-lire-plus\" data-min-height=\"130\" style=\"background-color: #f7f4f1;\">\n        <input id=\"gt-fse-lire-plus-69f2ca910e51f-toggle\" type=\"checkbox\" class=\"gt-fse-lire-plus__toggle\" \/>\n        <label for=\"gt-fse-lire-plus-69f2ca910e51f-toggle\" class=\"gt-fse-lire-plus__toggle-label\">\n            <span>Read more<\/span>\n            <span>Read less<\/span>\n        <\/label>\n        <div class=\"gt-fse-lire-plus__content\" style=\"height: 130px;\">\n            \n\n<p>For a more authentic experience, choose one of our <a href=\"https:\/\/www.camping-air-marin.fr\/en\/rental-pitches-vias\/\" data-type=\"page\" data-id=\"75\">camping pitches<\/a> for your tent, caravan or motorhome, and settle into a wooded setting under the Mediterranean sun. Our seaside campsite in Vias also offers comfortable mobile-home rentals where you&#8217;ll feel right at home. Whether you come as a couple, a family or with friends, you&#8217;ll enjoy a wonderful setting for your camping vacation in Vias, and have plenty of time to explore the Languedoc-Roussillon region.  <\/p>\n\n\n\n<p>With all the services and activities our<strong> campsite in Languedoc-Roussillon<\/strong> has to offer its residents, our <a href=\"https:\/\/www.camping-air-marin.fr\/en\/\" data-type=\"link\" data-id=\"https:\/\/www.camping-air-marin.fr\/en\/\">campsite on the Canal du Midi<\/a> also boasts a water park in Vias, ideal for entertaining young and old alike, between idleness and water games.<\/p>\n\n\n\n<p>After your escapades in the surrounding area, you&#8217;ll love swimming, relaxing on a deckchair or enjoying a cocktail in our <a href=\"https:\/\/www.camping-air-marin.fr\/en\/restaurant-grocery-store-herault\/\" data-type=\"page\" data-id=\"59\">bar-restaurant<\/a>.<\/p>\n\n\n\n<p>We look forward to welcoming you to Languedoc-Roussillon!<\/p>\n\n            <div class=\"gt-fse-lire-plus__gradient\" style=\"background: linear-gradient(to bottom,rgba(247,244,241,0) 0%,rgba(247,244,241,1) 100%);\"><\/div>\n        <\/div>\n    <\/div>\n    <\/div>\n<\/div>\n<\/div>\n<\/div>\n<\/section>\n","protected":false},"excerpt":{"rendered":"<p>VisitLanguedoc-Roussillon Our Languedoc-Roussillon campsite is surrounded bytourist attractions that really shouldn&#8217;t be missed if you&#8217;re on vacation with us. Here&#8217;s an overview of the sites to visit in Languedoc-Roussillon during your stay at our campsite in Vias. Languedoc-Roussillon or Occitanie is a beautiful region in the south of France, bordering Spain. It&#8217;s one of France&#8217;s [&hellip;]<\/p>\n","protected":false},"author":1,"featured_media":445,"parent":0,"menu_order":0,"comment_status":"closed","ping_status":"closed","template":"","meta":{"_acf_changed":false,"_seopress_robots_primary_cat":"","_seopress_titles_title":"Tourism Languedoc-Roussillon | Camping Languedoc-Roussillon","_seopress_titles_desc":"The Finca l'Air Marin 4* campsite in Vias takes you on a discovery tour of the Languedoc-Roussillon region's landmarks. Discover them from a seaside campsite! ","_seopress_robots_index":"","inline_featured_image":false,"gt_fse_maillage_image":"https:\/\/www.camping-air-marin.fr\/wp-content\/uploads\/sites\/3\/2025\/02\/camping-aux-alentours-du-languedoc-rousillon.jpg","gt_fse_maillage_titre":"Brouillon auto","gt_fse_maillage_alt":"Surroundings","gt_fse_maillage_resume":"","footnotes":""},"categories":[],"tags":[],"class_list":["post-5331","page","type-page","status-publish","has-post-thumbnail","hentry"],"acf":[],"_links":{"self":[{"href":"https:\/\/www.camping-air-marin.fr\/en\/wp-json\/wp\/v2\/pages\/5331","targetHints":{"allow":["GET"]}}],"collection":[{"href":"https:\/\/www.camping-air-marin.fr\/en\/wp-json\/wp\/v2\/pages"}],"about":[{"href":"https:\/\/www.camping-air-marin.fr\/en\/wp-json\/wp\/v2\/types\/page"}],"author":[{"embeddable":true,"href":"https:\/\/www.camping-air-marin.fr\/en\/wp-json\/wp\/v2\/users\/1"}],"replies":[{"embeddable":true,"href":"https:\/\/www.camping-air-marin.fr\/en\/wp-json\/wp\/v2\/comments?post=5331"}],"version-history":[{"count":10,"href":"https:\/\/www.camping-air-marin.fr\/en\/wp-json\/wp\/v2\/pages\/5331\/revisions"}],"predecessor-version":[{"id":6858,"href":"https:\/\/www.camping-air-marin.fr\/en\/wp-json\/wp\/v2\/pages\/5331\/revisions\/6858"}],"wp:featuredmedia":[{"embeddable":true,"href":"https:\/\/www.camping-air-marin.fr\/en\/wp-json\/wp\/v2\/media\/445"}],"wp:attachment":[{"href":"https:\/\/www.camping-air-marin.fr\/en\/wp-json\/wp\/v2\/media?parent=5331"}],"wp:term":[{"taxonomy":"category","embeddable":true,"href":"https:\/\/www.camping-air-marin.fr\/en\/wp-json\/wp\/v2\/categories?post=5331"},{"taxonomy":"post_tag","embeddable":true,"href":"https:\/\/www.camping-air-marin.fr\/en\/wp-json\/wp\/v2\/tags?post=5331"}],"curies":[{"name":"wp","href":"https:\/\/api.w.org\/{rel}","templated":true}]}}