{"id":5282,"date":"2025-02-05T08:47:41","date_gmt":"2025-02-05T07:47:41","guid":{"rendered":"https:\/\/www.camping-air-marin.fr\/beziers\/"},"modified":"2025-03-20T14:51:09","modified_gmt":"2025-03-20T13:51:09","slug":"kamperen-beziers","status":"publish","type":"page","link":"https:\/\/www.camping-air-marin.fr\/nl\/omgeving\/kamperen-beziers\/","title":{"rendered":"B\u00e9ziers"},"content":{"rendered":"\n<section class=\"wp-block-group page-one has-link-color wp-elements-75a4bd236594343c04c982d65aa5173a is-layout-flow wp-block-group-is-layout-flow\" style=\"margin-top:var(--wp--preset--spacing--50);margin-bottom:var(--wp--preset--spacing--50)\">\n<h1 class=\"wp-block-heading has-text-align-center\">B\u00e9ziers : <br\/><span><mark style=\"background-color:rgba(0, 0, 0, 0)\" class=\"has-inline-color has-custom-color-4-color\">wat te zien en te doen<\/mark><\/span><\/h1>\n\n\n\n<p class=\"has-text-align-center\" style=\"padding-top:var(--wp--preset--spacing--40);padding-right:30rem;padding-left:30rem\"><strong>B\u00e9ziers <\/strong>is een stad in het zuiden van Frankrijk, niet ver van de Middellandse Zeekust. B\u00e9ziers heeft ongeveer 76.000 inwoners en staat bekend om zijn historische erfgoed en verschillende sluizen, zoals die van het <strong>Canal du Midi <\/strong>dat aansluit op onze <a href=\"https:\/\/www.camping-air-marin.fr\/nl\/\" data-type=\"page\" data-id=\"27\">camping in Vias<\/a>. De stad heeft veel toeristische attracties, zoals de <strong>Pont Vieux<\/strong> en de <strong>kathedraal<\/strong><strong>Saint-Nazaire-et-Saint-Celse<\/strong>, die over de hele Languedoc uitkijkt. De kathedraal heeft een gotische stijl en werd in de XIII\u1d49 eeuw gebouwd op oude Romeinse monumenten, waarvan overblijfselen nog steeds te zien zijn in de stad. B\u00e9ziers is een van de toeristische juweeltjes van Languedoc-Roussillon die Finca L&#8217;Air Marin, onze <a href=\"https:\/\/www.camping-air-marin.fr\/camping-canal-du-midi\/\" data-type=\"page\" data-id=\"223\">camping aan het Canal du Midi<\/a>, u graag wil laten ontdekken.    <\/p>\n<\/section>\n\n<section class=\"wp-block-group home-third page-two is-layout-flow wp-block-group-is-layout-flow\" style=\"margin-top:var(--wp--preset--spacing--50);margin-bottom:var(--wp--preset--spacing--50)\">\n<div class=\"wp-block-columns has-custom-color-2-background-color has-background is-layout-flex wp-container-core-columns-is-layout-28f84493 wp-block-columns-is-layout-flex\">\n<div class=\"wp-block-column is-layout-flow wp-block-column-is-layout-flow\" style=\"flex-basis:50%\">\n<div data-swiper=\"{&quot;speed&quot;:400,&quot;spaceBetween&quot;:15,&quot;slidesPerView&quot;:1,&quot;createElements&quot;:true,&quot;loop&quot;:true,&quot;freemode&quot;:true,&quot;navigation&quot;:{&quot;nextEl&quot;:&quot;buttonNext&quot;,&quot;prevEl&quot;:&quot;buttonPrev&quot;},&quot;breakpoints&quot;:[{&quot;slidesPerView&quot;:1}],&quot;pagination&quot;:false,&quot;parallax&quot;:true,&quot;autoplay&quot;:{&quot;delay&quot;:3500}}\" class=\"wp-block-group left gt-is-slider gt-is-slider-desktop has-global-padding is-content-justification-left is-layout-constrained wp-container-core-group-is-layout-16a8afda wp-block-group-is-layout-constrained\" style=\"padding-top:0;padding-bottom:0\">\n<figure class=\"wp-block-image size-full\"><img decoding=\"async\" width=\"1000\" height=\"700\" src=\"https:\/\/www.camping-air-marin.fr\/wp-content\/uploads\/sites\/3\/2025\/02\/amphitheatre-romain-a-beziers.jpg\" alt=\"Romeins amfitheater in beziers\" class=\"wp-image-1828\" srcset=\"https:\/\/www.camping-air-marin.fr\/wp-content\/uploads\/sites\/3\/2025\/02\/amphitheatre-romain-a-beziers.jpg 1000w, https:\/\/www.camping-air-marin.fr\/wp-content\/uploads\/sites\/3\/2025\/02\/amphitheatre-romain-a-beziers-300x210.jpg 300w, https:\/\/www.camping-air-marin.fr\/wp-content\/uploads\/sites\/3\/2025\/02\/amphitheatre-romain-a-beziers-768x538.jpg 768w\" sizes=\"(max-width: 1000px) 100vw, 1000px\" \/><figcaption class=\"wp-element-caption\">Romeins amfitheater<\/figcaption><\/figure>\n\n\n\n<figure class=\"wp-block-image size-full\"><img decoding=\"async\" width=\"1000\" height=\"700\" src=\"https:\/\/www.camping-air-marin.fr\/wp-content\/uploads\/sites\/3\/2025\/02\/anciennes-arenes-de-beziers.jpg\" alt=\"voormalige arenes van beziers\" class=\"wp-image-1831\" srcset=\"https:\/\/www.camping-air-marin.fr\/wp-content\/uploads\/sites\/3\/2025\/02\/anciennes-arenes-de-beziers.jpg 1000w, https:\/\/www.camping-air-marin.fr\/wp-content\/uploads\/sites\/3\/2025\/02\/anciennes-arenes-de-beziers-300x210.jpg 300w, https:\/\/www.camping-air-marin.fr\/wp-content\/uploads\/sites\/3\/2025\/02\/anciennes-arenes-de-beziers-768x538.jpg 768w\" sizes=\"(max-width: 1000px) 100vw, 1000px\" \/><figcaption class=\"wp-element-caption\">Voormalige arena van B\u00e9ziers<\/figcaption><\/figure>\n\n\n\n<figure class=\"wp-block-image size-full has-custom-border\"><img decoding=\"async\" width=\"1000\" height=\"700\" src=\"https:\/\/www.camping-air-marin.fr\/wp-content\/uploads\/sites\/3\/2025\/02\/terrain-viticole-a-beziers.jpg\" alt=\"wijnbouwgrond in beziers\" class=\"wp-image-1824\" style=\"border-bottom-left-radius:0px\" srcset=\"https:\/\/www.camping-air-marin.fr\/wp-content\/uploads\/sites\/3\/2025\/02\/terrain-viticole-a-beziers.jpg 1000w, https:\/\/www.camping-air-marin.fr\/wp-content\/uploads\/sites\/3\/2025\/02\/terrain-viticole-a-beziers-300x210.jpg 300w, https:\/\/www.camping-air-marin.fr\/wp-content\/uploads\/sites\/3\/2025\/02\/terrain-viticole-a-beziers-768x538.jpg 768w\" sizes=\"(max-width: 1000px) 100vw, 1000px\" \/><figcaption class=\"wp-element-caption\">Wijnbouwlandgoed<\/figcaption><\/figure>\n<\/div>\n<\/div>\n\n\n\n<div class=\"wp-block-column is-layout-flow wp-block-column-is-layout-flow\" style=\"flex-basis:50%\">\n<div class=\"wp-block-group right has-link-color wp-elements-6a1d9f3b1a9452321ddce078b248c271 has-global-padding is-content-justification-left is-layout-constrained wp-container-core-group-is-layout-12dd3699 wp-block-group-is-layout-constrained\">\n<div class=\"wp-block-group h2-container has-global-padding is-layout-constrained wp-block-group-is-layout-constrained\">\n<h2 class=\"wp-block-heading has-base-2-background-color has-background\" style=\"padding-top:var(--wp--preset--spacing--50);padding-bottom:var(--wp--preset--spacing--30);padding-left:var(--wp--preset--spacing--50)\"> <span><mark style=\"background-color:rgba(0, 0, 0, 0)\" class=\"has-inline-color has-custom-color-4-color\">Ontdek<\/mark><\/span> <span><mark style=\"background-color:rgba(0, 0, 0, 0)\" class=\"has-inline-color has-custom-color-6-color\">een karaktervolle stad midden in het departement H\u00e9rault<\/mark><\/span><\/h2>\n<\/div>\n\n\n\n<div class=\"wp-block-group bottom has-link-color wp-elements-6a0e409dbc39746bc29397fe2dfe477e has-global-padding is-layout-constrained wp-container-core-group-is-layout-18c45ae5 wp-block-group-is-layout-constrained\" style=\"padding-top:0;padding-right:15rem;padding-bottom:0;padding-left:var(--wp--preset--spacing--50)\">\n<p>B\u00e9ziers<strong>, de op \u00e9\u00e9n na grootste stad van het departement H\u00e9rault<\/strong>, ligt in de <strong>regio Biterrois<\/strong> van <a href=\"https:\/\/www.camping-air-marin.fr\/alentours\/\" data-type=\"page\" data-id=\"200\">Languedoc-Roussillon<\/a>. Het is gebouwd aan de <strong>oevers van de rivier de Orb<\/strong>, die uitmondt in de Middellandse Zee, waardoor het ideaal is voor <strong>activiteiten op het water<\/strong>, zoals boottochten en kajakken op het Canal du Midi.   <\/p>\n\n\n    <div id=\"gt-fse-lire-plus-69f49ae4924e8\" class=\"gt-fse-lire-plus\" data-min-height=\"130\" style=\"background-color: #f7f4f1;\">\n        <input id=\"gt-fse-lire-plus-69f49ae4924e8-toggle\" type=\"checkbox\" class=\"gt-fse-lire-plus__toggle\" \/>\n        <label for=\"gt-fse-lire-plus-69f49ae4924e8-toggle\" class=\"gt-fse-lire-plus__toggle-label\">\n            <span>Meer lezen<\/span>\n            <span>Meer lezen<\/span>\n        <\/label>\n        <div class=\"gt-fse-lire-plus__content\" style=\"height: 130px;\">\n            \n\n<p>De geografische ligging, <strong>niet ver van Spanje,<\/strong> is door de geschiedenis heen een strategisch punt geweest voor veel volkeren. Het is door de jaren heen de thuisbasis geweest van verschillende beschavingen. B\u00e9ziers is een oude stad met een rijk historisch en cultureel erfgoed.  <\/p>\n\n\n\n<p><strong>Romeinse overblijfselen<\/strong> zoals het amfitheater werden hier voor het eerst ontdekt, voordat de stad zich ontwikkelde onder Karel de Grote in de Middeleeuwen. Er werden belangrijke monumenten gebouwd en de wijnhandel bloeide.   <\/p>\n\n\n\n<p>Vandaag de dag is B\u00e9ziers een belangrijke toeristische bestemming, beroemd om zijn <strong>rugbyteam<\/strong>, zijn <strong>stierenvechtshows<\/strong> met Spaanse invloeden en zijn <strong>wijngebied<\/strong>. Het is ook een regio waar het klimaat het hele jaar door aangenaam is en waar de moderne en historische architectuur, gebouwd op grote hoogte, de plaats een grote charme geeft. In B\u00e9ziers, met een vleugje Middellandse Zee, zul je gemakkelijk in slaap worden gesust door de zachte manier van leven.  <\/p>\n\n            <div class=\"gt-fse-lire-plus__gradient\" style=\"background: linear-gradient(to bottom,rgba(247,244,241,0) 0%,rgba(247,244,241,1) 100%);\"><\/div>\n        <\/div>\n    <\/div>\n    <\/div>\n<\/div>\n<\/div>\n<\/div>\n\n\n\n<p class=\"h1-like\"><span>natuuractiviteiten<\/span> <\/p>\n<\/section>\n\n<section class=\"wp-block-group home-third page-two reverse is-layout-flow wp-block-group-is-layout-flow\">\n<div class=\"wp-block-columns has-custom-color-2-background-color has-background is-layout-flex wp-container-core-columns-is-layout-e477a36d wp-block-columns-is-layout-flex\" style=\"padding-bottom:var(--wp--preset--spacing--60)\">\n<div class=\"wp-block-column is-layout-flow wp-block-column-is-layout-flow\" style=\"flex-basis:50%\">\n<div class=\"wp-block-group right has-global-padding is-content-justification-center is-layout-constrained wp-block-group-is-layout-constrained\">\n<div class=\"wp-block-group h2-container has-global-padding is-layout-constrained wp-block-group-is-layout-constrained\">\n<h2 class=\"wp-block-heading has-base-2-background-color has-background\" style=\"padding-top:var(--wp--preset--spacing--50);padding-right:var(--wp--preset--spacing--10);padding-bottom:var(--wp--preset--spacing--40);padding-left:var(--wp--preset--spacing--50)\"><mark style=\"background-color:rgba(0, 0, 0, 0)\" class=\"has-inline-color has-custom-color-4-color\">Wat te doen<\/mark> in B\u00e9ziers<\/h2>\n<\/div>\n\n\n\n<div class=\"wp-block-group bottom has-link-color wp-elements-ec7eb1fd51a9c2269ddd3388e10b6ec7 has-global-padding is-layout-constrained wp-container-core-group-is-layout-a796f9df wp-block-group-is-layout-constrained\" style=\"padding-top:0;padding-right:10rem;padding-bottom:0;padding-left:var(--wp--preset--spacing--50)\">\n<p>In B\u00e9ziers staat je een breed scala aan activiteiten te wachten: van historische bezoeken tot winkelen en watersporten, je vindt zeker iets naar jouw smaak!<\/p>\n\n\n\n<h3 class=\"wp-block-heading has-large-font-size\" style=\"font-style:normal;font-weight:100\"><mark style=\"background-color:rgba(0, 0, 0, 0)\" class=\"has-inline-color has-custom-color-4-color\">Reizen<\/mark> door de tijd<\/h3>\n\n\n\n<ul style=\"padding-left:var(--wp--preset--spacing--40)\" class=\"wp-block-list\">\n<li><strong>Kathedraal Saint-Nazaire<\/strong><\/li>\n\n\n\n<li><strong>De tuin van de bisschop<\/strong><\/li>\n\n\n\n<li>Toeristentreintje<\/li>\n\n\n\n<li>Slenteren door het oude B\u00e9ziers<\/li>\n\n\n\n<li>Het Romeinse amfitheater<\/li>\n\n\n\n<li>De <strong>oude brug<\/strong><\/li>\n<\/ul>\n<\/div>\n<\/div>\n<\/div>\n\n\n\n<div class=\"wp-block-column is-layout-flow wp-block-column-is-layout-flow\" style=\"flex-basis:50%\">\n<div class=\"wp-block-group left is-layout-flow wp-block-group-is-layout-flow\" style=\"padding-top:0;padding-bottom:0\">\n<figure class=\"wp-block-image size-full has-custom-border\"><img decoding=\"async\" width=\"1000\" height=\"700\" src=\"https:\/\/www.camping-air-marin.fr\/wp-content\/uploads\/sites\/3\/2025\/02\/visiter-le-pont-vieux-a-beziers.jpg\" alt=\"bezoek de oude brug in beziers\" class=\"wp-image-2355\" style=\"border-bottom-left-radius:150px;object-fit:cover\" srcset=\"https:\/\/www.camping-air-marin.fr\/wp-content\/uploads\/sites\/3\/2025\/02\/visiter-le-pont-vieux-a-beziers.jpg 1000w, https:\/\/www.camping-air-marin.fr\/wp-content\/uploads\/sites\/3\/2025\/02\/visiter-le-pont-vieux-a-beziers-300x210.jpg 300w, https:\/\/www.camping-air-marin.fr\/wp-content\/uploads\/sites\/3\/2025\/02\/visiter-le-pont-vieux-a-beziers-768x538.jpg 768w\" sizes=\"(max-width: 1000px) 100vw, 1000px\" \/><figcaption class=\"wp-element-caption\">Oude brug<\/figcaption><\/figure>\n<\/div>\n<\/div>\n<\/div>\n\n\n\n<div class=\"wp-block-columns has-custom-color-2-background-color has-background is-layout-flex wp-container-core-columns-is-layout-616294e8 wp-block-columns-is-layout-flex\" style=\"margin-top:0px;padding-top:0\">\n<div class=\"wp-block-column is-layout-flow wp-block-column-is-layout-flow\" style=\"flex-basis:50%\">\n<div data-swiper=\"{&quot;speed&quot;:400,&quot;spaceBetween&quot;:15,&quot;slidesPerView&quot;:1,&quot;createElements&quot;:true,&quot;loop&quot;:true,&quot;freemode&quot;:true,&quot;navigation&quot;:{&quot;nextEl&quot;:&quot;buttonNext&quot;,&quot;prevEl&quot;:&quot;buttonPrev&quot;},&quot;breakpoints&quot;:[{&quot;slidesPerView&quot;:1}],&quot;pagination&quot;:false,&quot;parallax&quot;:true,&quot;autoplay&quot;:{&quot;delay&quot;:3500}}\" class=\"wp-block-group left gt-is-slider gt-is-slider-desktop has-global-padding is-content-justification-center is-layout-constrained wp-block-group-is-layout-constrained\" style=\"padding-top:0;padding-bottom:0\">\n<figure class=\"wp-block-image size-full has-custom-border\"><img decoding=\"async\" width=\"1000\" height=\"700\" src=\"https:\/\/www.camping-air-marin.fr\/wp-content\/uploads\/sites\/3\/2025\/02\/plateau-des-poetes-beziers.jpg\" alt=\"plateau van dichters beziers\" class=\"wp-image-1847\" style=\"border-top-right-radius:150px\" srcset=\"https:\/\/www.camping-air-marin.fr\/wp-content\/uploads\/sites\/3\/2025\/02\/plateau-des-poetes-beziers.jpg 1000w, https:\/\/www.camping-air-marin.fr\/wp-content\/uploads\/sites\/3\/2025\/02\/plateau-des-poetes-beziers-300x210.jpg 300w, https:\/\/www.camping-air-marin.fr\/wp-content\/uploads\/sites\/3\/2025\/02\/plateau-des-poetes-beziers-768x538.jpg 768w\" sizes=\"(max-width: 1000px) 100vw, 1000px\" \/><figcaption class=\"wp-element-caption\">Po\u00ebtenplateau<\/figcaption><\/figure>\n\n\n\n<figure class=\"wp-block-image size-full has-custom-border\"><img decoding=\"async\" width=\"1000\" height=\"700\" src=\"https:\/\/www.camping-air-marin.fr\/wp-content\/uploads\/sites\/3\/2025\/02\/visiter-les-arenes-de-beziers.jpg\" alt=\"bezoek de arena's van beziers\" class=\"wp-image-1855\" style=\"border-top-right-radius:150px\" srcset=\"https:\/\/www.camping-air-marin.fr\/wp-content\/uploads\/sites\/3\/2025\/02\/visiter-les-arenes-de-beziers.jpg 1000w, https:\/\/www.camping-air-marin.fr\/wp-content\/uploads\/sites\/3\/2025\/02\/visiter-les-arenes-de-beziers-300x210.jpg 300w, https:\/\/www.camping-air-marin.fr\/wp-content\/uploads\/sites\/3\/2025\/02\/visiter-les-arenes-de-beziers-768x538.jpg 768w\" sizes=\"(max-width: 1000px) 100vw, 1000px\" \/><figcaption class=\"wp-element-caption\">B\u00e9ziers Arena<\/figcaption><\/figure>\n<\/div>\n<\/div>\n\n\n\n<div class=\"wp-block-column is-vertically-aligned-center is-layout-flow wp-block-column-is-layout-flow\" style=\"flex-basis:50%\">\n<div class=\"wp-block-group right has-link-color wp-elements-93229cc4ae39c7ab7d8b228b5ec49a3d has-global-padding is-content-justification-left is-layout-constrained wp-container-core-group-is-layout-12dd3699 wp-block-group-is-layout-constrained\">\n<div class=\"wp-block-group h2-container has-global-padding is-layout-constrained wp-block-group-is-layout-constrained\">\n<h3 class=\"wp-block-heading has-link-color has-large-font-size wp-elements-da14943dd64eef859ba1f05bf27d7c6d\" style=\"padding-top:var(--wp--preset--spacing--50);padding-right:var(--wp--preset--spacing--10);padding-bottom:0;padding-left:var(--wp--preset--spacing--50);font-style:normal;font-weight:100\"><mark style=\"background-color:rgba(0, 0, 0, 0)\" class=\"has-inline-color has-custom-color-4-color\">Ontdek<\/mark> het moderne B\u00e9ziers<\/h3>\n<\/div>\n\n\n\n<div class=\"wp-block-group bottom has-link-color wp-elements-1e494469fe0264e8421e8fb966a07bbf has-global-padding is-layout-constrained wp-container-core-group-is-layout-a796f9df wp-block-group-is-layout-constrained\" style=\"padding-top:0;padding-right:10rem;padding-bottom:0;padding-left:var(--wp--preset--spacing--50)\">\n<ul style=\"padding-left:var(--wp--preset--spacing--40)\" class=\"wp-block-list\">\n<li>De arena van B\u00e9ziers<\/li>\n\n\n\n<li>All\u00e9es Paul Ricquet en zijn winkels<\/li>\n\n\n\n<li>Bekijk de fresco&#8217;s in B\u00e9ziers<\/li>\n\n\n\n<li>De <strong>stadsschouwburg<\/strong><\/li>\n\n\n\n<li>Het <strong>dichtersplateau<\/strong><\/li>\n<\/ul>\n\n\n\n<h3 class=\"wp-block-heading has-large-font-size\" style=\"font-style:normal;font-weight:100\"><mark style=\"background-color:rgba(0, 0, 0, 0)\" class=\"has-inline-color has-custom-color-4-color\">Proef<\/mark> lokale specialiteiten<\/h3>\n\n\n    <div id=\"gt-fse-lire-plus-69f49ae493838\" class=\"gt-fse-lire-plus\" data-min-height=\"130\" style=\"background-color: #f7f4f1;\">\n        <input id=\"gt-fse-lire-plus-69f49ae493838-toggle\" type=\"checkbox\" class=\"gt-fse-lire-plus__toggle\" \/>\n        <label for=\"gt-fse-lire-plus-69f49ae493838-toggle\" class=\"gt-fse-lire-plus__toggle-label\">\n            <span>Meer lezen<\/span>\n            <span>Meer lezen<\/span>\n        <\/label>\n        <div class=\"gt-fse-lire-plus__content\" style=\"height: 130px;\">\n            \n\n<p>Je kunt B\u00e9ziers niet verlaten zonder de lokale producten te proeven die je gemakkelijk op de markten kunt vinden. Er zijn namelijk veel kleine markten in de stad, allemaal met een zuidelijk tintje, evenals de <strong>Halles couvertes (overdekte markthallen)<\/strong>.   <\/p>\n\n\n\n<p>Probeer lekkernijen als poutou en riquet, en proef de <strong>cataroise de B\u00e9ziers<\/strong>, een zoete wijn die verkrijgbaar is in wit of rood. Tot slot is B\u00e9ziers vooral bekend om zijn wijndomeinen, waarvan je er een aantal kunt bezoeken. Zoals het<strong> Ch\u00e2teau de Saint-Bauzille of het Ch\u00e2teau de Raissac<\/strong>.  <\/p>\n\n            <div class=\"gt-fse-lire-plus__gradient\" style=\"background: linear-gradient(to bottom,rgba(247,244,241,0) 0%,rgba(247,244,241,1) 100%);\"><\/div>\n        <\/div>\n    <\/div>\n    <\/div>\n<\/div>\n<\/div>\n<\/div>\n<\/section>\n\n<p class=\"h1-like\">bezoek <span>B\u00e9ziers <\/span><\/p>\n\n<section class=\"wp-block-group home-third page-two is-layout-flow wp-block-group-is-layout-flow\" style=\"margin-top:var(--wp--preset--spacing--50);margin-bottom:var(--wp--preset--spacing--50)\">\n<div class=\"wp-block-columns has-custom-color-2-background-color has-background is-layout-flex wp-container-core-columns-is-layout-28f84493 wp-block-columns-is-layout-flex\">\n<div class=\"wp-block-column is-layout-flow wp-block-column-is-layout-flow\" style=\"flex-basis:50%\">\n<div data-swiper=\"{&quot;speed&quot;:400,&quot;spaceBetween&quot;:15,&quot;slidesPerView&quot;:1,&quot;createElements&quot;:true,&quot;loop&quot;:true,&quot;freemode&quot;:true,&quot;navigation&quot;:{&quot;nextEl&quot;:&quot;buttonNext&quot;,&quot;prevEl&quot;:&quot;buttonPrev&quot;},&quot;breakpoints&quot;:[{&quot;slidesPerView&quot;:1}],&quot;pagination&quot;:false,&quot;parallax&quot;:true,&quot;autoplay&quot;:{&quot;delay&quot;:3500}}\" class=\"wp-block-group left gt-is-slider gt-is-slider-desktop has-global-padding is-content-justification-left is-layout-constrained wp-container-core-group-is-layout-16a8afda wp-block-group-is-layout-constrained\" style=\"padding-top:0;padding-bottom:0\">\n<figure class=\"wp-block-image size-full has-custom-border\"><img decoding=\"async\" width=\"1000\" height=\"700\" src=\"https:\/\/www.camping-air-marin.fr\/wp-content\/uploads\/sites\/3\/2025\/02\/ferias-de-beziers.jpg\" alt=\"feesten van beziers\" class=\"wp-image-1871\" style=\"border-bottom-left-radius:0px\" srcset=\"https:\/\/www.camping-air-marin.fr\/wp-content\/uploads\/sites\/3\/2025\/02\/ferias-de-beziers.jpg 1000w, https:\/\/www.camping-air-marin.fr\/wp-content\/uploads\/sites\/3\/2025\/02\/ferias-de-beziers-300x210.jpg 300w, https:\/\/www.camping-air-marin.fr\/wp-content\/uploads\/sites\/3\/2025\/02\/ferias-de-beziers-768x538.jpg 768w\" sizes=\"(max-width: 1000px) 100vw, 1000px\" \/><\/figure>\n\n\n\n<figure class=\"wp-block-image size-full has-custom-border\"><img decoding=\"async\" width=\"1000\" height=\"700\" src=\"https:\/\/www.camping-air-marin.fr\/wp-content\/uploads\/sites\/3\/2025\/02\/se-promener-a-velo-a-beziers.jpg\" alt=\"fietsen in beziers\" class=\"wp-image-1860\" style=\"border-bottom-left-radius:0px;aspect-ratio:4\/3;object-fit:cover\" srcset=\"https:\/\/www.camping-air-marin.fr\/wp-content\/uploads\/sites\/3\/2025\/02\/se-promener-a-velo-a-beziers.jpg 1000w, https:\/\/www.camping-air-marin.fr\/wp-content\/uploads\/sites\/3\/2025\/02\/se-promener-a-velo-a-beziers-300x210.jpg 300w, https:\/\/www.camping-air-marin.fr\/wp-content\/uploads\/sites\/3\/2025\/02\/se-promener-a-velo-a-beziers-768x538.jpg 768w\" sizes=\"(max-width: 1000px) 100vw, 1000px\" \/><\/figure>\n<\/div>\n<\/div>\n\n\n\n<div class=\"wp-block-column is-layout-flow wp-block-column-is-layout-flow\" style=\"flex-basis:50%\">\n<div class=\"wp-block-group right has-global-padding is-content-justification-left is-layout-constrained wp-container-core-group-is-layout-12dd3699 wp-block-group-is-layout-constrained\">\n<div class=\"wp-block-group h2-container has-global-padding is-layout-constrained wp-block-group-is-layout-constrained\">\n<h3 class=\"wp-block-heading has-base-2-background-color has-background has-large-font-size\" style=\"padding-top:var(--wp--preset--spacing--50);padding-bottom:var(--wp--preset--spacing--20);padding-left:var(--wp--preset--spacing--50);font-style:normal;font-weight:100\">Live evenementen en shows <mark style=\"background-color:rgba(0, 0, 0, 0)\" class=\"has-inline-color has-custom-color-4-color\">bijwonen<\/mark> <\/h3>\n<\/div>\n\n\n\n<div class=\"wp-block-group bottom has-link-color wp-elements-493e6764b26a13953fd9d5c39bbf83dc has-global-padding is-layout-constrained wp-container-core-group-is-layout-18c45ae5 wp-block-group-is-layout-constrained\" style=\"padding-top:0;padding-right:15rem;padding-bottom:0;padding-left:var(--wp--preset--spacing--50)\">\n<ul style=\"padding-left:var(--wp--preset--spacing--40)\" class=\"wp-block-list\">\n<li>Corrida show<\/li>\n\n\n\n<li>De Feria in augustus<\/li>\n\n\n\n<li>Lokale helden aanmoedigen tijdens een rugbywedstrijd in het Raoul Barri\u00e8re stadion<\/li>\n<\/ul>\n\n\n\n<h3 class=\"wp-block-heading has-large-font-size\" style=\"font-style:normal;font-weight:100\"><mark style=\"background-color:rgba(0, 0, 0, 0)\" class=\"has-inline-color has-custom-color-4-color\">Genieten van<\/mark> een buitenactiviteit<\/h3>\n\n\n\n<ul style=\"padding-left:var(--wp--preset--spacing--40)\" class=\"wp-block-list\">\n<li>Varen op het Canal du Midi<\/li>\n\n\n\n<li class=\"has-link-color wp-elements-6e5507920d032a6d80f142c93355a567\">Bekijk de <a href=\"https:\/\/www.beziers-mediterranee.com\/decouvrez\/les-9-ecluses-de-fonseranes\/\" target=\"_blank\" rel=\"noreferrer noopener nofollow\">9 sluizen bij Fonseranes<\/a><\/li>\n\n\n\n<li>Kajakken of kano\u00ebn<\/li>\n\n\n\n<li>Bezoek de stad op de fiets met een gids of op eigen gelegenheid<\/li>\n\n\n\n<li>Wandelen langs het Canal du Midi<\/li>\n<\/ul>\n<\/div>\n<\/div>\n<\/div>\n<\/div>\n<\/section>\n\n<section class=\"wp-block-group page-one has-link-color wp-elements-68adcfc15e384fadb82c6dca50c657a0 is-layout-flow wp-block-group-is-layout-flow\" style=\"margin-top:var(--wp--preset--spacing--60);margin-bottom:var(--wp--preset--spacing--40)\">\n<div class=\"wp-block-group h2-container has-global-padding is-content-justification-center is-layout-constrained wp-block-group-is-layout-constrained\">\n<h2 class=\"wp-block-heading has-text-align-center\"><mark style=\"background-color:rgba(0, 0, 0, 0)\" class=\"has-inline-color has-custom-color-4-color\">Waarom B\u00e9ziers bezoeken<\/mark><br\/><mark style=\"background-color:rgba(0, 0, 0, 0)\" class=\"has-inline-color has-custom-color-6-color\">vanaf onze camping<\/mark><\/h2>\n<\/div>\n\n\n\n<div data-swiper=\"{&quot;speed&quot;:400,&quot;spaceBetween&quot;:30,&quot;slidesPerView&quot;:2,&quot;loop&quot;:true,&quot;breakpoints&quot;:{&quot;0&quot;:{&quot;slidesPerView&quot;:1,&quot;centeredSlides&quot;:true},&quot;380&quot;:{&quot;slidesPerView&quot;:2,&quot;centeredSlides&quot;:true}},&quot;navigation&quot;:{&quot;nextEl&quot;:&quot;buttonNext&quot;,&quot;prevEl&quot;:&quot;buttonPrev&quot;},&quot;pagination&quot;:false,&quot;centeredSlides&quot;:true,&quot;parallax&quot;:true,&quot;autoplay&quot;:{&quot;delay&quot;:3500}}\" class=\"wp-block-group slider-container gt-is-slider gt-is-slider-desktop is-layout-flow wp-block-group-is-layout-flow\">\n<div data-swiper=\"{&quot;speed&quot;:1000,&quot;autoplay&quot;:{&quot;delay&quot;:5000,&quot;disableOnInteraction&quot;:false},&quot;spaceBetween&quot;:0,&quot;slidesPerView&quot;:1,&quot;pagination&quot;:{&quot;el&quot;:&quot;.swiper-pagination&quot;,&quot;dynamicBullets&quot;:true,&quot;clickable&quot;:true,&quot;type&quot;:&quot;bullets&quot;},&quot;navigation&quot;:{&quot;nextEl&quot;:&quot;.swiper-button-next&quot;,&quot;prevEl&quot;:&quot;.swiper-button-prev&quot;},&quot;breakpoints&quot;:[{&quot;slidesPerView&quot;:1}]}\" class=\"wp-block-cover is-light has-custom-content-position is-position-bottom-center\" style=\"border-top-right-radius:150px;min-height:700px;aspect-ratio:unset;\"><span aria-hidden=\"true\" class=\"wp-block-cover__background has-background-dim-0 has-background-dim\" style=\"background-color:#8b9167\"><\/span><img decoding=\"async\" width=\"2000\" height=\"1450\" class=\"wp-block-cover__image-background wp-image-2858\" alt=\"location insolite camping en herault\" src=\"https:\/\/www.camping-air-marin.fr\/wp-content\/uploads\/sites\/3\/2025\/02\/location-insolite-camping-en-herault.jpg\" data-object-fit=\"cover\" srcset=\"https:\/\/www.camping-air-marin.fr\/wp-content\/uploads\/sites\/3\/2025\/02\/location-insolite-camping-en-herault.jpg 2000w, https:\/\/www.camping-air-marin.fr\/wp-content\/uploads\/sites\/3\/2025\/02\/location-insolite-camping-en-herault-300x218.jpg 300w, https:\/\/www.camping-air-marin.fr\/wp-content\/uploads\/sites\/3\/2025\/02\/location-insolite-camping-en-herault-1024x742.jpg 1024w, https:\/\/www.camping-air-marin.fr\/wp-content\/uploads\/sites\/3\/2025\/02\/location-insolite-camping-en-herault-768x557.jpg 768w, https:\/\/www.camping-air-marin.fr\/wp-content\/uploads\/sites\/3\/2025\/02\/location-insolite-camping-en-herault-1536x1114.jpg 1536w\" sizes=\"(max-width: 2000px) 100vw, 2000px\" \/><div class=\"wp-block-cover__inner-container has-global-padding is-layout-constrained wp-block-cover-is-layout-constrained\">\n<p class=\"has-text-align-center has-base-2-color has-text-color has-link-color has-josefin-sans-font-family wp-elements-4c651948a3c203fb419b261bd38fcf52\" style=\"font-size:clamp(0.875rem, 0.875rem + ((1vw - 0.2rem) * 0.576), 1.3rem);letter-spacing:1px\"><\/p>\n<\/div><\/div>\n\n\n\n<div data-swiper=\"{&quot;speed&quot;:1000,&quot;autoplay&quot;:{&quot;delay&quot;:5000,&quot;disableOnInteraction&quot;:false},&quot;spaceBetween&quot;:0,&quot;slidesPerView&quot;:1,&quot;pagination&quot;:{&quot;el&quot;:&quot;.swiper-pagination&quot;,&quot;dynamicBullets&quot;:true,&quot;clickable&quot;:true,&quot;type&quot;:&quot;bullets&quot;},&quot;navigation&quot;:{&quot;nextEl&quot;:&quot;.swiper-button-next&quot;,&quot;prevEl&quot;:&quot;.swiper-button-prev&quot;},&quot;breakpoints&quot;:[{&quot;slidesPerView&quot;:1}]}\" class=\"wp-block-cover is-light has-custom-content-position is-position-bottom-center\" style=\"border-top-right-radius:150px;min-height:700px;aspect-ratio:unset;\"><span aria-hidden=\"true\" class=\"wp-block-cover__background has-background-dim-0 has-background-dim\" style=\"background-color:#819f9c\"><\/span><img decoding=\"async\" width=\"2000\" height=\"1450\" class=\"wp-block-cover__image-background wp-image-2836\" alt=\"camping avec piscine proche de beziers\" src=\"https:\/\/www.camping-air-marin.fr\/wp-content\/uploads\/sites\/3\/2025\/02\/camping-avec-piscine-proche-de-beziers.jpg\" data-object-fit=\"cover\" srcset=\"https:\/\/www.camping-air-marin.fr\/wp-content\/uploads\/sites\/3\/2025\/02\/camping-avec-piscine-proche-de-beziers.jpg 2000w, https:\/\/www.camping-air-marin.fr\/wp-content\/uploads\/sites\/3\/2025\/02\/camping-avec-piscine-proche-de-beziers-300x218.jpg 300w, https:\/\/www.camping-air-marin.fr\/wp-content\/uploads\/sites\/3\/2025\/02\/camping-avec-piscine-proche-de-beziers-1024x742.jpg 1024w, https:\/\/www.camping-air-marin.fr\/wp-content\/uploads\/sites\/3\/2025\/02\/camping-avec-piscine-proche-de-beziers-768x557.jpg 768w, https:\/\/www.camping-air-marin.fr\/wp-content\/uploads\/sites\/3\/2025\/02\/camping-avec-piscine-proche-de-beziers-1536x1114.jpg 1536w\" sizes=\"(max-width: 2000px) 100vw, 2000px\" \/><div class=\"wp-block-cover__inner-container has-global-padding is-layout-constrained wp-block-cover-is-layout-constrained\">\n<p class=\"has-text-align-center has-base-2-color has-text-color has-link-color has-josefin-sans-font-family wp-elements-4c651948a3c203fb419b261bd38fcf52\" style=\"font-size:clamp(0.875rem, 0.875rem + ((1vw - 0.2rem) * 0.576), 1.3rem);letter-spacing:1px\"><\/p>\n<\/div><\/div>\n\n\n\n<div data-swiper=\"{&quot;speed&quot;:1000,&quot;autoplay&quot;:{&quot;delay&quot;:5000,&quot;disableOnInteraction&quot;:false},&quot;spaceBetween&quot;:0,&quot;slidesPerView&quot;:1,&quot;pagination&quot;:{&quot;el&quot;:&quot;.swiper-pagination&quot;,&quot;dynamicBullets&quot;:true,&quot;clickable&quot;:true,&quot;type&quot;:&quot;bullets&quot;},&quot;navigation&quot;:{&quot;nextEl&quot;:&quot;.swiper-button-next&quot;,&quot;prevEl&quot;:&quot;.swiper-button-prev&quot;},&quot;breakpoints&quot;:[{&quot;slidesPerView&quot;:1}]}\" class=\"wp-block-cover is-light has-custom-content-position is-position-bottom-center\" style=\"border-top-right-radius:150px;min-height:700px;aspect-ratio:unset;\"><span aria-hidden=\"true\" class=\"wp-block-cover__background has-background-dim-0 has-background-dim\" style=\"background-color:#d99c70\"><\/span><img decoding=\"async\" width=\"840\" height=\"700\" class=\"wp-block-cover__image-background wp-image-6404\" alt=\"restaurant camping\" src=\"https:\/\/www.camping-air-marin.fr\/wp-content\/uploads\/sites\/3\/2025\/03\/restaurant-camping-mas-des-lavandes-serignan.jpg\" data-object-fit=\"cover\" srcset=\"https:\/\/www.camping-air-marin.fr\/wp-content\/uploads\/sites\/3\/2025\/03\/restaurant-camping-mas-des-lavandes-serignan.jpg 840w, https:\/\/www.camping-air-marin.fr\/wp-content\/uploads\/sites\/3\/2025\/03\/restaurant-camping-mas-des-lavandes-serignan-300x250.jpg 300w, https:\/\/www.camping-air-marin.fr\/wp-content\/uploads\/sites\/3\/2025\/03\/restaurant-camping-mas-des-lavandes-serignan-768x640.jpg 768w\" sizes=\"(max-width: 840px) 100vw, 840px\" \/><div class=\"wp-block-cover__inner-container has-global-padding is-layout-constrained wp-block-cover-is-layout-constrained\">\n<p class=\"has-text-align-center has-base-2-color has-text-color has-link-color has-josefin-sans-font-family wp-elements-4c651948a3c203fb419b261bd38fcf52\" style=\"font-size:clamp(0.875rem, 0.875rem + ((1vw - 0.2rem) * 0.576), 1.3rem);letter-spacing:1px\"><\/p>\n<\/div><\/div>\n\n\n\n<div data-swiper=\"{&quot;speed&quot;:1000,&quot;autoplay&quot;:{&quot;delay&quot;:5000,&quot;disableOnInteraction&quot;:false},&quot;spaceBetween&quot;:0,&quot;slidesPerView&quot;:1,&quot;pagination&quot;:{&quot;el&quot;:&quot;.swiper-pagination&quot;,&quot;dynamicBullets&quot;:true,&quot;clickable&quot;:true,&quot;type&quot;:&quot;bullets&quot;},&quot;navigation&quot;:{&quot;nextEl&quot;:&quot;.swiper-button-next&quot;,&quot;prevEl&quot;:&quot;.swiper-button-prev&quot;},&quot;breakpoints&quot;:[{&quot;slidesPerView&quot;:1}]}\" class=\"wp-block-cover is-light has-custom-content-position is-position-bottom-center\" style=\"border-top-right-radius:150px;min-height:700px;aspect-ratio:unset;\"><span aria-hidden=\"true\" class=\"wp-block-cover__background has-background-dim-0 has-background-dim\" style=\"background-color:#4d9ebc\"><\/span><img decoding=\"async\" width=\"2000\" height=\"1450\" class=\"wp-block-cover__image-background wp-image-3116\" alt=\"bain a remous camping vias\" src=\"https:\/\/www.camping-air-marin.fr\/wp-content\/uploads\/sites\/3\/2025\/02\/bain-a-remous-camping-vias.jpg\" data-object-fit=\"cover\" srcset=\"https:\/\/www.camping-air-marin.fr\/wp-content\/uploads\/sites\/3\/2025\/02\/bain-a-remous-camping-vias.jpg 2000w, https:\/\/www.camping-air-marin.fr\/wp-content\/uploads\/sites\/3\/2025\/02\/bain-a-remous-camping-vias-300x218.jpg 300w, https:\/\/www.camping-air-marin.fr\/wp-content\/uploads\/sites\/3\/2025\/02\/bain-a-remous-camping-vias-1024x742.jpg 1024w, https:\/\/www.camping-air-marin.fr\/wp-content\/uploads\/sites\/3\/2025\/02\/bain-a-remous-camping-vias-768x557.jpg 768w, https:\/\/www.camping-air-marin.fr\/wp-content\/uploads\/sites\/3\/2025\/02\/bain-a-remous-camping-vias-1536x1114.jpg 1536w\" sizes=\"(max-width: 2000px) 100vw, 2000px\" \/><div class=\"wp-block-cover__inner-container has-global-padding is-layout-constrained wp-block-cover-is-layout-constrained\">\n<p class=\"has-text-align-center has-base-2-color has-text-color has-link-color has-josefin-sans-font-family wp-elements-4c651948a3c203fb419b261bd38fcf52\" style=\"font-size:clamp(0.875rem, 0.875rem + ((1vw - 0.2rem) * 0.576), 1.3rem);letter-spacing:1px\"><\/p>\n<\/div><\/div>\n<\/div>\n\n\n\n<p class=\"has-text-align-center\" style=\"padding-top:var(--wp--preset--spacing--40);padding-right:30rem;padding-left:30rem\">Van de meest bezochte steden aan het Canal du Midi is B\u00e9ziers de populairste. Maak vanaf camping Finca L&#8217;Air Marin een <a href=\"https:\/\/www.camping-air-marin.fr\/alentours\/sur-le-canal-du-midi\/\" data-type=\"page\" data-id=\"95\">tussenstop op het Canal du Midi<\/a> in en rond B\u00e9ziers. <\/p>\n<\/section>\n\n<section class=\"wp-block-group home-third page-two is-layout-flow wp-block-group-is-layout-flow\" style=\"margin-top:var(--wp--preset--spacing--50);margin-bottom:var(--wp--preset--spacing--60)\">\n<div class=\"wp-block-columns has-custom-color-2-background-color has-background is-layout-flex wp-container-core-columns-is-layout-e6f27d69 wp-block-columns-is-layout-flex\" style=\"padding-bottom:var(--wp--preset--spacing--30)\">\n<div class=\"wp-block-column is-layout-flow wp-block-column-is-layout-flow\" style=\"flex-basis:50%\">\n<div data-swiper=\"{&quot;speed&quot;:400,&quot;spaceBetween&quot;:15,&quot;slidesPerView&quot;:1,&quot;createElements&quot;:true,&quot;loop&quot;:true,&quot;freemode&quot;:true,&quot;navigation&quot;:{&quot;nextEl&quot;:&quot;buttonNext&quot;,&quot;prevEl&quot;:&quot;buttonPrev&quot;},&quot;breakpoints&quot;:[{&quot;slidesPerView&quot;:1}],&quot;pagination&quot;:false,&quot;parallax&quot;:true,&quot;autoplay&quot;:{&quot;delay&quot;:3500}}\" class=\"wp-block-group left gt-is-slider gt-is-slider-desktop has-global-padding is-content-justification-left is-layout-constrained wp-container-core-group-is-layout-16a8afda wp-block-group-is-layout-constrained\" style=\"padding-top:0;padding-bottom:0\">\n<figure class=\"wp-block-image size-full\"><img decoding=\"async\" width=\"1000\" height=\"700\" src=\"https:\/\/www.camping-air-marin.fr\/wp-content\/uploads\/sites\/3\/2025\/02\/venir-en-bateau-au-canal-du-midi.jpg\" alt=\"met de boot naar het canal du midi\" class=\"wp-image-1877\" srcset=\"https:\/\/www.camping-air-marin.fr\/wp-content\/uploads\/sites\/3\/2025\/02\/venir-en-bateau-au-canal-du-midi.jpg 1000w, https:\/\/www.camping-air-marin.fr\/wp-content\/uploads\/sites\/3\/2025\/02\/venir-en-bateau-au-canal-du-midi-300x210.jpg 300w, https:\/\/www.camping-air-marin.fr\/wp-content\/uploads\/sites\/3\/2025\/02\/venir-en-bateau-au-canal-du-midi-768x538.jpg 768w\" sizes=\"(max-width: 1000px) 100vw, 1000px\" \/><\/figure>\n\n\n\n<figure class=\"wp-block-image size-full has-custom-border\"><img decoding=\"async\" width=\"840\" height=\"700\" src=\"https:\/\/www.camping-air-marin.fr\/wp-content\/uploads\/sites\/3\/2025\/03\/camping-proche-de-villeneuve-les-beziers.jpg\" alt=\"camping in de buurt van villeneuve les beziers\" class=\"wp-image-6416\" style=\"border-bottom-left-radius:0px\" srcset=\"https:\/\/www.camping-air-marin.fr\/wp-content\/uploads\/sites\/3\/2025\/03\/camping-proche-de-villeneuve-les-beziers.jpg 840w, https:\/\/www.camping-air-marin.fr\/wp-content\/uploads\/sites\/3\/2025\/03\/camping-proche-de-villeneuve-les-beziers-300x250.jpg 300w, https:\/\/www.camping-air-marin.fr\/wp-content\/uploads\/sites\/3\/2025\/03\/camping-proche-de-villeneuve-les-beziers-768x640.jpg 768w\" sizes=\"(max-width: 840px) 100vw, 840px\" \/><\/figure>\n<\/div>\n<\/div>\n\n\n\n<div class=\"wp-block-column is-layout-flow wp-block-column-is-layout-flow\" style=\"flex-basis:50%\">\n<div class=\"wp-block-group right has-link-color wp-elements-afe6711aeace123ec13dfb616ab2dd82 has-global-padding is-content-justification-left is-layout-constrained wp-container-core-group-is-layout-12dd3699 wp-block-group-is-layout-constrained\">\n<div class=\"wp-block-group h2-container has-global-padding is-layout-constrained wp-block-group-is-layout-constrained\">\n<h3 class=\"wp-block-heading has-base-2-background-color has-background has-large-font-size\" style=\"padding-top:var(--wp--preset--spacing--50);padding-bottom:var(--wp--preset--spacing--20);padding-left:var(--wp--preset--spacing--50);font-style:normal;font-weight:100\">Over zee <mark style=\"background-color:rgba(0, 0, 0, 0)\" class=\"has-inline-color has-custom-color-4-color\">naar B\u00e9ziers<\/mark> <\/h3>\n<\/div>\n\n\n\n<div class=\"wp-block-group bottom has-link-color wp-elements-ab743d61eeed0790c0bbad9496e1273c has-global-padding is-layout-constrained wp-container-core-group-is-layout-18c45ae5 wp-block-group-is-layout-constrained\" style=\"padding-top:0;padding-right:15rem;padding-bottom:0;padding-left:var(--wp--preset--spacing--50)\">\n<p>Als het Canal du Midi vooral wordt geassocieerd met B\u00e9ziers, dan komt dat omdat dit kanaal een titanisch kunstwerk is, ontworpen door Pierre-Paul Riquet om <strong>de Atlantische Oceaan met de Middellandse Zee te verbinden.<\/strong> <\/p>\n\n\n\n<p>Het Canal du Midi is een unieke waterweg die tussen 1667 en 1681 is aangelegd. Het is een van de oudste kanalen ter wereld en ook een van de langste door mensen aangelegde waterwegen in Europa (240 km). Dankzij de aanleg konden goederen snel tussen twee zee\u00ebn worden vervoerd, wat de handel enorm heeft geholpen.    <\/p>\n\n\n    <div id=\"gt-fse-lire-plus-69f49ae4950fe\" class=\"gt-fse-lire-plus\" data-min-height=\"130\" style=\"background-color: #f7f4f1;\">\n        <input id=\"gt-fse-lire-plus-69f49ae4950fe-toggle\" type=\"checkbox\" class=\"gt-fse-lire-plus__toggle\" \/>\n        <label for=\"gt-fse-lire-plus-69f49ae4950fe-toggle\" class=\"gt-fse-lire-plus__toggle-label\">\n            <span>Meer lezen<\/span>\n            <span>Meer lezen<\/span>\n        <\/label>\n        <div class=\"gt-fse-lire-plus__content\" style=\"height: 130px;\">\n            \n\n<p>Het Canal du Midi loopt richting de Middellandse Zee langs Finca L&#8217;Air Marin, onze <strong>camping in Vias<\/strong>, en mondt uit in het<strong>Etang de Thau<\/strong> bij <a href=\"https:\/\/www.camping-air-marin.fr\/alentours\/camping-proche-sete\/\" data-type=\"page\" data-id=\"91\">S\u00e8te<\/a>. Profiteer van onze strategische ligging om de mooiste plekjes langs het Canal du Midi te ontdekken en verken de omgeving van B\u00e9ziers over zee of over land.   <\/p>\n\n\n\n<p>Je kunt ook de omvang van de bouwplaats van het kanaal zien door de <strong>9 sluizen bij Fonseranes<\/strong>.<\/p>\n\n            <div class=\"gt-fse-lire-plus__gradient\" style=\"background: linear-gradient(to bottom,rgba(247,244,241,0) 0%,rgba(247,244,241,1) 100%);\"><\/div>\n        <\/div>\n    <\/div>\n    <\/div>\n<\/div>\n<\/div>\n<\/div>\n<\/section>\n\n<section class=\"wp-block-group home-third page-two reverse is-layout-flow wp-block-group-is-layout-flow\">\n<div class=\"wp-block-columns has-custom-color-2-background-color has-background is-layout-flex wp-container-core-columns-is-layout-e477a36d wp-block-columns-is-layout-flex\" style=\"padding-bottom:var(--wp--preset--spacing--60)\">\n<div class=\"wp-block-column is-layout-flow wp-block-column-is-layout-flow\" style=\"flex-basis:50%\">\n<div class=\"wp-block-group right has-global-padding is-content-justification-center is-layout-constrained wp-block-group-is-layout-constrained\">\n<div class=\"wp-block-group h2-container has-global-padding is-layout-constrained wp-block-group-is-layout-constrained\">\n<h3 class=\"wp-block-heading has-base-2-background-color has-background has-large-font-size\" style=\"padding-top:var(--wp--preset--spacing--50);padding-right:var(--wp--preset--spacing--10);padding-bottom:var(--wp--preset--spacing--40);padding-left:var(--wp--preset--spacing--50);font-style:normal;font-weight:100\"><mark style=\"background-color:rgba(0, 0, 0, 0)\" class=\"has-inline-color has-custom-color-4-color\">Kano\u00ebn<\/mark> op het Canal du Midi<\/h3>\n<\/div>\n\n\n\n<div class=\"wp-block-group bottom has-link-color wp-elements-2c1cdb9cd4117368a318eef00b3f9793 has-global-padding is-layout-constrained wp-container-core-group-is-layout-a796f9df wp-block-group-is-layout-constrained\" style=\"padding-top:0;padding-right:10rem;padding-bottom:0;padding-left:var(--wp--preset--spacing--50)\">\n<p>Het Canal du Midi is rustgevend en verkwikkend en biedt een verscheidenheid aan wandelingen, fietstochten en boottochten van S\u00e8te naar de Garonne tussen Bordeaux en Toulouse.  <\/p>\n\n\n\n<p>Door het weelderige groene landschap kun je een aantal van de beroemdste historische monumenten van de <strong>Languedoc<\/strong> ontdekken. Onze <strong>camping aan de oever van het Canal du Midi <\/strong>is een ideale plek om te kano\u00ebn en te genieten van het panoramische uitzicht op de omgeving.   <\/p>\n\n\n    <div id=\"gt-fse-lire-plus-69f49ae495511\" class=\"gt-fse-lire-plus\" data-min-height=\"130\" style=\"background-color: #f7f4f1;\">\n        <input id=\"gt-fse-lire-plus-69f49ae495511-toggle\" type=\"checkbox\" class=\"gt-fse-lire-plus__toggle\" \/>\n        <label for=\"gt-fse-lire-plus-69f49ae495511-toggle\" class=\"gt-fse-lire-plus__toggle-label\">\n            <span>Meer lezen<\/span>\n            <span>Meer lezen<\/span>\n        <\/label>\n        <div class=\"gt-fse-lire-plus__content\" style=\"height: 130px;\">\n            \n\n<p>Onze camping in Vias Plage ligt aan het Canal du Midi en je kunt er<strong> gratis boten en kano&#8217;s huren<\/strong>, zodat je het kanaal op eigen houtje kunt bevaren. Wil je het kanaal per aak verkennen?   <\/p>\n\n\n\n<p>In de buurt van Finca L&#8217;Air Marin zijn een aantal bootverhuurbedrijven zonder vaarbewijs. We hebben een pagina gewijd aan activiteiten op het Canal du Midi. <\/p>\n\n            <div class=\"gt-fse-lire-plus__gradient\" style=\"background: linear-gradient(to bottom,rgba(247,244,241,0) 0%,rgba(247,244,241,1) 100%);\"><\/div>\n        <\/div>\n    <\/div>\n    <\/div>\n<\/div>\n<\/div>\n\n\n\n<div class=\"wp-block-column is-layout-flow wp-block-column-is-layout-flow\" style=\"flex-basis:50%\">\n<div class=\"wp-block-group left is-layout-flow wp-block-group-is-layout-flow\" style=\"padding-top:0;padding-bottom:0\">\n<figure class=\"wp-block-image size-full has-custom-border\"><img decoding=\"async\" width=\"1080\" height=\"720\" src=\"https:\/\/www.camping-air-marin.fr\/wp-content\/uploads\/sites\/3\/2025\/02\/Canoe-et-Padel-sur-lHerault-3.webp\" alt=\"Kano&#xEB;n en Padel op de H&#xE9;rault 3\" class=\"wp-image-1851\" style=\"border-bottom-left-radius:150px;object-fit:cover\" srcset=\"https:\/\/www.camping-air-marin.fr\/wp-content\/uploads\/sites\/3\/2025\/02\/Canoe-et-Padel-sur-lHerault-3.webp 1080w, https:\/\/www.camping-air-marin.fr\/wp-content\/uploads\/sites\/3\/2025\/02\/Canoe-et-Padel-sur-lHerault-3-300x200.webp 300w, https:\/\/www.camping-air-marin.fr\/wp-content\/uploads\/sites\/3\/2025\/02\/Canoe-et-Padel-sur-lHerault-3-1024x683.webp 1024w, https:\/\/www.camping-air-marin.fr\/wp-content\/uploads\/sites\/3\/2025\/02\/Canoe-et-Padel-sur-lHerault-3-768x512.webp 768w\" sizes=\"(max-width: 1080px) 100vw, 1080px\" \/><\/figure>\n<\/div>\n<\/div>\n<\/div>\n\n\n\n<div class=\"wp-block-columns has-custom-color-2-background-color has-background is-layout-flex wp-container-core-columns-is-layout-616294e8 wp-block-columns-is-layout-flex\" style=\"margin-top:0px;padding-top:0\">\n<div class=\"wp-block-column is-layout-flow wp-block-column-is-layout-flow\" style=\"flex-basis:50%\">\n<div class=\"wp-block-group left is-layout-flow wp-block-group-is-layout-flow\" style=\"padding-top:0;padding-bottom:0\">\n<figure class=\"wp-block-image size-full has-custom-border\"><img decoding=\"async\" width=\"1000\" height=\"700\" src=\"https:\/\/www.camping-air-marin.fr\/wp-content\/uploads\/sites\/3\/2025\/02\/visiter-ecluse-ronde-de-agde.jpg\" alt=\"bezoek ronde sluis agde\" class=\"wp-image-2361\" style=\"border-top-right-radius:150px\" srcset=\"https:\/\/www.camping-air-marin.fr\/wp-content\/uploads\/sites\/3\/2025\/02\/visiter-ecluse-ronde-de-agde.jpg 1000w, https:\/\/www.camping-air-marin.fr\/wp-content\/uploads\/sites\/3\/2025\/02\/visiter-ecluse-ronde-de-agde-300x210.jpg 300w, https:\/\/www.camping-air-marin.fr\/wp-content\/uploads\/sites\/3\/2025\/02\/visiter-ecluse-ronde-de-agde-768x538.jpg 768w\" sizes=\"(max-width: 1000px) 100vw, 1000px\" \/><figcaption class=\"wp-element-caption\">Ronde sluis bij Agde<\/figcaption><\/figure>\n<\/div>\n<\/div>\n\n\n\n<div class=\"wp-block-column is-vertically-aligned-center is-layout-flow wp-block-column-is-layout-flow\" style=\"flex-basis:50%\">\n<div class=\"wp-block-group right has-link-color wp-elements-ced3851587e07f228b8c805b02f2b0a1 has-global-padding is-content-justification-left is-layout-constrained wp-container-core-group-is-layout-12dd3699 wp-block-group-is-layout-constrained\">\n<div class=\"wp-block-group h2-container has-global-padding is-layout-constrained wp-block-group-is-layout-constrained\">\n<h3 class=\"wp-block-heading has-link-color has-large-font-size wp-elements-fd677149e8be6604ab3a3a4a1cea886f\" style=\"padding-top:var(--wp--preset--spacing--50);padding-right:var(--wp--preset--spacing--10);padding-bottom:0;padding-left:var(--wp--preset--spacing--50);font-style:normal;font-weight:100\"><mark style=\"background-color:rgba(0, 0, 0, 0)\" class=\"has-inline-color has-custom-color-4-color\">Bezoek<\/mark> Cap d&#8217;Agde en zijn historische stad<\/h3>\n<\/div>\n\n\n\n<div class=\"wp-block-group bottom has-link-color wp-elements-84edeeb240c46d9d0e5b6f7bc9be8b9d has-global-padding is-layout-constrained wp-container-core-group-is-layout-a796f9df wp-block-group-is-layout-constrained\" style=\"padding-top:0;padding-right:10rem;padding-bottom:0;padding-left:var(--wp--preset--spacing--50)\">\n<p>Wil je <strong>vanuit B\u00e9ziers naar de Middellandse Zeekust?<\/strong> Op de weg van <strong>S\u00e8te<\/strong> naar <strong>Valras-Plage<\/strong> vind je een aantal toeristische badplaatsen aan de kust van de H\u00e9rault, waaronder <a href=\"https:\/\/www.camping-air-marin.fr\/alentours\/cap-dagde-agde-grau-dagde\/\" data-type=\"page\" data-id=\"99\">Cap d&#8217;Agde<\/a>.  <\/p>\n\n\n\n<p>Deze <strong>badplaats in Languedoc-Roussillon<\/strong> staat bekend om zijn stranden en jachthaven. Naast de mediterrane stranden vind je hier ook veel amusement en pretparken.   <\/p>\n\n\n    <div id=\"gt-fse-lire-plus-69f49ae495d79\" class=\"gt-fse-lire-plus\" data-min-height=\"130\" style=\"background-color: #f7f4f1;\">\n        <input id=\"gt-fse-lire-plus-69f49ae495d79-toggle\" type=\"checkbox\" class=\"gt-fse-lire-plus__toggle\" \/>\n        <label for=\"gt-fse-lire-plus-69f49ae495d79-toggle\" class=\"gt-fse-lire-plus__toggle-label\">\n            <span>Meer lezen<\/span>\n            <span>Meer lezen<\/span>\n        <\/label>\n        <div class=\"gt-fse-lire-plus__content\" style=\"height: 130px;\">\n            \n\n<p>Het grootste voordeel van de stad Agde is dat het zowel per auto als per boot bereikbaar is.  <\/p>\n\n\n\n<p>Het ligt op slechts 10 minuten van de camping en ongeveer twintig kilometer van B\u00e9ziers met de auto. Vanaf B\u00e9ziers<strong> komt het Canal du Midi samen met de rivier de H\u00e9rault<\/strong> in het historische centrum van de stad Agde.   <\/p>\n\n\n\n<p>Als je besluit deze route te nemen vanaf camping Finca L&#8217;Air Marin in Vias, passeer je waarschijnlijk de<strong>ronde sluis in Agde<\/strong>.<\/p>\n\n            <div class=\"gt-fse-lire-plus__gradient\" style=\"background: linear-gradient(to bottom,rgba(247,244,241,0) 0%,rgba(247,244,241,1) 100%);\"><\/div>\n        <\/div>\n    <\/div>\n    <\/div>\n<\/div>\n<\/div>\n<\/div>\n<\/section>\n\n<p class=\"h1-like\"><span>Activiteiten <\/span>Bezoeken &amp;  <\/p>\n\n<section class=\"wp-block-group home-third page-two is-layout-flow wp-block-group-is-layout-flow\" style=\"margin-top:var(--wp--preset--spacing--50);margin-bottom:var(--wp--preset--spacing--50)\">\n<div class=\"wp-block-columns has-custom-color-2-background-color has-background is-layout-flex wp-container-core-columns-is-layout-28f84493 wp-block-columns-is-layout-flex\">\n<div class=\"wp-block-column is-layout-flow wp-block-column-is-layout-flow\" style=\"flex-basis:50%\">\n<div data-swiper=\"{&quot;speed&quot;:400,&quot;spaceBetween&quot;:15,&quot;slidesPerView&quot;:1,&quot;createElements&quot;:true,&quot;loop&quot;:true,&quot;freemode&quot;:true,&quot;navigation&quot;:{&quot;nextEl&quot;:&quot;buttonNext&quot;,&quot;prevEl&quot;:&quot;buttonPrev&quot;},&quot;breakpoints&quot;:[{&quot;slidesPerView&quot;:1}],&quot;pagination&quot;:false,&quot;parallax&quot;:true,&quot;autoplay&quot;:{&quot;delay&quot;:3500}}\" class=\"wp-block-group left gt-is-slider gt-is-slider-desktop has-global-padding is-content-justification-left is-layout-constrained wp-container-core-group-is-layout-16a8afda wp-block-group-is-layout-constrained\" style=\"padding-top:0;padding-bottom:0\">\n<figure class=\"wp-block-image size-full has-custom-border\"><img decoding=\"async\" width=\"1000\" height=\"700\" src=\"https:\/\/www.camping-air-marin.fr\/wp-content\/uploads\/sites\/3\/2025\/02\/camping-quatre-etoiles-a-vias.jpg\" alt=\"viersterrencamping in vias\" class=\"wp-image-1270\" style=\"border-bottom-left-radius:0px\" srcset=\"https:\/\/www.camping-air-marin.fr\/wp-content\/uploads\/sites\/3\/2025\/02\/camping-quatre-etoiles-a-vias.jpg 1000w, https:\/\/www.camping-air-marin.fr\/wp-content\/uploads\/sites\/3\/2025\/02\/camping-quatre-etoiles-a-vias-300x210.jpg 300w, https:\/\/www.camping-air-marin.fr\/wp-content\/uploads\/sites\/3\/2025\/02\/camping-quatre-etoiles-a-vias-768x538.jpg 768w\" sizes=\"(max-width: 1000px) 100vw, 1000px\" \/><\/figure>\n\n\n\n<figure class=\"wp-block-image size-full has-custom-border\"><img decoding=\"async\" width=\"684\" height=\"513\" src=\"https:\/\/www.camping-air-marin.fr\/wp-content\/uploads\/sites\/3\/2025\/03\/parc-aventure-beziers.jpg\" alt=\"avonturenpark beziers\" class=\"wp-image-6410\" style=\"border-bottom-left-radius:0px;aspect-ratio:4\/3;object-fit:cover\" srcset=\"https:\/\/www.camping-air-marin.fr\/wp-content\/uploads\/sites\/3\/2025\/03\/parc-aventure-beziers.jpg 684w, https:\/\/www.camping-air-marin.fr\/wp-content\/uploads\/sites\/3\/2025\/03\/parc-aventure-beziers-300x225.jpg 300w\" sizes=\"(max-width: 684px) 100vw, 684px\" \/><\/figure>\n<\/div>\n<\/div>\n\n\n\n<div class=\"wp-block-column is-layout-flow wp-block-column-is-layout-flow\" style=\"flex-basis:50%\">\n<div class=\"wp-block-group right has-link-color wp-elements-564171640481587724197db57541d1b3 has-global-padding is-content-justification-left is-layout-constrained wp-container-core-group-is-layout-12dd3699 wp-block-group-is-layout-constrained\">\n<div class=\"wp-block-group h2-container has-global-padding is-layout-constrained wp-block-group-is-layout-constrained\">\n<h2 class=\"wp-block-heading has-base-2-background-color has-background\" style=\"padding-top:var(--wp--preset--spacing--50);padding-bottom:var(--wp--preset--spacing--30);padding-left:var(--wp--preset--spacing--50)\"><mark style=\"background-color:rgba(0, 0, 0, 0)\" class=\"has-inline-color has-custom-color-4-color\">Logeren op een camping<\/mark> in de buurt van B\u00e9ziers<\/h2>\n<\/div>\n\n\n\n<div class=\"wp-block-group bottom has-link-color wp-elements-a36b41e69c5245e3345aef9e50a1835a has-global-padding is-layout-constrained wp-container-core-group-is-layout-18c45ae5 wp-block-group-is-layout-constrained\" style=\"padding-top:0;padding-right:15rem;padding-bottom:0;padding-left:var(--wp--preset--spacing--50)\">\n<p>In het hart van een prachtig dennenbos, op 12 km afstand, kunnen jong en oud genieten van een halve of hele dag bij <strong>B\u00e9ziers Aventure<\/strong>. Je kunt op je eigen niveau vooruitgang boeken op boomklimparcoursen van verschillende moeilijkheidsgraden. <\/p>\n\n\n    <div id=\"gt-fse-lire-plus-69f49ae4965e5\" class=\"gt-fse-lire-plus\" data-min-height=\"130\" style=\"background-color: #f7f4f1;\">\n        <input id=\"gt-fse-lire-plus-69f49ae4965e5-toggle\" type=\"checkbox\" class=\"gt-fse-lire-plus__toggle\" \/>\n        <label for=\"gt-fse-lire-plus-69f49ae4965e5-toggle\" class=\"gt-fse-lire-plus__toggle-label\">\n            <span>Meer lezen<\/span>\n            <span>Meer lezen<\/span>\n        <\/label>\n        <div class=\"gt-fse-lire-plus__content\" style=\"height: 130px;\">\n            \n\n<h3 class=\"wp-block-heading has-large-font-size\" style=\"font-style:normal;font-weight:100\"><mark style=\"background-color:rgba(0, 0, 0, 0)\" class=\"has-inline-color has-custom-color-4-color\">Verhuur van stacaravans<\/mark> dichtbij B\u00e9ziers<\/h3>\n\n\n\n<p class=\"has-link-color wp-elements-8f20cfe3a0c446b05a586d3ec43e7d15\">Tijdens je verblijf in B\u00e9ziers, langs het Canal du Midi, bieden we je comfortabele accommodatie voor een rustige pauze.<\/p>\n\n\n\n<p>Onder hen bevelen we de<strong> <\/strong><a href=\"https:\/\/www.camping-air-marin.fr\/location-mobil-homes-vias\/\" data-type=\"page\" data-id=\"71\">verhuur van stacaravans in Vias<\/a><strong> <\/strong>of meer ongebruikelijke accommodaties zoals chalets en lodgetenten. Onze <a href=\"https:\/\/www.camping-air-marin.fr\/camping-vias-pas-cher\/\" data-type=\"page\" data-id=\"67\">goedkope camping in Vias<\/a> biedt accommodatie voor elk budget, met kwaliteitsvoorzieningen voor het hele gezin. <\/p>\n\n\n\n<p>Ruime <a href=\"https:\/\/www.camping-air-marin.fr\/location-emplacements-vias\/\" data-type=\"page\" data-id=\"75\">kampeerplaatsen in Vias<\/a> zijn beschikbaar op ons beboste terrein, zodat je je camper, caravan of tent kunt opzetten en kunt genieten van een rustige vakantie midden in de natuur.<\/p>\n\n            <div class=\"gt-fse-lire-plus__gradient\" style=\"background: linear-gradient(to bottom,rgba(247,244,241,0) 0%,rgba(247,244,241,1) 100%);\"><\/div>\n        <\/div>\n    <\/div>\n    <\/div>\n<\/div>\n<\/div>\n<\/div>\n<\/section>\n\n<section class=\"wp-block-group home-third page-two reverse is-layout-flow wp-block-group-is-layout-flow\">\n<div class=\"wp-block-columns has-custom-color-2-background-color has-background is-layout-flex wp-container-core-columns-is-layout-e477a36d wp-block-columns-is-layout-flex\" style=\"padding-bottom:var(--wp--preset--spacing--60)\">\n<div class=\"wp-block-column is-layout-flow wp-block-column-is-layout-flow\" style=\"flex-basis:50%\">\n<div class=\"wp-block-group right has-global-padding is-content-justification-center is-layout-constrained wp-block-group-is-layout-constrained\">\n<div class=\"wp-block-group h2-container has-global-padding is-layout-constrained wp-block-group-is-layout-constrained\">\n<h3 class=\"wp-block-heading has-base-2-background-color has-background has-large-font-size\" style=\"padding-top:var(--wp--preset--spacing--50);padding-right:var(--wp--preset--spacing--10);padding-bottom:var(--wp--preset--spacing--40);padding-left:var(--wp--preset--spacing--50);font-style:normal;font-weight:100\"><mark style=\"background-color:rgba(0, 0, 0, 0)\" class=\"has-inline-color has-custom-color-4-color\">Camping met waterpark<\/mark> bij B\u00e9ziers<\/h3>\n<\/div>\n\n\n\n<div class=\"wp-block-group bottom has-link-color wp-elements-eb8f535f1a75bfb6e2b15d01dc1b4643 has-global-padding is-layout-constrained wp-container-core-group-is-layout-701c89d3 wp-block-group-is-layout-constrained\" style=\"padding-top:var(--wp--preset--spacing--40);padding-right:10rem;padding-bottom:0;padding-left:var(--wp--preset--spacing--50)\">\n<p>Naast een ruime keuze aan comfortabele accommodaties: kampeerplaatsen, ongebruikelijke accommodaties en kwaliteitsstacaravans, heeft deze camping ook een <a href=\"https:\/\/www.camping-air-marin.fr\/camping-parc-aquatique-vias\/\" data-type=\"page\" data-id=\"51\">waterpark op Vias<\/a><strong> <\/strong>met een buitenzwembad, een verwarmd binnenzwembad, waterglijbanen en een buitenjacuzzi.<\/p>\n<\/div>\n<\/div>\n<\/div>\n\n\n\n<div class=\"wp-block-column is-layout-flow wp-block-column-is-layout-flow\" style=\"flex-basis:50%\">\n<div data-swiper=\"{&quot;speed&quot;:400,&quot;spaceBetween&quot;:15,&quot;slidesPerView&quot;:1,&quot;createElements&quot;:true,&quot;loop&quot;:true,&quot;freemode&quot;:true,&quot;navigation&quot;:{&quot;nextEl&quot;:&quot;buttonNext&quot;,&quot;prevEl&quot;:&quot;buttonPrev&quot;},&quot;breakpoints&quot;:[{&quot;slidesPerView&quot;:1}],&quot;pagination&quot;:false,&quot;parallax&quot;:true,&quot;autoplay&quot;:{&quot;delay&quot;:3500}}\" class=\"wp-block-group left gt-is-slider gt-is-slider-desktop has-global-padding is-content-justification-left is-layout-constrained wp-container-core-group-is-layout-16a8afda wp-block-group-is-layout-constrained\" style=\"padding-top:0;padding-bottom:0\">\n<figure class=\"wp-block-image size-full has-custom-border\"><img decoding=\"async\" width=\"1000\" height=\"700\" src=\"https:\/\/www.camping-air-marin.fr\/wp-content\/uploads\/sites\/3\/2025\/02\/camping-avec-piscine-a-vias.jpg\" alt=\"camping met zwembad in vias\" class=\"wp-image-1537\" style=\"border-bottom-left-radius:150px;object-fit:cover\" srcset=\"https:\/\/www.camping-air-marin.fr\/wp-content\/uploads\/sites\/3\/2025\/02\/camping-avec-piscine-a-vias.jpg 1000w, https:\/\/www.camping-air-marin.fr\/wp-content\/uploads\/sites\/3\/2025\/02\/camping-avec-piscine-a-vias-300x210.jpg 300w, https:\/\/www.camping-air-marin.fr\/wp-content\/uploads\/sites\/3\/2025\/02\/camping-avec-piscine-a-vias-768x538.jpg 768w\" sizes=\"(max-width: 1000px) 100vw, 1000px\" \/><\/figure>\n\n\n\n<figure class=\"wp-block-image size-full has-custom-border\"><img decoding=\"async\" width=\"2000\" height=\"1125\" src=\"https:\/\/www.camping-air-marin.fr\/wp-content\/uploads\/sites\/3\/2025\/02\/camping-dans-l-herault-avec-parc-aquatique.webp\" alt=\"camping in de herault met waterpark\" class=\"wp-image-1620\" style=\"border-bottom-left-radius:150px;aspect-ratio:4\/3;object-fit:cover\" srcset=\"https:\/\/www.camping-air-marin.fr\/wp-content\/uploads\/sites\/3\/2025\/02\/camping-dans-l-herault-avec-parc-aquatique.webp 2000w, https:\/\/www.camping-air-marin.fr\/wp-content\/uploads\/sites\/3\/2025\/02\/camping-dans-l-herault-avec-parc-aquatique-300x169.webp 300w, https:\/\/www.camping-air-marin.fr\/wp-content\/uploads\/sites\/3\/2025\/02\/camping-dans-l-herault-avec-parc-aquatique-1024x576.webp 1024w, https:\/\/www.camping-air-marin.fr\/wp-content\/uploads\/sites\/3\/2025\/02\/camping-dans-l-herault-avec-parc-aquatique-768x432.webp 768w, https:\/\/www.camping-air-marin.fr\/wp-content\/uploads\/sites\/3\/2025\/02\/camping-dans-l-herault-avec-parc-aquatique-1536x864.webp 1536w\" sizes=\"(max-width: 2000px) 100vw, 2000px\" \/><\/figure>\n<\/div>\n<\/div>\n<\/div>\n\n\n\n<div class=\"wp-block-columns has-custom-color-2-background-color has-background is-layout-flex wp-container-core-columns-is-layout-616294e8 wp-block-columns-is-layout-flex\" style=\"margin-top:0px;padding-top:0\">\n<div class=\"wp-block-column is-layout-flow wp-block-column-is-layout-flow\" style=\"flex-basis:50%\">\n<div data-swiper=\"{&quot;speed&quot;:400,&quot;spaceBetween&quot;:15,&quot;slidesPerView&quot;:1,&quot;createElements&quot;:true,&quot;loop&quot;:true,&quot;freemode&quot;:true,&quot;navigation&quot;:{&quot;nextEl&quot;:&quot;buttonNext&quot;,&quot;prevEl&quot;:&quot;buttonPrev&quot;},&quot;breakpoints&quot;:[{&quot;slidesPerView&quot;:1}],&quot;pagination&quot;:false,&quot;parallax&quot;:true,&quot;autoplay&quot;:{&quot;delay&quot;:3500}}\" class=\"wp-block-group left gt-is-slider gt-is-slider-desktop has-global-padding is-content-justification-center is-layout-constrained wp-block-group-is-layout-constrained\" style=\"padding-top:0;padding-bottom:0\">\n<figure class=\"wp-block-image size-full has-custom-border\"><img decoding=\"async\" width=\"1080\" height=\"810\" src=\"https:\/\/www.camping-air-marin.fr\/wp-content\/uploads\/sites\/3\/2025\/02\/camping-qui-accepte-les-chiens-vias.webp\" alt=\"camping die honden accepteert\" class=\"wp-image-1483\" style=\"border-top-right-radius:150px\" srcset=\"https:\/\/www.camping-air-marin.fr\/wp-content\/uploads\/sites\/3\/2025\/02\/camping-qui-accepte-les-chiens-vias.webp 1080w, https:\/\/www.camping-air-marin.fr\/wp-content\/uploads\/sites\/3\/2025\/02\/camping-qui-accepte-les-chiens-vias-300x225.webp 300w, https:\/\/www.camping-air-marin.fr\/wp-content\/uploads\/sites\/3\/2025\/02\/camping-qui-accepte-les-chiens-vias-1024x768.webp 1024w, https:\/\/www.camping-air-marin.fr\/wp-content\/uploads\/sites\/3\/2025\/02\/camping-qui-accepte-les-chiens-vias-768x576.webp 768w\" sizes=\"(max-width: 1080px) 100vw, 1080px\" \/><\/figure>\n\n\n\n<figure class=\"wp-block-image size-full has-custom-border\"><img decoding=\"async\" width=\"1080\" height=\"720\" src=\"https:\/\/www.camping-air-marin.fr\/wp-content\/uploads\/sites\/3\/2025\/02\/camping-vias-reception.webp\" alt=\"camping vias receptie\" class=\"wp-image-1429\" style=\"border-top-right-radius:150px\" srcset=\"https:\/\/www.camping-air-marin.fr\/wp-content\/uploads\/sites\/3\/2025\/02\/camping-vias-reception.webp 1080w, https:\/\/www.camping-air-marin.fr\/wp-content\/uploads\/sites\/3\/2025\/02\/camping-vias-reception-300x200.webp 300w, https:\/\/www.camping-air-marin.fr\/wp-content\/uploads\/sites\/3\/2025\/02\/camping-vias-reception-1024x683.webp 1024w, https:\/\/www.camping-air-marin.fr\/wp-content\/uploads\/sites\/3\/2025\/02\/camping-vias-reception-768x512.webp 768w\" sizes=\"(max-width: 1080px) 100vw, 1080px\" \/><\/figure>\n\n\n\n<figure class=\"wp-block-image size-full has-custom-border\"><img decoding=\"async\" width=\"1000\" height=\"700\" src=\"https:\/\/www.camping-air-marin.fr\/wp-content\/uploads\/sites\/3\/2025\/02\/camping-avec-snack-a-vias.jpg\" alt=\"camping met snackbar in vias\" class=\"wp-image-1901\" style=\"border-top-right-radius:150px\" srcset=\"https:\/\/www.camping-air-marin.fr\/wp-content\/uploads\/sites\/3\/2025\/02\/camping-avec-snack-a-vias.jpg 1000w, https:\/\/www.camping-air-marin.fr\/wp-content\/uploads\/sites\/3\/2025\/02\/camping-avec-snack-a-vias-300x210.jpg 300w, https:\/\/www.camping-air-marin.fr\/wp-content\/uploads\/sites\/3\/2025\/02\/camping-avec-snack-a-vias-768x538.jpg 768w\" sizes=\"(max-width: 1000px) 100vw, 1000px\" \/><\/figure>\n\n\n\n<figure class=\"wp-block-image size-full has-custom-border\"><img decoding=\"async\" width=\"1000\" height=\"700\" src=\"https:\/\/www.camping-air-marin.fr\/wp-content\/uploads\/sites\/3\/2025\/02\/restaurant-el-pueblo-camping-de-vias.jpg\" alt=\"restaurant el pueblo camping de vias\" class=\"wp-image-2376\" style=\"border-top-right-radius:150px\" srcset=\"https:\/\/www.camping-air-marin.fr\/wp-content\/uploads\/sites\/3\/2025\/02\/restaurant-el-pueblo-camping-de-vias.jpg 1000w, https:\/\/www.camping-air-marin.fr\/wp-content\/uploads\/sites\/3\/2025\/02\/restaurant-el-pueblo-camping-de-vias-300x210.jpg 300w, https:\/\/www.camping-air-marin.fr\/wp-content\/uploads\/sites\/3\/2025\/02\/restaurant-el-pueblo-camping-de-vias-768x538.jpg 768w\" sizes=\"(max-width: 1000px) 100vw, 1000px\" \/><\/figure>\n<\/div>\n<\/div>\n\n\n\n<div class=\"wp-block-column is-vertically-aligned-center is-layout-flow wp-block-column-is-layout-flow\" style=\"flex-basis:50%\">\n<div class=\"wp-block-group right has-global-padding is-content-justification-left is-layout-constrained wp-container-core-group-is-layout-12dd3699 wp-block-group-is-layout-constrained\">\n<div class=\"wp-block-group h2-container has-global-padding is-layout-constrained wp-block-group-is-layout-constrained\">\n<h3 class=\"wp-block-heading has-large-font-size\" style=\"padding-top:var(--wp--preset--spacing--50);padding-right:var(--wp--preset--spacing--10);padding-bottom:var(--wp--preset--spacing--30);padding-left:var(--wp--preset--spacing--50);font-style:normal;font-weight:100\">Een 4-sterrencamping <mark style=\"background-color:rgba(0, 0, 0, 0)\" class=\"has-inline-color has-custom-color-4-color\">met uitzonderlijke services<\/mark><\/h3>\n<\/div>\n\n\n\n<div class=\"wp-block-group bottom has-global-padding is-layout-constrained wp-container-core-group-is-layout-a796f9df wp-block-group-is-layout-constrained\" style=\"padding-top:0;padding-right:10rem;padding-bottom:0;padding-left:var(--wp--preset--spacing--50)\">\n<p>In het hart van onze camping vind je fitnessruimtes binnen en buiten. Onze camping is ook &#8220;hondvriendelijk&#8221; en verwelkomt graag je viervoeters (toeslag \u20ac6\/dag). <\/p>\n\n\n\n<p>Je kunt jezelf tijdens je verblijf ook trakteren op een maaltijd in ons bar-restaurant &#8220;El Pueblo&#8221; of in de snackbar &#8220;La Cantina&#8221;. We kijken ernaar uit je te verwelkomen voor een onvergetelijk verblijf in Vias. <\/p>\n<\/div>\n<\/div>\n<\/div>\n<\/div>\n<\/section>\n\n<section class=\"wp-block-group alignfull home-intro home-fifth page-three has-custom-color-2-background-color has-background is-layout-flow wp-block-group-is-layout-flow\" style=\"margin-top:0;margin-bottom:0;padding-bottom:var(--wp--preset--spacing--60)\">\n<div class=\"wp-block-group is-layout-flow wp-block-group-is-layout-flow\" style=\"padding-top:4rem\">\n<div data-swiper=\"{&quot;speed&quot;:1000,&quot;autoplay&quot;:{&quot;delay&quot;:5000,&quot;disableOnInteraction&quot;:false},&quot;spaceBetween&quot;:0,&quot;slidesPerView&quot;:1,&quot;pagination&quot;:{&quot;el&quot;:&quot;.swiper-pagination&quot;,&quot;dynamicBullets&quot;:true,&quot;clickable&quot;:true,&quot;type&quot;:&quot;bullets&quot;},&quot;navigation&quot;:{&quot;nextEl&quot;:&quot;.swiper-button-next&quot;,&quot;prevEl&quot;:&quot;.swiper-button-prev&quot;},&quot;breakpoints&quot;:[{&quot;slidesPerView&quot;:1}]}\" class=\"wp-block-cover has-custom-content-position is-position-top-center\" style=\"min-height:800px;aspect-ratio:unset;\"><span aria-hidden=\"true\" class=\"wp-block-cover__background has-background-dim-100 has-background-dim wp-block-cover__gradient-background has-background-gradient\" style=\"background:linear-gradient(180deg,rgb(247,244,241) 16%,rgba(247,245,242,0.91) 31%,rgba(247,245,242,0.44) 49%)\"><\/span><img decoding=\"async\" width=\"2000\" height=\"1450\" class=\"wp-block-cover__image-background wp-image-1909\" alt=\"vacances famille a beziers\" src=\"https:\/\/www.camping-air-marin.fr\/wp-content\/uploads\/sites\/3\/2025\/02\/vacances-famille-a-beziers.jpg\" data-object-fit=\"cover\" srcset=\"https:\/\/www.camping-air-marin.fr\/wp-content\/uploads\/sites\/3\/2025\/02\/vacances-famille-a-beziers.jpg 2000w, https:\/\/www.camping-air-marin.fr\/wp-content\/uploads\/sites\/3\/2025\/02\/vacances-famille-a-beziers-300x218.jpg 300w, https:\/\/www.camping-air-marin.fr\/wp-content\/uploads\/sites\/3\/2025\/02\/vacances-famille-a-beziers-1024x742.jpg 1024w, https:\/\/www.camping-air-marin.fr\/wp-content\/uploads\/sites\/3\/2025\/02\/vacances-famille-a-beziers-768x557.jpg 768w, https:\/\/www.camping-air-marin.fr\/wp-content\/uploads\/sites\/3\/2025\/02\/vacances-famille-a-beziers-1536x1114.jpg 1536w\" sizes=\"(max-width: 2000px) 100vw, 2000px\" \/><div class=\"wp-block-cover__inner-container has-global-padding is-layout-constrained wp-block-cover-is-layout-constrained\">\n<div class=\"wp-block-group h2-container has-global-padding is-layout-constrained wp-block-group-is-layout-constrained\">\n<p class=\"has-text-align-center has-josefin-sans-font-family\" style=\"margin-top:8rem;margin-bottom:0px;font-size:clamp(1.743rem, 1.743rem + ((1vw - 0.2rem) * 1.704), 3rem);line-height:1.2\"><strong>Ontdek<\/strong><\/p>\n\n\n\n<p class=\"has-text-align-center has-josefin-sans-font-family\" style=\"margin-top:0rem;font-size:clamp(3.35rem, 3.35rem + ((1vw - 0.2rem) * 4.678), 6.8rem);line-height:1.2\"><strong><mark style=\"background-color:rgba(0, 0, 0, 0)\" class=\"has-inline-color has-custom-color-4-color\">de omgeving<\/mark><\/strong><\/p>\n<\/div>\n<\/div><\/div>\n\n\n\n<div class=\"wp-block-columns middle is-layout-flex wp-container-core-columns-is-layout-a92e52df wp-block-columns-is-layout-flex\" style=\"padding-top:0rem;padding-right:22rem;padding-left:22rem\">\n<div class=\"wp-block-column is-layout-flow wp-block-column-is-layout-flow\"><a href=\"https:\/\/www.camping-air-marin.fr\/nl\/omgeving\/ontdek-canal-du-midi\/\"    class=\"aligncenter campsite-item wp-block-tiptip-hyperlink-group-block\" >\n<div data-swiper=\"{&quot;speed&quot;:1000,&quot;autoplay&quot;:{&quot;delay&quot;:5000,&quot;disableOnInteraction&quot;:false},&quot;spaceBetween&quot;:0,&quot;slidesPerView&quot;:1,&quot;pagination&quot;:{&quot;el&quot;:&quot;.swiper-pagination&quot;,&quot;dynamicBullets&quot;:true,&quot;clickable&quot;:true,&quot;type&quot;:&quot;bullets&quot;},&quot;navigation&quot;:{&quot;nextEl&quot;:&quot;.swiper-button-next&quot;,&quot;prevEl&quot;:&quot;.swiper-button-prev&quot;},&quot;breakpoints&quot;:[{&quot;slidesPerView&quot;:1}]}\" class=\"wp-block-cover banner-campsite\" style=\"border-top-left-radius:200px;border-top-right-radius:200px;border-bottom-right-radius:200px;padding-right:var(--wp--preset--spacing--10);padding-left:var(--wp--preset--spacing--10);min-height:550px;aspect-ratio:unset;\"><span aria-hidden=\"true\" class=\"wp-block-cover__background has-custom-color-4-background-color has-background-dim-0 has-background-dim\"><\/span><img decoding=\"async\" width=\"1088\" height=\"1450\" class=\"wp-block-cover__image-background wp-image-1059\" alt=\"camping familial proche du canal du midi\" src=\"https:\/\/www.camping-air-marin.fr\/wp-content\/uploads\/sites\/3\/2025\/02\/camping-familial-proche-du-canal-du-midi-edited.jpg\" data-object-fit=\"cover\" srcset=\"https:\/\/www.camping-air-marin.fr\/wp-content\/uploads\/sites\/3\/2025\/02\/camping-familial-proche-du-canal-du-midi-edited.jpg 1088w, https:\/\/www.camping-air-marin.fr\/wp-content\/uploads\/sites\/3\/2025\/02\/camping-familial-proche-du-canal-du-midi-edited-225x300.jpg 225w, https:\/\/www.camping-air-marin.fr\/wp-content\/uploads\/sites\/3\/2025\/02\/camping-familial-proche-du-canal-du-midi-edited-768x1024.jpg 768w\" sizes=\"(max-width: 1088px) 100vw, 1088px\" \/><div class=\"wp-block-cover__inner-container has-global-padding is-layout-constrained wp-container-core-cover-is-layout-b13d32f8 wp-block-cover-is-layout-constrained\">\n<p class=\"has-text-align-center has-base-2-color has-text-color has-link-color has-josefin-sans-font-family wp-elements-9b1f930c7a31e923f2c199b5e12945cc\" style=\"font-size:clamp(1.198rem, 1.198rem + ((1vw - 0.2rem) * 0.952), 1.9rem);font-style:normal;font-weight:400;line-height:1.2\">Canal du Midi<\/p>\n<\/div><\/div>\n<\/a><\/div>\n\n\n\n<div class=\"wp-block-column is-layout-flow wp-block-column-is-layout-flow\"><a href=\"https:\/\/www.camping-air-marin.fr\/nl\/omgeving\/kamperen-van-sete\/\"    class=\"campsite-item wp-block-tiptip-hyperlink-group-block\" >\n<div data-swiper=\"{&quot;speed&quot;:1000,&quot;autoplay&quot;:{&quot;delay&quot;:5000,&quot;disableOnInteraction&quot;:false},&quot;spaceBetween&quot;:0,&quot;slidesPerView&quot;:1,&quot;pagination&quot;:{&quot;el&quot;:&quot;.swiper-pagination&quot;,&quot;dynamicBullets&quot;:true,&quot;clickable&quot;:true,&quot;type&quot;:&quot;bullets&quot;},&quot;navigation&quot;:{&quot;nextEl&quot;:&quot;.swiper-button-next&quot;,&quot;prevEl&quot;:&quot;.swiper-button-prev&quot;},&quot;breakpoints&quot;:[{&quot;slidesPerView&quot;:1}]}\" class=\"wp-block-cover is-light banner-campsite\" style=\"border-top-left-radius:200px;border-top-right-radius:198px;border-bottom-right-radius:200px;padding-right:var(--wp--preset--spacing--10);padding-left:var(--wp--preset--spacing--10);min-height:550px;aspect-ratio:unset;\"><span aria-hidden=\"true\" class=\"wp-block-cover__background has-custom-color-4-background-color has-background-dim-0 has-background-dim\"><\/span><img decoding=\"async\" width=\"1000\" height=\"700\" class=\"wp-block-cover__image-background wp-image-1683\" alt=\"visiter le mont saint clair a sete\" src=\"https:\/\/www.camping-air-marin.fr\/wp-content\/uploads\/sites\/3\/2025\/02\/visiter-le-mont-saint-clair-a-sete.jpg\" data-object-fit=\"cover\" srcset=\"https:\/\/www.camping-air-marin.fr\/wp-content\/uploads\/sites\/3\/2025\/02\/visiter-le-mont-saint-clair-a-sete.jpg 1000w, https:\/\/www.camping-air-marin.fr\/wp-content\/uploads\/sites\/3\/2025\/02\/visiter-le-mont-saint-clair-a-sete-300x210.jpg 300w, https:\/\/www.camping-air-marin.fr\/wp-content\/uploads\/sites\/3\/2025\/02\/visiter-le-mont-saint-clair-a-sete-768x538.jpg 768w\" sizes=\"(max-width: 1000px) 100vw, 1000px\" \/><div class=\"wp-block-cover__inner-container has-global-padding is-layout-constrained wp-container-core-cover-is-layout-b13d32f8 wp-block-cover-is-layout-constrained\">\n<p class=\"has-text-align-center has-base-2-color has-text-color has-link-color has-josefin-sans-font-family wp-elements-33e6a3916820263053d250252a3e8a79\" style=\"font-size:clamp(1.198rem, 1.198rem + ((1vw - 0.2rem) * 0.952), 1.9rem);font-style:normal;font-weight:400;line-height:1.2\">S\u00e8te<\/p>\n<\/div><\/div>\n<\/a><\/div>\n\n\n\n<div class=\"wp-block-column is-layout-flow wp-block-column-is-layout-flow\"><a href=\"https:\/\/www.camping-air-marin.fr\/nl\/omgeving\/vias-strand-markt\/\"    class=\"campsite-item wp-block-tiptip-hyperlink-group-block\" >\n<div data-swiper=\"{&quot;speed&quot;:1000,&quot;autoplay&quot;:{&quot;delay&quot;:5000,&quot;disableOnInteraction&quot;:false},&quot;spaceBetween&quot;:0,&quot;slidesPerView&quot;:1,&quot;pagination&quot;:{&quot;el&quot;:&quot;.swiper-pagination&quot;,&quot;dynamicBullets&quot;:true,&quot;clickable&quot;:true,&quot;type&quot;:&quot;bullets&quot;},&quot;navigation&quot;:{&quot;nextEl&quot;:&quot;.swiper-button-next&quot;,&quot;prevEl&quot;:&quot;.swiper-button-prev&quot;},&quot;breakpoints&quot;:[{&quot;slidesPerView&quot;:1}]}\" class=\"wp-block-cover is-light banner-campsite\" style=\"border-top-left-radius:200px;border-top-right-radius:200px;border-bottom-right-radius:200px;padding-right:var(--wp--preset--spacing--10);padding-left:var(--wp--preset--spacing--10);min-height:550px;aspect-ratio:unset;\"><span aria-hidden=\"true\" class=\"wp-block-cover__background has-custom-color-4-background-color has-background-dim-0 has-background-dim\"><\/span><img decoding=\"async\" width=\"1000\" height=\"700\" class=\"wp-block-cover__image-background wp-image-438\" alt=\"camping famille a vias\" src=\"https:\/\/www.camping-air-marin.fr\/wp-content\/uploads\/sites\/3\/2025\/02\/camping-famille-a-vias.jpg\" data-object-fit=\"cover\" srcset=\"https:\/\/www.camping-air-marin.fr\/wp-content\/uploads\/sites\/3\/2025\/02\/camping-famille-a-vias.jpg 1000w, https:\/\/www.camping-air-marin.fr\/wp-content\/uploads\/sites\/3\/2025\/02\/camping-famille-a-vias-300x210.jpg 300w, https:\/\/www.camping-air-marin.fr\/wp-content\/uploads\/sites\/3\/2025\/02\/camping-famille-a-vias-768x538.jpg 768w\" sizes=\"(max-width: 1000px) 100vw, 1000px\" \/><div class=\"wp-block-cover__inner-container has-global-padding is-layout-constrained wp-container-core-cover-is-layout-b13d32f8 wp-block-cover-is-layout-constrained\">\n<p class=\"has-text-align-center has-base-2-color has-text-color has-link-color has-josefin-sans-font-family wp-elements-0820172ad6d869bf8d8d7959cf225115\" style=\"font-size:clamp(1.198rem, 1.198rem + ((1vw - 0.2rem) * 0.952), 1.9rem);line-height:1.3\">Vias<\/p>\n<\/div><\/div>\n<\/a><\/div>\n<\/div>\n<\/div>\n<\/section>\n","protected":false},"excerpt":{"rendered":"<p>B\u00e9ziers : wat te zien en te doen B\u00e9ziers is een stad in het zuiden van Frankrijk, niet ver van de Middellandse Zeekust. B\u00e9ziers heeft ongeveer 76.000 inwoners en staat bekend om zijn historische erfgoed en verschillende sluizen, zoals die van het Canal du Midi dat aansluit op onze camping in Vias. De stad heeft [&hellip;]<\/p>\n","protected":false},"author":1,"featured_media":1916,"parent":5333,"menu_order":0,"comment_status":"closed","ping_status":"closed","template":"","meta":{"_acf_changed":false,"_seopress_robots_primary_cat":"","_seopress_titles_title":"Wat te doen in B\u00e9ziers | Toerisme B\u00e9ziers | Campings bij B\u00e9ziers ","_seopress_titles_desc":"Ontdek B\u00e9ziers met zijn historische centrum en zijn negen sluizen. Onze camping aan de oever van het Canal du Midi brengt je er vanuit Vias met de auto of boot naartoe. ","_seopress_robots_index":"","inline_featured_image":false,"gt_fse_maillage_image":"https:\/\/www.camping-air-marin.fr\/wp-content\/uploads\/sites\/3\/2025\/02\/camping-famille-proche-de-beziers.jpg","gt_fse_maillage_titre":"B\u00e9ziers","gt_fse_maillage_alt":"B\u00e9ziers","gt_fse_maillage_resume":"","footnotes":""},"categories":[],"tags":[],"class_list":["post-5282","page","type-page","status-publish","has-post-thumbnail","hentry"],"acf":[],"_links":{"self":[{"href":"https:\/\/www.camping-air-marin.fr\/nl\/wp-json\/wp\/v2\/pages\/5282","targetHints":{"allow":["GET"]}}],"collection":[{"href":"https:\/\/www.camping-air-marin.fr\/nl\/wp-json\/wp\/v2\/pages"}],"about":[{"href":"https:\/\/www.camping-air-marin.fr\/nl\/wp-json\/wp\/v2\/types\/page"}],"author":[{"embeddable":true,"href":"https:\/\/www.camping-air-marin.fr\/nl\/wp-json\/wp\/v2\/users\/1"}],"replies":[{"embeddable":true,"href":"https:\/\/www.camping-air-marin.fr\/nl\/wp-json\/wp\/v2\/comments?post=5282"}],"version-history":[{"count":11,"href":"https:\/\/www.camping-air-marin.fr\/nl\/wp-json\/wp\/v2\/pages\/5282\/revisions"}],"predecessor-version":[{"id":6463,"href":"https:\/\/www.camping-air-marin.fr\/nl\/wp-json\/wp\/v2\/pages\/5282\/revisions\/6463"}],"up":[{"embeddable":true,"href":"https:\/\/www.camping-air-marin.fr\/nl\/wp-json\/wp\/v2\/pages\/5333"}],"wp:featuredmedia":[{"embeddable":true,"href":"https:\/\/www.camping-air-marin.fr\/nl\/wp-json\/wp\/v2\/media\/1916"}],"wp:attachment":[{"href":"https:\/\/www.camping-air-marin.fr\/nl\/wp-json\/wp\/v2\/media?parent=5282"}],"wp:term":[{"taxonomy":"category","embeddable":true,"href":"https:\/\/www.camping-air-marin.fr\/nl\/wp-json\/wp\/v2\/categories?post=5282"},{"taxonomy":"post_tag","embeddable":true,"href":"https:\/\/www.camping-air-marin.fr\/nl\/wp-json\/wp\/v2\/tags?post=5282"}],"curies":[{"name":"wp","href":"https:\/\/api.w.org\/{rel}","templated":true}]}}