{"id":5290,"date":"2025-02-05T08:47:49","date_gmt":"2025-02-05T07:47:49","guid":{"rendered":"https:\/\/www.camping-air-marin.fr\/sete\/"},"modified":"2025-03-20T16:54:31","modified_gmt":"2025-03-20T15:54:31","slug":"kamperen-van-sete","status":"publish","type":"page","link":"https:\/\/www.camping-air-marin.fr\/nl\/omgeving\/kamperen-van-sete\/","title":{"rendered":"S\u00e8te"},"content":{"rendered":"\n<section class=\"wp-block-group page-one has-link-color wp-elements-7ce270bda65750fb324f222eea072434 is-layout-flow wp-block-group-is-layout-flow\" style=\"margin-top:var(--wp--preset--spacing--50);margin-bottom:var(--wp--preset--spacing--50)\">\n<h1 class=\"wp-block-heading has-text-align-center\">Wat te doen op een camping <br\/><span><mark style=\"background-color:rgba(0, 0, 0, 0)\" class=\"has-inline-color has-custom-color-4-color\"> in de buurt van S\u00e8te?<\/mark><\/span><\/h1>\n\n\n\n<p class=\"has-text-align-center\" style=\"padding-top:var(--wp--preset--spacing--40);padding-right:30rem;padding-left:30rem\">Op zoek naar een uitje aan zee voor geliefden, familie of vrienden? <strong>S\u00e8te<\/strong> en <strong>de archipel van Thau<\/strong> hebben alles wat je je maar kunt wensen. Het ligt in <strong>het departement H\u00e9rault<\/strong> en is een van de <strong>mooiste vissershavens van de Middellandse Zee<\/strong>. Het heeft ook een schat aan culturele bezienswaardigheden. Als je je afvraagt wat je moet doen als je <a href=\"https:\/\/www.camping-air-marin.fr\/alentours\/\" data-type=\"page\" data-id=\"200\">de regio Languedoc-Roussillon bezoekt<\/a>, dan heeft deze atypische stad voor ieder wat wils. Tussen watersporten, natuurwandelingen, zandstranden en artistieke ontdekkingen is er geen ruimte voor verveling! Onze camping in de buurt van S\u00e8te, Finca L&#8217;Air Marin, neemt je mee op een kleurrijke ontdekkingstocht door het leven in S\u00e8te.     <\/p>\n<\/section>\n\n<section class=\"wp-block-group home-third page-two is-layout-flow wp-block-group-is-layout-flow\" style=\"margin-top:var(--wp--preset--spacing--50);margin-bottom:var(--wp--preset--spacing--50)\">\n<div class=\"wp-block-columns has-custom-color-2-background-color has-background is-layout-flex wp-container-core-columns-is-layout-e6f27d69 wp-block-columns-is-layout-flex\" style=\"padding-bottom:var(--wp--preset--spacing--30)\">\n<div class=\"wp-block-column is-layout-flow wp-block-column-is-layout-flow\" style=\"flex-basis:50%\">\n<div data-swiper=\"{&quot;speed&quot;:400,&quot;spaceBetween&quot;:15,&quot;slidesPerView&quot;:1,&quot;createElements&quot;:true,&quot;loop&quot;:true,&quot;freemode&quot;:true,&quot;navigation&quot;:{&quot;nextEl&quot;:&quot;buttonNext&quot;,&quot;prevEl&quot;:&quot;buttonPrev&quot;},&quot;breakpoints&quot;:[{&quot;slidesPerView&quot;:1}],&quot;pagination&quot;:false,&quot;parallax&quot;:true,&quot;autoplay&quot;:{&quot;delay&quot;:3500}}\" class=\"wp-block-group left gt-is-slider gt-is-slider-desktop has-global-padding is-content-justification-left is-layout-constrained wp-container-core-group-is-layout-16a8afda wp-block-group-is-layout-constrained\" style=\"padding-top:0;padding-bottom:0\">\n<figure class=\"wp-block-image size-full\"><img decoding=\"async\" width=\"1000\" height=\"700\" src=\"https:\/\/www.camping-air-marin.fr\/wp-content\/uploads\/sites\/3\/2025\/02\/visiter-le-mont-saint-clair-a-sete.jpg\" alt=\"bezoek mont saint clair in sete\" class=\"wp-image-1683\" srcset=\"https:\/\/www.camping-air-marin.fr\/wp-content\/uploads\/sites\/3\/2025\/02\/visiter-le-mont-saint-clair-a-sete.jpg 1000w, https:\/\/www.camping-air-marin.fr\/wp-content\/uploads\/sites\/3\/2025\/02\/visiter-le-mont-saint-clair-a-sete-300x210.jpg 300w, https:\/\/www.camping-air-marin.fr\/wp-content\/uploads\/sites\/3\/2025\/02\/visiter-le-mont-saint-clair-a-sete-768x538.jpg 768w\" sizes=\"(max-width: 1000px) 100vw, 1000px\" \/><figcaption class=\"wp-element-caption\">Mont SAint-Clair<\/figcaption><\/figure>\n\n\n\n<figure class=\"wp-block-image size-full has-custom-border\"><img decoding=\"async\" width=\"1000\" height=\"700\" src=\"https:\/\/www.camping-air-marin.fr\/wp-content\/uploads\/sites\/3\/2025\/02\/port-de-bouzigues-a-sete.jpg\" alt=\"haven van bouzigues in sete\" class=\"wp-image-1687\" style=\"border-bottom-left-radius:0px\" srcset=\"https:\/\/www.camping-air-marin.fr\/wp-content\/uploads\/sites\/3\/2025\/02\/port-de-bouzigues-a-sete.jpg 1000w, https:\/\/www.camping-air-marin.fr\/wp-content\/uploads\/sites\/3\/2025\/02\/port-de-bouzigues-a-sete-300x210.jpg 300w, https:\/\/www.camping-air-marin.fr\/wp-content\/uploads\/sites\/3\/2025\/02\/port-de-bouzigues-a-sete-768x538.jpg 768w\" sizes=\"(max-width: 1000px) 100vw, 1000px\" \/><figcaption class=\"wp-element-caption\">Haven van Bouzigues<\/figcaption><\/figure>\n<\/div>\n<\/div>\n\n\n\n<div class=\"wp-block-column is-layout-flow wp-block-column-is-layout-flow\" style=\"flex-basis:50%\">\n<div class=\"wp-block-group right has-link-color wp-elements-7f5eab925a55a73db21743e3466f5b77 has-global-padding is-content-justification-left is-layout-constrained wp-container-core-group-is-layout-12dd3699 wp-block-group-is-layout-constrained\">\n<div class=\"wp-block-group h2-container has-global-padding is-layout-constrained wp-block-group-is-layout-constrained\">\n<h2 class=\"wp-block-heading has-base-2-background-color has-background\" style=\"padding-top:var(--wp--preset--spacing--50);padding-bottom:var(--wp--preset--spacing--30);padding-left:var(--wp--preset--spacing--50)\"><mark style=\"background-color:rgba(0, 0, 0, 0)\" class=\"has-inline-color has-custom-color-4-color\">Ontdek<\/mark> de stad S\u00e8te vanaf de camping<\/h2>\n<\/div>\n\n\n\n<div class=\"wp-block-group bottom has-link-color wp-elements-ebe0795ac3223a19c10835e6101fa9cb has-global-padding is-layout-constrained wp-container-core-group-is-layout-18c45ae5 wp-block-group-is-layout-constrained\" style=\"padding-top:0;padding-right:15rem;padding-bottom:0;padding-left:var(--wp--preset--spacing--50)\">\n<p><strong>Sightseeing tour door een mediterrane badplaats<\/strong><\/p>\n\n\n\n<p>Maak vanaf onze <a href=\"https:\/\/www.camping-air-marin.fr\/nl\/\" data-type=\"page\" data-id=\"27\">camping in Vias<\/a> <strong>een tussenstop in S\u00e8te<\/strong> (op 30 km van <strong>camping Vias plage<\/strong>), een stad aan het water. Wandel langs de kanalen, beklim<strong> de Mont Saint Clair<\/strong> en bekijk de zee vanaf de Corniche de S\u00e8te. Van hieruit kun je genieten van een atypisch landschap van kleine zanderige baaien en transparant water dat wordt gedomineerd door kalkstenen kliffen.    <\/p>\n\n\n    <div id=\"gt-fse-lire-plus-69f47509af7ac\" class=\"gt-fse-lire-plus\" data-min-height=\"130\" style=\"background-color: #f7f4f1;\">\n        <input id=\"gt-fse-lire-plus-69f47509af7ac-toggle\" type=\"checkbox\" class=\"gt-fse-lire-plus__toggle\" \/>\n        <label for=\"gt-fse-lire-plus-69f47509af7ac-toggle\" class=\"gt-fse-lire-plus__toggle-label\">\n            <span>Meer lezen<\/span>\n            <span>Meer lezen<\/span>\n        <\/label>\n        <div class=\"gt-fse-lire-plus__content\" style=\"height: 130px;\">\n            \n\n<p>Het netwerk van kanalen heeft het de bijnaam<strong> &#8220;Veneti\u00eb van de Languedoc&#8221;<\/strong> opgeleverd, met zijn mooie bootjes en kleurrijke haven. Fietsers kunnen gebruik maken van het onlangs geopende fietspad van Marseillan naar S\u00e8te, tussen de duinen en de Middellandse Zee. Je vindt er ook de haven van Agde en onze camping bij Vias plage, een <strong>camping<\/strong> aan zee <strong>in de buurt van S\u00e8te<\/strong>.  <\/p>\n\n\n\n<p>De bijzondere geografie van S\u00e8te aan het Etang de Thau maakt deze archipel zowel wild als dynamisch. Maak een wandeling door het Bassin de Thau (op 40 km van de camping), gescheiden van de <strong>Middellandse Zee<\/strong> door een smalle kuststrook, waar je stranden, oesterbanken en watersportcentra vindt. Aan de noordkust kunt u in mooie vissersdorpjes heerlijke oesters en mosselen proeven, net als in<strong>het haventje van Bouzigues<\/strong>, een schatkamer voor fijnproevers die volledig gewijd is aan de schelpdierenteelt. Je kunt ook de nabijgelegen <a href=\"https:\/\/www.camping-air-marin.fr\/alentours\/camping-meze\/\" data-type=\"page\" data-id=\"131\">stad M\u00e8ze<\/a> ontdekken.   <\/p>\n\n            <div class=\"gt-fse-lire-plus__gradient\" style=\"background: linear-gradient(to bottom,rgba(247,244,241,0) 0%,rgba(247,244,241,1) 100%);\"><\/div>\n        <\/div>\n    <\/div>\n    <\/div>\n<\/div>\n<\/div>\n<\/div>\n\n\n\n<p class=\"h1-like\"><span>niet te missen plaatsen<\/span> <\/p>\n<\/section>\n\n<section class=\"wp-block-group home-third page-two reverse is-layout-flow wp-block-group-is-layout-flow\">\n<div class=\"wp-block-columns has-custom-color-2-background-color has-background is-layout-flex wp-container-core-columns-is-layout-e477a36d wp-block-columns-is-layout-flex\" style=\"padding-bottom:var(--wp--preset--spacing--60)\">\n<div class=\"wp-block-column is-layout-flow wp-block-column-is-layout-flow\" style=\"flex-basis:50%\">\n<div class=\"wp-block-group right has-global-padding is-content-justification-center is-layout-constrained wp-block-group-is-layout-constrained\">\n<div class=\"wp-block-group h2-container has-global-padding is-layout-constrained wp-block-group-is-layout-constrained\">\n<h2 class=\"wp-block-heading has-base-2-background-color has-background\" style=\"padding-top:var(--wp--preset--spacing--50);padding-right:var(--wp--preset--spacing--10);padding-bottom:var(--wp--preset--spacing--40);padding-left:var(--wp--preset--spacing--50)\"><mark style=\"background-color:rgba(0, 0, 0, 0)\" class=\"has-inline-color has-custom-color-4-color\">Wat te zien en te doen<\/mark> in S\u00e8te<\/h2>\n<\/div>\n\n\n\n<div class=\"wp-block-group bottom has-link-color wp-elements-a50371949381d9c5d08656355b3989f8 has-global-padding is-layout-constrained wp-container-core-group-is-layout-a796f9df wp-block-group-is-layout-constrained\" style=\"padding-top:0;padding-right:10rem;padding-bottom:0;padding-left:var(--wp--preset--spacing--50)\">\n<p>Geniet vanaf de hoogte of op het water van de warme, maritieme sfeer van de stad S\u00e8te. Mis tijdens je bezoek niet <strong>de must-see plaatsen en activiteiten<\/strong> om van te genieten tijdens je verblijf in S\u00e8te. <\/p>\n\n\n\n<h3 class=\"wp-block-heading has-large-font-size\" style=\"font-style:normal;font-weight:100\">Bezienswaardigheden <mark style=\"background-color:rgba(0, 0, 0, 0)\" class=\"has-inline-color has-custom-color-4-color\">bezoeken<\/mark> <\/h3>\n\n\n\n<details class=\"gt-fse-faq wp-block-gt-gt-fse-faq\" data-wp-interactive=\"gt-fse-faq\" data-wp-context='{ \"isOpen\": false }'>\n\t<summary aria-expanded=\"false\" class=\"gt-fse-faq-summary\" data-wp-on--click=\"actions.toggle\" data-wp-bind--aria-expanded=\"context.isOpen\">\n\t\t<div class=\"gt-fse-faq-summary-text\"><strong>Mont Saint Clair<\/strong>:<\/div>\n\t\t<span class=\"gt-fse-faq-opener\"><\/span>\n\t<\/summary>\n\t<div class=\"gt-fse-faq-content\">\n\t\t\n\n<p>  Beklim deze heuvel op 175 meter boven zeeniveau, met uitzicht op het stadscentrum en de kustlijn, en je kunt genieten van prachtige panoramische uitzichten over S\u00e8te en de omgeving.<\/p>\n\n\t<\/div>\n<\/details>\n\n\n<details class=\"gt-fse-faq wp-block-gt-gt-fse-faq\" data-wp-interactive=\"gt-fse-faq\" data-wp-context='{ \"isOpen\": false }'>\n\t<summary aria-expanded=\"false\" class=\"gt-fse-faq-summary\" data-wp-on--click=\"actions.toggle\" data-wp-bind--aria-expanded=\"context.isOpen\">\n\t\t<div class=\"gt-fse-faq-summary-text\"><strong>Le Phare Saint-Louis<\/strong>:<\/div>\n\t\t<span class=\"gt-fse-faq-opener\"><\/span>\n\t<\/summary>\n\t<div class=\"gt-fse-faq-content\">\n\t\t\n\n<p>Maak een wandeling langs de M\u00f4le Saint-Louis, waar je deze voormalige vuurtoren bij de ingang van de haven ontdekt. Nu open voor bezoekers, kun je genieten van een adembenemend uitzicht vanaf de belved\u00e8re. <\/p>\n\n\t<\/div>\n<\/details>\n\n\n<details class=\"gt-fse-faq wp-block-gt-gt-fse-faq\" data-wp-interactive=\"gt-fse-faq\" data-wp-context='{ \"isOpen\": false }'>\n\t<summary aria-expanded=\"false\" class=\"gt-fse-faq-summary\" data-wp-on--click=\"actions.toggle\" data-wp-bind--aria-expanded=\"context.isOpen\">\n\t\t<div class=\"gt-fse-faq-summary-text\"><strong>De begraafplaats van Marin <\/strong>:<\/div>\n\t\t<span class=\"gt-fse-faq-opener\"><\/span>\n\t<\/summary>\n\t<div class=\"gt-fse-faq-content\">\n\t\t\n\n<p>Deze gedenkplaats is de rustplaats van veel overleden arbeiders van de m\u00f4le saint Louis, evenals de beroemde schrijver Paul Val\u00e9ry. Deze op een heuvel gelegen begraafplaats heeft prachtige graven en een subliem uitzicht op de zee. <\/p>\n\n\t<\/div>\n<\/details>\n\n\n<details class=\"gt-fse-faq wp-block-gt-gt-fse-faq\" data-wp-interactive=\"gt-fse-faq\" data-wp-context='{ \"isOpen\": false }'>\n\t<summary aria-expanded=\"false\" class=\"gt-fse-faq-summary\" data-wp-on--click=\"actions.toggle\" data-wp-bind--aria-expanded=\"context.isOpen\">\n\t\t<div class=\"gt-fse-faq-summary-text\"><strong>Museum Paul Val\u00e9ry<\/strong>:<\/div>\n\t\t<span class=\"gt-fse-faq-opener\"><\/span>\n\t<\/summary>\n\t<div class=\"gt-fse-faq-content\">\n\t\t\n\n<p>Beklim deze heuvel op 175 meter hoogte en alle liefhebbers van culturele werken zullen verrukt zijn over de rijkdom aan schilderijen, beeldhouwwerken en lezingen in dit ongelooflijke museum voor schone kunsten dat een eerbetoon is aan de dichter en schrijver met dezelfde naam.<\/p>\n\n\t<\/div>\n<\/details>\n\n\n<details class=\"gt-fse-faq wp-block-gt-gt-fse-faq\" data-wp-interactive=\"gt-fse-faq\" data-wp-context='{ \"isOpen\": false }'>\n\t<summary aria-expanded=\"false\" class=\"gt-fse-faq-summary\" data-wp-on--click=\"actions.toggle\" data-wp-bind--aria-expanded=\"context.isOpen\">\n\t\t<div class=\"gt-fse-faq-summary-text\"><strong>Brassens :<\/strong><\/div>\n\t\t<span class=\"gt-fse-faq-opener\"><\/span>\n\t<\/summary>\n\t<div class=\"gt-fse-faq-content\">\n\t\t\n\n<p>Dit museum voor hedendaagse kunst is het andere culturele mekka van S\u00e8te en toont een reeks beeld- en geluidstechnieken gebaseerd op het werk van singer-songwriter George Brassens.<\/p>\n\n\t<\/div>\n<\/details><\/div>\n<\/div>\n<\/div>\n\n\n\n<div class=\"wp-block-column is-layout-flow wp-block-column-is-layout-flow\" style=\"flex-basis:50%\">\n<div data-swiper=\"{&quot;speed&quot;:400,&quot;spaceBetween&quot;:15,&quot;slidesPerView&quot;:1,&quot;createElements&quot;:true,&quot;loop&quot;:true,&quot;freemode&quot;:true,&quot;navigation&quot;:{&quot;nextEl&quot;:&quot;buttonNext&quot;,&quot;prevEl&quot;:&quot;buttonPrev&quot;},&quot;breakpoints&quot;:[{&quot;slidesPerView&quot;:1}],&quot;pagination&quot;:false,&quot;parallax&quot;:true,&quot;autoplay&quot;:{&quot;delay&quot;:3500}}\" class=\"wp-block-group left gt-is-slider gt-is-slider-desktop has-global-padding is-content-justification-left is-layout-constrained wp-container-core-group-is-layout-16a8afda wp-block-group-is-layout-constrained\" style=\"padding-top:0;padding-bottom:0\">\n<figure class=\"wp-block-image size-full has-custom-border\"><img decoding=\"async\" width=\"1000\" height=\"700\" src=\"https:\/\/www.camping-air-marin.fr\/wp-content\/uploads\/sites\/3\/2025\/02\/phare-saint-louis-a-sete.jpg\" alt=\"vuurtoren van saint louis in sete\" class=\"wp-image-1693\" style=\"border-bottom-left-radius:150px;object-fit:cover\" srcset=\"https:\/\/www.camping-air-marin.fr\/wp-content\/uploads\/sites\/3\/2025\/02\/phare-saint-louis-a-sete.jpg 1000w, https:\/\/www.camping-air-marin.fr\/wp-content\/uploads\/sites\/3\/2025\/02\/phare-saint-louis-a-sete-300x210.jpg 300w, https:\/\/www.camping-air-marin.fr\/wp-content\/uploads\/sites\/3\/2025\/02\/phare-saint-louis-a-sete-768x538.jpg 768w\" sizes=\"(max-width: 1000px) 100vw, 1000px\" \/><figcaption class=\"wp-element-caption\">Vuurtoren Saint-Louis<\/figcaption><\/figure>\n\n\n\n<figure class=\"wp-block-image size-full has-custom-border\"><img decoding=\"async\" width=\"1000\" height=\"700\" src=\"https:\/\/www.camping-air-marin.fr\/wp-content\/uploads\/sites\/3\/2025\/02\/espace-brassens-a-sete.jpg\" alt=\"ruimte brassens in sete\" class=\"wp-image-1704\" style=\"border-bottom-left-radius:150px;object-fit:cover\" srcset=\"https:\/\/www.camping-air-marin.fr\/wp-content\/uploads\/sites\/3\/2025\/02\/espace-brassens-a-sete.jpg 1000w, https:\/\/www.camping-air-marin.fr\/wp-content\/uploads\/sites\/3\/2025\/02\/espace-brassens-a-sete-300x210.jpg 300w, https:\/\/www.camping-air-marin.fr\/wp-content\/uploads\/sites\/3\/2025\/02\/espace-brassens-a-sete-768x538.jpg 768w\" sizes=\"(max-width: 1000px) 100vw, 1000px\" \/><figcaption class=\"wp-element-caption\">Brasserie<\/figcaption><\/figure>\n<\/div>\n<\/div>\n<\/div>\n\n\n\n<div class=\"wp-block-columns has-custom-color-2-background-color has-background is-layout-flex wp-container-core-columns-is-layout-616294e8 wp-block-columns-is-layout-flex\" style=\"margin-top:0px;padding-top:0\">\n<div class=\"wp-block-column is-layout-flow wp-block-column-is-layout-flow\" style=\"flex-basis:50%\">\n<div data-swiper=\"{&quot;speed&quot;:400,&quot;spaceBetween&quot;:15,&quot;slidesPerView&quot;:1,&quot;createElements&quot;:true,&quot;loop&quot;:true,&quot;freemode&quot;:true,&quot;navigation&quot;:{&quot;nextEl&quot;:&quot;buttonNext&quot;,&quot;prevEl&quot;:&quot;buttonPrev&quot;},&quot;breakpoints&quot;:[{&quot;slidesPerView&quot;:1}],&quot;pagination&quot;:false,&quot;parallax&quot;:true,&quot;autoplay&quot;:{&quot;delay&quot;:3500}}\" class=\"wp-block-group left gt-is-slider gt-is-slider-desktop has-global-padding is-content-justification-center is-layout-constrained wp-block-group-is-layout-constrained\" style=\"padding-top:0;padding-bottom:0\">\n<figure class=\"wp-block-image size-full has-custom-border\"><img decoding=\"async\" width=\"1000\" height=\"700\" src=\"https:\/\/www.camping-air-marin.fr\/wp-content\/uploads\/sites\/3\/2025\/02\/archipel-setoise.jpg\" alt=\"archipel setoise\" class=\"wp-image-1716\" style=\"border-top-right-radius:150px\" srcset=\"https:\/\/www.camping-air-marin.fr\/wp-content\/uploads\/sites\/3\/2025\/02\/archipel-setoise.jpg 1000w, https:\/\/www.camping-air-marin.fr\/wp-content\/uploads\/sites\/3\/2025\/02\/archipel-setoise-300x210.jpg 300w, https:\/\/www.camping-air-marin.fr\/wp-content\/uploads\/sites\/3\/2025\/02\/archipel-setoise-768x538.jpg 768w\" sizes=\"(max-width: 1000px) 100vw, 1000px\" \/><figcaption class=\"wp-element-caption\">Archipel van S\u00e8te<\/figcaption><\/figure>\n\n\n\n<figure class=\"wp-block-image size-full has-custom-border\"><img decoding=\"async\" width=\"1000\" height=\"700\" src=\"https:\/\/www.camping-air-marin.fr\/wp-content\/uploads\/sites\/3\/2025\/02\/tielle-setoise.jpg\" alt=\"tielle setoise\" class=\"wp-image-1708\" style=\"border-top-right-radius:150px;aspect-ratio:4\/3;object-fit:cover\" srcset=\"https:\/\/www.camping-air-marin.fr\/wp-content\/uploads\/sites\/3\/2025\/02\/tielle-setoise.jpg 1000w, https:\/\/www.camping-air-marin.fr\/wp-content\/uploads\/sites\/3\/2025\/02\/tielle-setoise-300x210.jpg 300w, https:\/\/www.camping-air-marin.fr\/wp-content\/uploads\/sites\/3\/2025\/02\/tielle-setoise-768x538.jpg 768w\" sizes=\"(max-width: 1000px) 100vw, 1000px\" \/><figcaption class=\"wp-element-caption\">Stokvissen<\/figcaption><\/figure>\n<\/div>\n<\/div>\n\n\n\n<div class=\"wp-block-column is-vertically-aligned-center is-layout-flow wp-block-column-is-layout-flow\" style=\"flex-basis:50%\">\n<div class=\"wp-block-group right has-link-color wp-elements-8c3191836e2ce5973f0e0bf00152cebc has-global-padding is-content-justification-left is-layout-constrained wp-container-core-group-is-layout-12dd3699 wp-block-group-is-layout-constrained\">\n<div class=\"wp-block-group h2-container has-global-padding is-layout-constrained wp-block-group-is-layout-constrained\">\n<h3 class=\"wp-block-heading has-link-color has-large-font-size wp-elements-ac6ab276ff94580baaad08b759e378a7\" style=\"padding-top:var(--wp--preset--spacing--50);padding-right:var(--wp--preset--spacing--10);padding-bottom:0;padding-left:var(--wp--preset--spacing--50);font-style:normal;font-weight:100\"><mark style=\"background-color:rgba(0, 0, 0, 0)\" class=\"has-inline-color has-custom-color-4-color\">Profiteren van<\/mark> S\u00e9tois-activiteiten<\/h3>\n<\/div>\n\n\n\n<div class=\"wp-block-group bottom has-link-color wp-elements-1878703d1ea57c56d12270e431e4d552 has-global-padding is-layout-constrained wp-container-core-group-is-layout-a796f9df wp-block-group-is-layout-constrained\" style=\"padding-top:0;padding-right:10rem;padding-bottom:0;padding-left:var(--wp--preset--spacing--50)\">\n<p>Zoals in alle mediterrane steden zijn markten een traditie die je niet mag missen als je <strong>de plaatselijke gastronomie wilt ontdekken<\/strong>. Ga naar de markt om de specialiteiten van S\u00e8te te proeven, zoals<strong> tielle<\/strong> en andere zoete taarten.   <\/p>\n\n\n\n<p>Het is ook een gelegenheid om te genieten van gerechten met een maritiem tintje en zeevruchten in de vele restaurants in de haven. Les <strong>Halles de S\u00e8te<\/strong> is de perfecte plek om boodschappen te doen en ter plekke te eten wat je vindt. <\/p>\n\n\n    <div id=\"gt-fse-lire-plus-69f47509b0c6a\" class=\"gt-fse-lire-plus\" data-min-height=\"130\" style=\"background-color: #f7f4f1;\">\n        <input id=\"gt-fse-lire-plus-69f47509b0c6a-toggle\" type=\"checkbox\" class=\"gt-fse-lire-plus__toggle\" \/>\n        <label for=\"gt-fse-lire-plus-69f47509b0c6a-toggle\" class=\"gt-fse-lire-plus__toggle-label\">\n            <span>Meer lezen<\/span>\n            <span>Meer lezen<\/span>\n        <\/label>\n        <div class=\"gt-fse-lire-plus__content\" style=\"height: 130px;\">\n            \n\n<p>Profiteer van je ontsnapping naar <strong>de archipel van S\u00e8te<\/strong> om te genieten van <strong>watersporten<\/strong> zoals kajakken, paddleboarden en windsurfen. <strong>Veel stranden aan de Lido <\/strong>tussen S\u00e8te en <a href=\"https:\/\/www.camping-air-marin.fr\/alentours\/camping-marseillan\/\" data-type=\"page\" data-id=\"123\">Marseillan<\/a> verwelkomen zwemmers, wandelaars en sportievelingen.   <\/p>\n\n\n\n<p>Romantici kunnen de zonsondergang bij het vallen van de avond bewonderen terwijl ze langs de kades van de haven wandelen of een <strong>boottochtje<\/strong> maken. Er zijn ook het hele jaar door festivals en evenementen, maar vooral <strong>de nautische steekspelen<\/strong> tijdens het F\u00eate de Saint-Louis. <\/p>\n\n            <div class=\"gt-fse-lire-plus__gradient\" style=\"background: linear-gradient(to bottom,rgba(247,244,241,0) 0%,rgba(247,244,241,1) 100%);\"><\/div>\n        <\/div>\n    <\/div>\n    <\/div>\n<\/div>\n<\/div>\n<\/div>\n<\/section>\n\n<p class=\"h1-like\">Ontdek <span>s\u00e8te <\/span> <\/p>\n\n<section class=\"wp-block-group home-third page-two is-layout-flow wp-block-group-is-layout-flow\" style=\"margin-top:var(--wp--preset--spacing--50);margin-bottom:var(--wp--preset--spacing--50)\">\n<div class=\"wp-block-columns has-custom-color-2-background-color has-background is-layout-flex wp-container-core-columns-is-layout-28f84493 wp-block-columns-is-layout-flex\">\n<div class=\"wp-block-column is-layout-flow wp-block-column-is-layout-flow\" style=\"flex-basis:50%\">\n<div data-swiper=\"{&quot;speed&quot;:400,&quot;spaceBetween&quot;:15,&quot;slidesPerView&quot;:1,&quot;createElements&quot;:true,&quot;loop&quot;:true,&quot;freemode&quot;:true,&quot;navigation&quot;:{&quot;nextEl&quot;:&quot;buttonNext&quot;,&quot;prevEl&quot;:&quot;buttonPrev&quot;},&quot;breakpoints&quot;:[{&quot;slidesPerView&quot;:1}],&quot;pagination&quot;:false,&quot;parallax&quot;:true,&quot;autoplay&quot;:{&quot;delay&quot;:3500}}\" class=\"wp-block-group left gt-is-slider gt-is-slider-desktop has-global-padding is-content-justification-left is-layout-constrained wp-container-core-group-is-layout-16a8afda wp-block-group-is-layout-constrained\" style=\"padding-top:0;padding-bottom:0\">\n<figure class=\"wp-block-image size-full has-custom-border\"><img decoding=\"async\" width=\"2000\" height=\"1450\" src=\"https:\/\/www.camping-air-marin.fr\/wp-content\/uploads\/sites\/3\/2025\/02\/plage-de-meze-en-herault.jpg\" alt=\"meze strand in herault\" class=\"wp-image-904\" style=\"border-bottom-left-radius:0px\" srcset=\"https:\/\/www.camping-air-marin.fr\/wp-content\/uploads\/sites\/3\/2025\/02\/plage-de-meze-en-herault.jpg 2000w, https:\/\/www.camping-air-marin.fr\/wp-content\/uploads\/sites\/3\/2025\/02\/plage-de-meze-en-herault-300x218.jpg 300w, https:\/\/www.camping-air-marin.fr\/wp-content\/uploads\/sites\/3\/2025\/02\/plage-de-meze-en-herault-1024x742.jpg 1024w, https:\/\/www.camping-air-marin.fr\/wp-content\/uploads\/sites\/3\/2025\/02\/plage-de-meze-en-herault-768x557.jpg 768w, https:\/\/www.camping-air-marin.fr\/wp-content\/uploads\/sites\/3\/2025\/02\/plage-de-meze-en-herault-1536x1114.jpg 1536w\" sizes=\"(max-width: 2000px) 100vw, 2000px\" \/><figcaption class=\"wp-element-caption\">Strand van M\u00e8ze<\/figcaption><\/figure>\n\n\n\n<figure class=\"wp-block-image size-full has-custom-border\"><img decoding=\"async\" width=\"1000\" height=\"700\" src=\"https:\/\/www.camping-air-marin.fr\/wp-content\/uploads\/sites\/3\/2025\/02\/visiter-etang-de-thau-proche-de-marseillan.jpg\" alt=\"bezoek etang de thau bij marseillan\" class=\"wp-image-827\" style=\"border-bottom-left-radius:0px;aspect-ratio:4\/3;object-fit:cover\" srcset=\"https:\/\/www.camping-air-marin.fr\/wp-content\/uploads\/sites\/3\/2025\/02\/visiter-etang-de-thau-proche-de-marseillan.jpg 1000w, https:\/\/www.camping-air-marin.fr\/wp-content\/uploads\/sites\/3\/2025\/02\/visiter-etang-de-thau-proche-de-marseillan-300x210.jpg 300w, https:\/\/www.camping-air-marin.fr\/wp-content\/uploads\/sites\/3\/2025\/02\/visiter-etang-de-thau-proche-de-marseillan-768x538.jpg 768w\" sizes=\"(max-width: 1000px) 100vw, 1000px\" \/><figcaption class=\"wp-element-caption\">Lagune van Thau<\/figcaption><\/figure>\n<\/div>\n<\/div>\n\n\n\n<div class=\"wp-block-column is-layout-flow wp-block-column-is-layout-flow\" style=\"flex-basis:50%\">\n<div class=\"wp-block-group right has-link-color wp-elements-302cbfa14c482f3edaac3141f91070d5 has-global-padding is-content-justification-left is-layout-constrained wp-container-core-group-is-layout-12dd3699 wp-block-group-is-layout-constrained\">\n<div class=\"wp-block-group h2-container has-global-padding is-layout-constrained wp-block-group-is-layout-constrained\">\n<h2 class=\"wp-block-heading has-base-2-background-color has-background\" style=\"padding-top:var(--wp--preset--spacing--50);padding-bottom:var(--wp--preset--spacing--30);padding-left:var(--wp--preset--spacing--50)\"><mark style=\"background-color:rgba(0, 0, 0, 0)\" class=\"has-inline-color has-custom-color-4-color\">De omgeving van<\/mark> S\u00e8te in H\u00e9rault <mark style=\"background-color:rgba(0, 0, 0, 0)\" class=\"has-inline-color has-custom-color-4-color\">verkennen<\/mark> <\/h2>\n<\/div>\n\n\n\n<div class=\"wp-block-group bottom has-link-color wp-elements-c11ddb8dc317ddbb193a97b915bfcc37 has-global-padding is-layout-constrained wp-container-core-group-is-layout-18c45ae5 wp-block-group-is-layout-constrained\" style=\"padding-top:0;padding-right:15rem;padding-bottom:0;padding-left:var(--wp--preset--spacing--50)\">\n<p>De gemeente S\u00e8te ligt aan <strong>de kust van Languedoc-Roussillon<\/strong> tussen twee natuurlijke wateren. Het vormt een toegangspoort tot de Middellandse Zee op een daarvan: het Bassin van Thau, een waar juweel dat zich uitstrekt tot Marseillan. <\/p>\n\n\n\n<p><strong>Het Etang de Thau Marseillan<\/strong> is een van de belangrijkste natuurreservaten van Frankrijk en de thuisbasis van vele soorten planten en dieren, waaronder roze flamingo&#8217;s, pelikanen, aalscholvers en meeuwen.  <\/p>\n\n\n    <div id=\"gt-fse-lire-plus-69f47509b13c9\" class=\"gt-fse-lire-plus\" data-min-height=\"130\" style=\"background-color: #f7f4f1;\">\n        <input id=\"gt-fse-lire-plus-69f47509b13c9-toggle\" type=\"checkbox\" class=\"gt-fse-lire-plus__toggle\" \/>\n        <label for=\"gt-fse-lire-plus-69f47509b13c9-toggle\" class=\"gt-fse-lire-plus__toggle-label\">\n            <span>Meer lezen<\/span>\n            <span>Meer lezen<\/span>\n        <\/label>\n        <div class=\"gt-fse-lire-plus__content\" style=\"height: 130px;\">\n            \n\n<p>Bezoekers kunnen eromheen fietsen op de fietspaden die erlangs lopen, genieten van een wateractiviteit in het water om de onderwaterflora te ontdekken, of een zonnige boottocht maken. Het is een ideale plek voor een dagje uit met familie of vrienden, op of aan het water.   <\/p>\n\n\n\n<p>Voor iets meer fijnproevers zijn de havendorpen <strong>M\u00e8ze<\/strong> en <strong>Bouzigues <\/strong>ideale plekken om <strong>oesters te proeven<\/strong> die direct door de oesterkwekers worden geproduceerd onder het genot van een goed glas wijn.  <\/p>\n\n\n\n<p>De kust van de H\u00e9rault is een ideale plek voor wie wil genieten van het mediterrane klimaat. Vanaf<strong> camping Finca l&#8217;Air Marin<\/strong> begeleiden we je graag naar de mooiste toeristische plekjes <strong>rond S\u00e8te <\/strong>. <\/p>\n\n\n\n<p>Je krijgt al een voorproefje van de regio door de lijst met bezienswaardigheden, waaronder het charmante <a href=\"https:\/\/www.camping-air-marin.fr\/alentours\/plages-de-vias\/\" data-type=\"page\" data-id=\"83\">dorpje Vias-Plage<\/a>, de beroemde <a href=\"https:\/\/www.camping-air-marin.fr\/alentours\/cap-dagde-agde-grau-dagde\/\" data-type=\"page\" data-id=\"99\">Cap d&#8217;Agde<\/a> en de historische stad <a href=\"https:\/\/www.camping-air-marin.fr\/alentours\/narbonne\/\" data-type=\"page\" data-id=\"111\">Narbonne<\/a>.<\/p>\n\n            <div class=\"gt-fse-lire-plus__gradient\" style=\"background: linear-gradient(to bottom,rgba(247,244,241,0) 0%,rgba(247,244,241,1) 100%);\"><\/div>\n        <\/div>\n    <\/div>\n    <\/div>\n<\/div>\n<\/div>\n<\/div>\n<\/section>\n\n<section class=\"wp-block-group page-one has-link-color wp-elements-e6b0b7070bd9ec5bed211b0e5c118b8a is-layout-flow wp-block-group-is-layout-flow\" style=\"margin-top:var(--wp--preset--spacing--60);margin-bottom:var(--wp--preset--spacing--40)\">\n<div class=\"wp-block-group h2-container has-global-padding is-content-justification-center is-layout-constrained wp-block-group-is-layout-constrained\">\n<h2 class=\"wp-block-heading has-text-align-center\"><mark style=\"background-color:rgba(0, 0, 0, 0)\" class=\"has-inline-color has-custom-color-4-color\"><span>Huur een accommodatie aan zee<\/span><br\/><\/mark> op een camping bij S\u00e8te<\/h2>\n<\/div>\n\n\n\n<div data-swiper=\"{&quot;speed&quot;:400,&quot;spaceBetween&quot;:30,&quot;slidesPerView&quot;:2,&quot;loop&quot;:true,&quot;breakpoints&quot;:{&quot;0&quot;:{&quot;slidesPerView&quot;:1,&quot;centeredSlides&quot;:true},&quot;380&quot;:{&quot;slidesPerView&quot;:2,&quot;centeredSlides&quot;:true}},&quot;navigation&quot;:{&quot;nextEl&quot;:&quot;buttonNext&quot;,&quot;prevEl&quot;:&quot;buttonPrev&quot;},&quot;pagination&quot;:false,&quot;centeredSlides&quot;:true,&quot;parallax&quot;:true,&quot;autoplay&quot;:{&quot;delay&quot;:3500}}\" class=\"wp-block-group slider-container gt-is-slider gt-is-slider-desktop is-layout-flow wp-block-group-is-layout-flow\">\n<div data-swiper=\"{&quot;speed&quot;:1000,&quot;autoplay&quot;:{&quot;delay&quot;:5000,&quot;disableOnInteraction&quot;:false},&quot;spaceBetween&quot;:0,&quot;slidesPerView&quot;:1,&quot;pagination&quot;:{&quot;el&quot;:&quot;.swiper-pagination&quot;,&quot;dynamicBullets&quot;:true,&quot;clickable&quot;:true,&quot;type&quot;:&quot;bullets&quot;},&quot;navigation&quot;:{&quot;nextEl&quot;:&quot;.swiper-button-next&quot;,&quot;prevEl&quot;:&quot;.swiper-button-prev&quot;},&quot;breakpoints&quot;:[{&quot;slidesPerView&quot;:1}]}\" class=\"wp-block-cover is-light has-custom-content-position is-position-bottom-center\" style=\"border-top-right-radius:150px;min-height:700px;aspect-ratio:unset;\"><span aria-hidden=\"true\" class=\"wp-block-cover__background has-background-dim-0 has-background-dim\" style=\"background-color:#9aa16e\"><\/span><img decoding=\"async\" width=\"1000\" height=\"700\" class=\"wp-block-cover__image-background wp-image-1270\" alt=\"camping quatre etoiles a vias\" src=\"https:\/\/www.camping-air-marin.fr\/wp-content\/uploads\/sites\/3\/2025\/02\/camping-quatre-etoiles-a-vias.jpg\" data-object-fit=\"cover\" srcset=\"https:\/\/www.camping-air-marin.fr\/wp-content\/uploads\/sites\/3\/2025\/02\/camping-quatre-etoiles-a-vias.jpg 1000w, https:\/\/www.camping-air-marin.fr\/wp-content\/uploads\/sites\/3\/2025\/02\/camping-quatre-etoiles-a-vias-300x210.jpg 300w, https:\/\/www.camping-air-marin.fr\/wp-content\/uploads\/sites\/3\/2025\/02\/camping-quatre-etoiles-a-vias-768x538.jpg 768w\" sizes=\"(max-width: 1000px) 100vw, 1000px\" \/><div class=\"wp-block-cover__inner-container has-global-padding is-layout-constrained wp-block-cover-is-layout-constrained\">\n<p class=\"has-text-align-center has-base-2-color has-text-color has-link-color has-josefin-sans-font-family wp-elements-4c651948a3c203fb419b261bd38fcf52\" style=\"font-size:clamp(0.875rem, 0.875rem + ((1vw - 0.2rem) * 0.576), 1.3rem);letter-spacing:1px\"><\/p>\n<\/div><\/div>\n\n\n\n<div data-swiper=\"{&quot;speed&quot;:1000,&quot;autoplay&quot;:{&quot;delay&quot;:5000,&quot;disableOnInteraction&quot;:false},&quot;spaceBetween&quot;:0,&quot;slidesPerView&quot;:1,&quot;pagination&quot;:{&quot;el&quot;:&quot;.swiper-pagination&quot;,&quot;dynamicBullets&quot;:true,&quot;clickable&quot;:true,&quot;type&quot;:&quot;bullets&quot;},&quot;navigation&quot;:{&quot;nextEl&quot;:&quot;.swiper-button-next&quot;,&quot;prevEl&quot;:&quot;.swiper-button-prev&quot;},&quot;breakpoints&quot;:[{&quot;slidesPerView&quot;:1}]}\" class=\"wp-block-cover is-light has-custom-content-position is-position-bottom-center\" style=\"border-top-right-radius:150px;min-height:700px;aspect-ratio:unset;\"><span aria-hidden=\"true\" class=\"wp-block-cover__background has-background-dim-0 has-background-dim\" style=\"background-color:#819f9c\"><\/span><img decoding=\"async\" width=\"2000\" height=\"1450\" class=\"wp-block-cover__image-background wp-image-2836\" alt=\"camping avec piscine proche de beziers\" src=\"https:\/\/www.camping-air-marin.fr\/wp-content\/uploads\/sites\/3\/2025\/02\/camping-avec-piscine-proche-de-beziers.jpg\" data-object-fit=\"cover\" srcset=\"https:\/\/www.camping-air-marin.fr\/wp-content\/uploads\/sites\/3\/2025\/02\/camping-avec-piscine-proche-de-beziers.jpg 2000w, https:\/\/www.camping-air-marin.fr\/wp-content\/uploads\/sites\/3\/2025\/02\/camping-avec-piscine-proche-de-beziers-300x218.jpg 300w, https:\/\/www.camping-air-marin.fr\/wp-content\/uploads\/sites\/3\/2025\/02\/camping-avec-piscine-proche-de-beziers-1024x742.jpg 1024w, https:\/\/www.camping-air-marin.fr\/wp-content\/uploads\/sites\/3\/2025\/02\/camping-avec-piscine-proche-de-beziers-768x557.jpg 768w, https:\/\/www.camping-air-marin.fr\/wp-content\/uploads\/sites\/3\/2025\/02\/camping-avec-piscine-proche-de-beziers-1536x1114.jpg 1536w\" sizes=\"(max-width: 2000px) 100vw, 2000px\" \/><div class=\"wp-block-cover__inner-container has-global-padding is-layout-constrained wp-block-cover-is-layout-constrained\">\n<p class=\"has-text-align-center has-base-2-color has-text-color has-link-color has-josefin-sans-font-family wp-elements-4c651948a3c203fb419b261bd38fcf52\" style=\"font-size:clamp(0.875rem, 0.875rem + ((1vw - 0.2rem) * 0.576), 1.3rem);letter-spacing:1px\"><\/p>\n<\/div><\/div>\n\n\n\n<div data-swiper=\"{&quot;speed&quot;:1000,&quot;autoplay&quot;:{&quot;delay&quot;:5000,&quot;disableOnInteraction&quot;:false},&quot;spaceBetween&quot;:0,&quot;slidesPerView&quot;:1,&quot;pagination&quot;:{&quot;el&quot;:&quot;.swiper-pagination&quot;,&quot;dynamicBullets&quot;:true,&quot;clickable&quot;:true,&quot;type&quot;:&quot;bullets&quot;},&quot;navigation&quot;:{&quot;nextEl&quot;:&quot;.swiper-button-next&quot;,&quot;prevEl&quot;:&quot;.swiper-button-prev&quot;},&quot;breakpoints&quot;:[{&quot;slidesPerView&quot;:1}]}\" class=\"wp-block-cover is-light has-custom-content-position is-position-bottom-center\" style=\"border-top-right-radius:150px;min-height:700px;aspect-ratio:unset;\"><span aria-hidden=\"true\" class=\"wp-block-cover__background has-background-dim-0 has-background-dim\" style=\"background-color:#d99c70\"><\/span><img decoding=\"async\" width=\"840\" height=\"700\" class=\"wp-block-cover__image-background wp-image-6404\" alt=\"restaurant camping\" src=\"https:\/\/www.camping-air-marin.fr\/wp-content\/uploads\/sites\/3\/2025\/03\/restaurant-camping-mas-des-lavandes-serignan.jpg\" data-object-fit=\"cover\" srcset=\"https:\/\/www.camping-air-marin.fr\/wp-content\/uploads\/sites\/3\/2025\/03\/restaurant-camping-mas-des-lavandes-serignan.jpg 840w, https:\/\/www.camping-air-marin.fr\/wp-content\/uploads\/sites\/3\/2025\/03\/restaurant-camping-mas-des-lavandes-serignan-300x250.jpg 300w, https:\/\/www.camping-air-marin.fr\/wp-content\/uploads\/sites\/3\/2025\/03\/restaurant-camping-mas-des-lavandes-serignan-768x640.jpg 768w\" sizes=\"(max-width: 840px) 100vw, 840px\" \/><div class=\"wp-block-cover__inner-container has-global-padding is-layout-constrained wp-block-cover-is-layout-constrained\">\n<p class=\"has-text-align-center has-base-2-color has-text-color has-link-color has-josefin-sans-font-family wp-elements-4c651948a3c203fb419b261bd38fcf52\" style=\"font-size:clamp(0.875rem, 0.875rem + ((1vw - 0.2rem) * 0.576), 1.3rem);letter-spacing:1px\"><\/p>\n<\/div><\/div>\n\n\n\n<div data-swiper=\"{&quot;speed&quot;:1000,&quot;autoplay&quot;:{&quot;delay&quot;:5000,&quot;disableOnInteraction&quot;:false},&quot;spaceBetween&quot;:0,&quot;slidesPerView&quot;:1,&quot;pagination&quot;:{&quot;el&quot;:&quot;.swiper-pagination&quot;,&quot;dynamicBullets&quot;:true,&quot;clickable&quot;:true,&quot;type&quot;:&quot;bullets&quot;},&quot;navigation&quot;:{&quot;nextEl&quot;:&quot;.swiper-button-next&quot;,&quot;prevEl&quot;:&quot;.swiper-button-prev&quot;},&quot;breakpoints&quot;:[{&quot;slidesPerView&quot;:1}]}\" class=\"wp-block-cover has-custom-content-position is-position-bottom-center\" style=\"border-top-right-radius:150px;min-height:700px;aspect-ratio:unset;\"><span aria-hidden=\"true\" class=\"wp-block-cover__background has-background-dim-0 has-background-dim\" style=\"background-color:#6f6a6c\"><\/span><img decoding=\"async\" width=\"1000\" height=\"700\" class=\"wp-block-cover__image-background wp-image-1512\" alt=\"camping avec animations a vias\" src=\"https:\/\/www.camping-air-marin.fr\/wp-content\/uploads\/sites\/3\/2025\/02\/camping-avec-animations-a-vias.jpg\" data-object-fit=\"cover\" srcset=\"https:\/\/www.camping-air-marin.fr\/wp-content\/uploads\/sites\/3\/2025\/02\/camping-avec-animations-a-vias.jpg 1000w, https:\/\/www.camping-air-marin.fr\/wp-content\/uploads\/sites\/3\/2025\/02\/camping-avec-animations-a-vias-300x210.jpg 300w, https:\/\/www.camping-air-marin.fr\/wp-content\/uploads\/sites\/3\/2025\/02\/camping-avec-animations-a-vias-768x538.jpg 768w\" sizes=\"(max-width: 1000px) 100vw, 1000px\" \/><div class=\"wp-block-cover__inner-container has-global-padding is-layout-constrained wp-block-cover-is-layout-constrained\">\n<p class=\"has-text-align-center has-base-2-color has-text-color has-link-color has-josefin-sans-font-family wp-elements-4c651948a3c203fb419b261bd38fcf52\" style=\"font-size:clamp(0.875rem, 0.875rem + ((1vw - 0.2rem) * 0.576), 1.3rem);letter-spacing:1px\"><\/p>\n<\/div><\/div>\n<\/div>\n\n\n\n<p class=\"has-text-align-center\" style=\"padding-top:var(--wp--preset--spacing--40);padding-right:30rem;padding-left:30rem\">Kies voor een <strong>accommodatie aan zee<\/strong> voordat je deze prachtige bestemming bezoekt. Zo kun je optimaal profiteren van al het moois dat de Middellandse Zeekust te bieden heeft. Onze <strong>camping in Vias <\/strong>ligt op een steenworp afstand van de stranden en langs het Canal du Midi. Wij bieden <strong>een unieke accommodatie in de buurt van S\u00e8te <\/strong>voor een unieke ervaring. Ontdek onze <strong>voordelige familiecamping<\/strong> met Mexicaanse sfeer: een ruime keuze aan accommodaties in stacaravans of op kale grond wacht op je om het jezelf comfortabel te maken aan zee.    <\/p>\n\n\n    <div id=\"gt-fse-lire-plus-69f47509b1cfa\" class=\"gt-fse-lire-plus\" data-min-height=\"130\" style=\"background-color: #fff;\">\n        <input id=\"gt-fse-lire-plus-69f47509b1cfa-toggle\" type=\"checkbox\" class=\"gt-fse-lire-plus__toggle\" \/>\n        <label for=\"gt-fse-lire-plus-69f47509b1cfa-toggle\" class=\"gt-fse-lire-plus__toggle-label\">\n            <span>Meer lezen<\/span>\n            <span>Meer lezen<\/span>\n        <\/label>\n        <div class=\"gt-fse-lire-plus__content\" style=\"height: 130px;\">\n            \n\n<p class=\"has-text-align-center\" style=\"padding-top:var(--wp--preset--spacing--40);padding-right:30rem;padding-left:30rem\">Onze <a href=\"https:\/\/www.camping-air-marin.fr\/location-emplacements-vias\/\" data-type=\"page\" data-id=\"75\">kampeerplaatsen in Vias<\/a> zijn ruim, omringd door palmbomen en voorzien van elektrische aansluitingen. Ideaal voor wie op zoek is naar een <strong>camping in S\u00e8te voor campers<\/strong> met een andere omgeving! Voor nog meer comfort zijn onze <a href=\"https:\/\/www.camping-air-marin.fr\/location-mobil-homes-vias\/\" data-type=\"page\" data-id=\"71\">stacaravans en chalets in Vias<\/a> kleurrijk. Deze <strong>kunnen worden aangepast aan uw wensen en uw budget<\/strong>. Dankzij onze bevoorrechte ligging aan de kust van de Languedoc kunt u optimaal genieten van de zuidelijke zon onder onze beschutte terrassen, terwijl de activiteiten en animaties op het hele gezin wachten. De kleintjes kunnen een duik nemen in onze camping Vias met <a href=\"https:\/\/www.camping-air-marin.fr\/camping-parc-aquatique-vias\/\" data-type=\"page\" data-id=\"51\">waterpark<\/a> en overdekt zwembad. De groteren kunnen ontspannen in het solarium met een drankje in de hand. Wanneer je op <strong>onze camping in de buurt van S\u00e8te<\/strong> verblijft, liggen er genoeg verrassingen in het verschiet. Wij garanderen dat je een <strong>geweldige<\/strong> tijd zult hebben in Zuid-Frankrijk!        <\/p>\n\n            <div class=\"gt-fse-lire-plus__gradient\" style=\"background: linear-gradient(to bottom,rgba(255,255,255,0) 0%,rgba(255,255,255,1) 100%);\"><\/div>\n        <\/div>\n    <\/div>\n    <\/section>\n\n<section class=\"wp-block-group alignfull home-intro home-fifth page-three has-custom-color-2-background-color has-background is-layout-flow wp-block-group-is-layout-flow\" style=\"margin-top:0;margin-bottom:0;padding-bottom:var(--wp--preset--spacing--60)\">\n<div class=\"wp-block-group is-layout-flow wp-block-group-is-layout-flow\" style=\"padding-top:4rem\">\n<div data-swiper=\"{&quot;speed&quot;:1000,&quot;autoplay&quot;:{&quot;delay&quot;:5000,&quot;disableOnInteraction&quot;:false},&quot;spaceBetween&quot;:0,&quot;slidesPerView&quot;:1,&quot;pagination&quot;:{&quot;el&quot;:&quot;.swiper-pagination&quot;,&quot;dynamicBullets&quot;:true,&quot;clickable&quot;:true,&quot;type&quot;:&quot;bullets&quot;},&quot;navigation&quot;:{&quot;nextEl&quot;:&quot;.swiper-button-next&quot;,&quot;prevEl&quot;:&quot;.swiper-button-prev&quot;},&quot;breakpoints&quot;:[{&quot;slidesPerView&quot;:1}]}\" class=\"wp-block-cover has-custom-content-position is-position-top-center\" style=\"min-height:800px;aspect-ratio:unset;\"><span aria-hidden=\"true\" class=\"wp-block-cover__background has-background-dim-100 has-background-dim wp-block-cover__gradient-background has-background-gradient\" style=\"background:linear-gradient(180deg,rgb(247,244,241) 16%,rgba(247,245,242,0.91) 31%,rgba(247,245,242,0.44) 49%)\"><\/span><img decoding=\"async\" width=\"1024\" height=\"640\" class=\"wp-block-cover__image-background wp-image-1101\" alt=\"tourisme sete\" src=\"https:\/\/www.camping-air-marin.fr\/wp-content\/uploads\/sites\/3\/2025\/02\/tourisme-sete.jpg\" data-object-fit=\"cover\" srcset=\"https:\/\/www.camping-air-marin.fr\/wp-content\/uploads\/sites\/3\/2025\/02\/tourisme-sete.jpg 1024w, https:\/\/www.camping-air-marin.fr\/wp-content\/uploads\/sites\/3\/2025\/02\/tourisme-sete-300x188.jpg 300w, https:\/\/www.camping-air-marin.fr\/wp-content\/uploads\/sites\/3\/2025\/02\/tourisme-sete-768x480.jpg 768w\" sizes=\"(max-width: 1024px) 100vw, 1024px\" \/><div class=\"wp-block-cover__inner-container has-global-padding is-layout-constrained wp-block-cover-is-layout-constrained\">\n<div class=\"wp-block-group h2-container has-global-padding is-layout-constrained wp-block-group-is-layout-constrained\">\n<p class=\"has-text-align-center has-josefin-sans-font-family\" style=\"margin-top:8rem;margin-bottom:0px;font-size:clamp(1.743rem, 1.743rem + ((1vw - 0.2rem) * 1.704), 3rem);line-height:1.2\"><strong>Ontdek<\/strong><\/p>\n\n\n\n<p class=\"has-text-align-center has-josefin-sans-font-family\" style=\"margin-top:0rem;font-size:clamp(3.35rem, 3.35rem + ((1vw - 0.2rem) * 4.678), 6.8rem);line-height:1.2\"><strong><mark style=\"background-color:rgba(0, 0, 0, 0)\" class=\"has-inline-color has-custom-color-4-color\">de omgeving<\/mark><\/strong><\/p>\n<\/div>\n<\/div><\/div>\n\n\n\n<div class=\"wp-block-columns middle is-layout-flex wp-container-core-columns-is-layout-a92e52df wp-block-columns-is-layout-flex\" style=\"padding-top:0rem;padding-right:22rem;padding-left:22rem\">\n<div class=\"wp-block-column is-layout-flow wp-block-column-is-layout-flow\"><a href=\"https:\/\/www.camping-air-marin.fr\/nl\/omgeving\/kamperen-marseillan\/\"    class=\"aligncenter campsite-item wp-block-tiptip-hyperlink-group-block\" >\n<div data-swiper=\"{&quot;speed&quot;:1000,&quot;autoplay&quot;:{&quot;delay&quot;:5000,&quot;disableOnInteraction&quot;:false},&quot;spaceBetween&quot;:0,&quot;slidesPerView&quot;:1,&quot;pagination&quot;:{&quot;el&quot;:&quot;.swiper-pagination&quot;,&quot;dynamicBullets&quot;:true,&quot;clickable&quot;:true,&quot;type&quot;:&quot;bullets&quot;},&quot;navigation&quot;:{&quot;nextEl&quot;:&quot;.swiper-button-next&quot;,&quot;prevEl&quot;:&quot;.swiper-button-prev&quot;},&quot;breakpoints&quot;:[{&quot;slidesPerView&quot;:1}]}\" class=\"wp-block-cover is-light banner-campsite\" style=\"border-top-left-radius:200px;border-top-right-radius:200px;border-bottom-right-radius:200px;padding-right:var(--wp--preset--spacing--10);padding-left:var(--wp--preset--spacing--10);min-height:550px;aspect-ratio:unset;\"><span aria-hidden=\"true\" class=\"wp-block-cover__background has-custom-color-4-background-color has-background-dim-0 has-background-dim\"><\/span><img decoding=\"async\" width=\"2000\" height=\"1450\" class=\"wp-block-cover__image-background wp-image-854\" alt=\"camping proche de marseillan\" src=\"https:\/\/www.camping-air-marin.fr\/wp-content\/uploads\/sites\/3\/2025\/02\/camping-proche-de-marseillan.jpg\" data-object-fit=\"cover\" srcset=\"https:\/\/www.camping-air-marin.fr\/wp-content\/uploads\/sites\/3\/2025\/02\/camping-proche-de-marseillan.jpg 2000w, https:\/\/www.camping-air-marin.fr\/wp-content\/uploads\/sites\/3\/2025\/02\/camping-proche-de-marseillan-300x218.jpg 300w, https:\/\/www.camping-air-marin.fr\/wp-content\/uploads\/sites\/3\/2025\/02\/camping-proche-de-marseillan-1024x742.jpg 1024w, https:\/\/www.camping-air-marin.fr\/wp-content\/uploads\/sites\/3\/2025\/02\/camping-proche-de-marseillan-768x557.jpg 768w, https:\/\/www.camping-air-marin.fr\/wp-content\/uploads\/sites\/3\/2025\/02\/camping-proche-de-marseillan-1536x1114.jpg 1536w\" sizes=\"(max-width: 2000px) 100vw, 2000px\" \/><div class=\"wp-block-cover__inner-container has-global-padding is-layout-constrained wp-container-core-cover-is-layout-b13d32f8 wp-block-cover-is-layout-constrained\">\n<p class=\"has-text-align-center has-base-2-color has-text-color has-link-color has-josefin-sans-font-family wp-elements-be9eb21014c77c476f8095b6fcd8c12f\" style=\"font-size:clamp(1.198rem, 1.198rem + ((1vw - 0.2rem) * 0.952), 1.9rem);font-style:normal;font-weight:400;line-height:1.2\">Marseillan<\/p>\n<\/div><\/div>\n<\/a><\/div>\n\n\n\n<div class=\"wp-block-column is-layout-flow wp-block-column-is-layout-flow\"><a href=\"https:\/\/www.camping-air-marin.fr\/nl\/omgeving\/bezoek-perpignan-languedoc\/\"    class=\"campsite-item wp-block-tiptip-hyperlink-group-block\" >\n<div data-swiper=\"{&quot;speed&quot;:1000,&quot;autoplay&quot;:{&quot;delay&quot;:5000,&quot;disableOnInteraction&quot;:false},&quot;spaceBetween&quot;:0,&quot;slidesPerView&quot;:1,&quot;pagination&quot;:{&quot;el&quot;:&quot;.swiper-pagination&quot;,&quot;dynamicBullets&quot;:true,&quot;clickable&quot;:true,&quot;type&quot;:&quot;bullets&quot;},&quot;navigation&quot;:{&quot;nextEl&quot;:&quot;.swiper-button-next&quot;,&quot;prevEl&quot;:&quot;.swiper-button-prev&quot;},&quot;breakpoints&quot;:[{&quot;slidesPerView&quot;:1}]}\" class=\"wp-block-cover is-light banner-campsite\" style=\"border-top-left-radius:200px;border-top-right-radius:198px;border-bottom-right-radius:200px;padding-right:var(--wp--preset--spacing--10);padding-left:var(--wp--preset--spacing--10);min-height:550px;aspect-ratio:unset;\"><span aria-hidden=\"true\" class=\"wp-block-cover__background has-custom-color-4-background-color has-background-dim-0 has-background-dim\"><\/span><img decoding=\"async\" width=\"400\" height=\"640\" class=\"wp-block-cover__image-background wp-image-585\" alt=\"tourisme perpignan\" src=\"https:\/\/www.camping-air-marin.fr\/wp-content\/uploads\/sites\/3\/2025\/02\/tourisme-perpignan.jpg\" data-object-fit=\"cover\" srcset=\"https:\/\/www.camping-air-marin.fr\/wp-content\/uploads\/sites\/3\/2025\/02\/tourisme-perpignan.jpg 400w, https:\/\/www.camping-air-marin.fr\/wp-content\/uploads\/sites\/3\/2025\/02\/tourisme-perpignan-188x300.jpg 188w\" sizes=\"(max-width: 400px) 100vw, 400px\" \/><div class=\"wp-block-cover__inner-container has-global-padding is-layout-constrained wp-container-core-cover-is-layout-b13d32f8 wp-block-cover-is-layout-constrained\">\n<p class=\"has-text-align-center has-base-2-color has-text-color has-link-color has-josefin-sans-font-family wp-elements-6f76617556b92da4201ff8128d3cfe28\" style=\"font-size:clamp(1.198rem, 1.198rem + ((1vw - 0.2rem) * 0.952), 1.9rem);font-style:normal;font-weight:400;line-height:1.2\">Perpignan<\/p>\n<\/div><\/div>\n<\/a><\/div>\n\n\n\n<div class=\"wp-block-column is-layout-flow wp-block-column-is-layout-flow\"><a href=\"https:\/\/www.camping-air-marin.fr\/nl\/omgeving\/toerisme-carcassonne\/\"    class=\"campsite-item wp-block-tiptip-hyperlink-group-block\" >\n<div data-swiper=\"{&quot;speed&quot;:1000,&quot;autoplay&quot;:{&quot;delay&quot;:5000,&quot;disableOnInteraction&quot;:false},&quot;spaceBetween&quot;:0,&quot;slidesPerView&quot;:1,&quot;pagination&quot;:{&quot;el&quot;:&quot;.swiper-pagination&quot;,&quot;dynamicBullets&quot;:true,&quot;clickable&quot;:true,&quot;type&quot;:&quot;bullets&quot;},&quot;navigation&quot;:{&quot;nextEl&quot;:&quot;.swiper-button-next&quot;,&quot;prevEl&quot;:&quot;.swiper-button-prev&quot;},&quot;breakpoints&quot;:[{&quot;slidesPerView&quot;:1}]}\" class=\"wp-block-cover banner-campsite\" style=\"border-top-left-radius:200px;border-top-right-radius:200px;border-bottom-right-radius:200px;padding-right:var(--wp--preset--spacing--10);padding-left:var(--wp--preset--spacing--10);min-height:550px;aspect-ratio:unset;\"><span aria-hidden=\"true\" class=\"wp-block-cover__background has-custom-color-4-background-color has-background-dim-0 has-background-dim\"><\/span><img decoding=\"async\" width=\"1000\" height=\"700\" class=\"wp-block-cover__image-background wp-image-514\" alt=\"ruelles de carcassonne\" src=\"https:\/\/www.camping-air-marin.fr\/wp-content\/uploads\/sites\/3\/2025\/02\/ruelles-de-carcassonne.jpg\" data-object-fit=\"cover\" srcset=\"https:\/\/www.camping-air-marin.fr\/wp-content\/uploads\/sites\/3\/2025\/02\/ruelles-de-carcassonne.jpg 1000w, https:\/\/www.camping-air-marin.fr\/wp-content\/uploads\/sites\/3\/2025\/02\/ruelles-de-carcassonne-300x210.jpg 300w, https:\/\/www.camping-air-marin.fr\/wp-content\/uploads\/sites\/3\/2025\/02\/ruelles-de-carcassonne-768x538.jpg 768w\" sizes=\"(max-width: 1000px) 100vw, 1000px\" \/><div class=\"wp-block-cover__inner-container has-global-padding is-layout-constrained wp-container-core-cover-is-layout-b13d32f8 wp-block-cover-is-layout-constrained\">\n<p class=\"has-text-align-center has-base-2-color has-text-color has-link-color has-josefin-sans-font-family wp-elements-0bdd71a01f85bd04e85ce990a5144f7f\" style=\"font-size:clamp(1.198rem, 1.198rem + ((1vw - 0.2rem) * 0.952), 1.9rem);line-height:1.3\">Carcassonne<\/p>\n<\/div><\/div>\n<\/a><\/div>\n<\/div>\n<\/div>\n<\/section>\n","protected":false},"excerpt":{"rendered":"<p>Wat te doen op een camping in de buurt van S\u00e8te? Op zoek naar een uitje aan zee voor geliefden, familie of vrienden? S\u00e8te en de archipel van Thau hebben alles wat je je maar kunt wensen. Het ligt in het departement H\u00e9rault en is een van de mooiste vissershavens van de Middellandse Zee. Het [&hellip;]<\/p>\n","protected":false},"author":1,"featured_media":1744,"parent":5333,"menu_order":0,"comment_status":"closed","ping_status":"closed","template":"","meta":{"_acf_changed":false,"_seopress_robots_primary_cat":"","_seopress_titles_title":"Wat te doen in S\u00e8te | Activiteiten en Excursies in S\u00e8te | Kamperen bij S\u00e8te ","_seopress_titles_desc":"Een badplaats bij uitstek met zijn haven en de archipel van Thau, bezoek de bezienswaardigheden tijdens uw verblijf op een camping in de buurt van S\u00e8te.","_seopress_robots_index":"","inline_featured_image":false,"gt_fse_maillage_image":"https:\/\/www.camping-air-marin.fr\/wp-content\/uploads\/sites\/3\/2025\/02\/tourisme-famille-a-sete.jpg","gt_fse_maillage_titre":"S\u00e8te","gt_fse_maillage_alt":"S\u00e8te","gt_fse_maillage_resume":"","footnotes":""},"categories":[],"tags":[],"class_list":["post-5290","page","type-page","status-publish","has-post-thumbnail","hentry"],"acf":[],"_links":{"self":[{"href":"https:\/\/www.camping-air-marin.fr\/nl\/wp-json\/wp\/v2\/pages\/5290","targetHints":{"allow":["GET"]}}],"collection":[{"href":"https:\/\/www.camping-air-marin.fr\/nl\/wp-json\/wp\/v2\/pages"}],"about":[{"href":"https:\/\/www.camping-air-marin.fr\/nl\/wp-json\/wp\/v2\/types\/page"}],"author":[{"embeddable":true,"href":"https:\/\/www.camping-air-marin.fr\/nl\/wp-json\/wp\/v2\/users\/1"}],"replies":[{"embeddable":true,"href":"https:\/\/www.camping-air-marin.fr\/nl\/wp-json\/wp\/v2\/comments?post=5290"}],"version-history":[{"count":6,"href":"https:\/\/www.camping-air-marin.fr\/nl\/wp-json\/wp\/v2\/pages\/5290\/revisions"}],"predecessor-version":[{"id":6511,"href":"https:\/\/www.camping-air-marin.fr\/nl\/wp-json\/wp\/v2\/pages\/5290\/revisions\/6511"}],"up":[{"embeddable":true,"href":"https:\/\/www.camping-air-marin.fr\/nl\/wp-json\/wp\/v2\/pages\/5333"}],"wp:featuredmedia":[{"embeddable":true,"href":"https:\/\/www.camping-air-marin.fr\/nl\/wp-json\/wp\/v2\/media\/1744"}],"wp:attachment":[{"href":"https:\/\/www.camping-air-marin.fr\/nl\/wp-json\/wp\/v2\/media?parent=5290"}],"wp:term":[{"taxonomy":"category","embeddable":true,"href":"https:\/\/www.camping-air-marin.fr\/nl\/wp-json\/wp\/v2\/categories?post=5290"},{"taxonomy":"post_tag","embeddable":true,"href":"https:\/\/www.camping-air-marin.fr\/nl\/wp-json\/wp\/v2\/tags?post=5290"}],"curies":[{"name":"wp","href":"https:\/\/api.w.org\/{rel}","templated":true}]}}